{"id":252033,"date":"2020-07-29T07:52:25","date_gmt":"2020-07-29T05:52:25","guid":{"rendered":"https:\/\/encours.studiottt.com\/anma21\/projects\/le-monde-block\/"},"modified":"2024-03-01T16:43:37","modified_gmt":"2024-03-01T15:43:37","slug":"le-monde-block","status":"publish","type":"project","link":"https:\/\/anma.fr\/en\/projects\/le-monde-block\/","title":{"rendered":"Ilot Le Monde"},"content":{"rendered":"<div class=\"et-l et-l--post\">\n\t\t\t<div class=\"et_builder_inner_content et_pb_gutters3\"><div id=\"fiche-projet\" class=\"et_pb_section et_pb_section_0 et_section_regular\" >\n\t\t\t\t\n\t\t\t\t\n\t\t\t\t\n\t\t\t\t\n\t\t\t\t\n\t\t\t\t\n\t\t\t\t<div class=\"et_pb_row et_pb_row_0\">\n\t\t\t\t<div class=\"et_pb_column et_pb_column_4_4 et_pb_column_0 carousel-container  et_pb_css_mix_blend_mode_passthrough et-last-child\">\n\t\t\t\t\n\t\t\t\t\n\t\t\t\t\n\t\t\t\t\n\t\t\t\t<div class=\"et_pb_with_border et_pb_module et_pb_image et_pb_image_0 carrousel-cell\">\n\t\t\t\t\n\t\t\t\t\n\t\t\t\t\n\t\t\t\t\n\t\t\t\t<span class=\"et_pb_image_wrap \"><img decoding=\"async\" width=\"1620\" height=\"1080\" src=\"https:\/\/anma.fr\/wp-content\/uploads\/2020\/07\/ANMA_Linkcity_Bat-A4-A5Ivry-sur-Seine_Epaillard-Machado_06.jpg\" alt=\"Ilot Le Monde\" title=\"ANMA_Linkcity_Bat A4 A5Ivry sur Seine_Epaillard Machado_06\" srcset=\"https:\/\/anma.fr\/wp-content\/uploads\/2020\/07\/ANMA_Linkcity_Bat-A4-A5Ivry-sur-Seine_Epaillard-Machado_06.jpg 1620w, https:\/\/anma.fr\/wp-content\/uploads\/2020\/07\/ANMA_Linkcity_Bat-A4-A5Ivry-sur-Seine_Epaillard-Machado_06-1280x853.jpg 1280w, https:\/\/anma.fr\/wp-content\/uploads\/2020\/07\/ANMA_Linkcity_Bat-A4-A5Ivry-sur-Seine_Epaillard-Machado_06-980x653.jpg 980w, https:\/\/anma.fr\/wp-content\/uploads\/2020\/07\/ANMA_Linkcity_Bat-A4-A5Ivry-sur-Seine_Epaillard-Machado_06-480x320.jpg 480w\" sizes=\"(min-width: 0px) and (max-width: 480px) 480px, (min-width: 481px) and (max-width: 980px) 980px, (min-width: 981px) and (max-width: 1280px) 1280px, (min-width: 1281px) 1620px, 100vw\" class=\"wp-image-252913\" \/><\/span>\n\t\t\t<\/div><div class=\"et_pb_module et_pb_text et_pb_text_0 carrousel-cell  et_pb_text_align_left et_pb_bg_layout_light\">\n\t\t\t\t\n\t\t\t\t\n\t\t\t\t\n\t\t\t\t\n\t\t\t\t<div class=\"et_pb_text_inner\"><h2><b>reconvert the halls <br \/><\/b>of the newspaper Le Monde<\/h2>\n<p>&nbsp;<\/p>\n<p>On the former site of the SKF factories, the project aims to transform the former printing works of the newspaper Le Monde into a plural operation of housing, activities, retail, hotel residence, student residence and car park.<\/p>\n<p>For this block, which is integrated into the ZAC developed by SADEV94, ANMA is in charge of the work of 2 of the 4 lots (lots A and C), for which it also ensures the architectural coordination. As for lots B and C, they are entrusted to the Fr\u00e9d\u00e9ric Lebard and Tolila + Gilliland agencies.<\/p><\/div>\n\t\t\t<\/div><div class=\"et_pb_with_border et_pb_module et_pb_image et_pb_image_1 carrousel-cell\">\n\t\t\t\t\n\t\t\t\t\n\t\t\t\t\n\t\t\t\t\n\t\t\t\t<span class=\"et_pb_image_wrap \"><img decoding=\"async\" width=\"1350\" height=\"1080\" src=\"https:\/\/anma.fr\/wp-content\/uploads\/2020\/07\/ANMA_Linkcity_Hotel-SergicIvry-sur-Seine_Epaillard-Machado_08.jpg\" alt=\"Ilot Le Monde\" title=\"ANMA_Linkcity_Hotel SergicIvry sur Seine_Epaillard Machado_08\" srcset=\"https:\/\/anma.fr\/wp-content\/uploads\/2020\/07\/ANMA_Linkcity_Hotel-SergicIvry-sur-Seine_Epaillard-Machado_08.jpg 1350w, https:\/\/anma.fr\/wp-content\/uploads\/2020\/07\/ANMA_Linkcity_Hotel-SergicIvry-sur-Seine_Epaillard-Machado_08-1280x1024.jpg 1280w, https:\/\/anma.fr\/wp-content\/uploads\/2020\/07\/ANMA_Linkcity_Hotel-SergicIvry-sur-Seine_Epaillard-Machado_08-980x784.jpg 980w, https:\/\/anma.fr\/wp-content\/uploads\/2020\/07\/ANMA_Linkcity_Hotel-SergicIvry-sur-Seine_Epaillard-Machado_08-480x384.jpg 480w\" sizes=\"(min-width: 0px) and (max-width: 480px) 480px, (min-width: 481px) and (max-width: 980px) 980px, (min-width: 981px) and (max-width: 1280px) 1280px, (min-width: 1281px) 1350px, 100vw\" class=\"wp-image-252911\" \/><\/span>\n\t\t\t<\/div><div class=\"et_pb_module et_pb_text et_pb_text_1 carrousel-cell  et_pb_text_align_left et_pb_bg_layout_light\">\n\t\t\t\t\n\t\t\t\t\n\t\t\t\t\n\t\t\t\t\n\t\t\t\t<div class=\"et_pb_text_inner\"><h2><b>new interior<br \/><\/b>ways<\/h2>\n<p>&nbsp;<\/p>\n<p>The settling of the buildings is consistent with the urban development studies planned by the agency, the coordinating urban planner of one of the sectors of the ZAC Ivry Confluences. The internal streets offer smooth traffic continuity which will eventually develop across the district and in particular up to the future Parc de la Confluence, to the North. The volumes are defined according to the projects planned in the immediate vicinity, such as those under development on the site of the former Total refinery in the South.<\/p><\/div>\n\t\t\t<\/div><div class=\"et_pb_with_border et_pb_module et_pb_image et_pb_image_2 carrousel-cell\">\n\t\t\t\t\n\t\t\t\t\n\t\t\t\t\n\t\t\t\t\n\t\t\t\t<span class=\"et_pb_image_wrap \"><img decoding=\"async\" width=\"1350\" height=\"1080\" src=\"https:\/\/anma.fr\/wp-content\/uploads\/2020\/07\/ANMA_Linkcity_Bat-A1-A2-A9Ivry-sur-Seine_Epaillard-Machado_05_RETOUCHE.jpg\" alt=\"the world\" title=\"ANMA_Linkcity_Bat-A1-A2-A9Ivry-sur-Seine_Epaillard-Machado_05_RETOUCHE\" srcset=\"https:\/\/anma.fr\/wp-content\/uploads\/2020\/07\/ANMA_Linkcity_Bat-A1-A2-A9Ivry-sur-Seine_Epaillard-Machado_05_RETOUCHE.jpg 1350w, https:\/\/anma.fr\/wp-content\/uploads\/2020\/07\/ANMA_Linkcity_Bat-A1-A2-A9Ivry-sur-Seine_Epaillard-Machado_05_RETOUCHE-1280x1024.jpg 1280w, https:\/\/anma.fr\/wp-content\/uploads\/2020\/07\/ANMA_Linkcity_Bat-A1-A2-A9Ivry-sur-Seine_Epaillard-Machado_05_RETOUCHE-980x784.jpg 980w, https:\/\/anma.fr\/wp-content\/uploads\/2020\/07\/ANMA_Linkcity_Bat-A1-A2-A9Ivry-sur-Seine_Epaillard-Machado_05_RETOUCHE-480x384.jpg 480w\" sizes=\"(min-width: 0px) and (max-width: 480px) 480px, (min-width: 481px) and (max-width: 980px) 980px, (min-width: 981px) and (max-width: 1280px) 1280px, (min-width: 1281px) 1350px, 100vw\" class=\"wp-image-253197\" \/><\/span>\n\t\t\t<\/div><div class=\"et_pb_module et_pb_text et_pb_text_2 carrousel-cell  et_pb_text_align_left et_pb_bg_layout_light\">\n\t\t\t\t\n\t\t\t\t\n\t\t\t\t\n\t\t\t\t\n\t\t\t\t<div class=\"et_pb_text_inner\"><h2><b>poetics<\/b>of memory<\/p>\n<\/h2>\n<p>&nbsp;<\/p>\n<p>&nbsp;<\/p>\n<p>The project has chosen to preserve and highlight the supporting structure, a concrete post-beam structure of the two halls housing the old rotary presses of the newspaper Le Monde. They will dress the heart of the block, reminding the memory of the place and its industrial past. The creation of an interior north-south pedestrian path, parallel to the structure of the preserved halls, will make it possible to discover this invisible industrial heritage which was, up to now, out of reach.<\/p><\/div>\n\t\t\t<\/div><div class=\"et_pb_with_border et_pb_module et_pb_image et_pb_image_3 carrousel-cell\">\n\t\t\t\t\n\t\t\t\t\n\t\t\t\t\n\t\t\t\t\n\t\t\t\t<span class=\"et_pb_image_wrap \"><img decoding=\"async\" width=\"1620\" height=\"1080\" src=\"https:\/\/anma.fr\/wp-content\/uploads\/2020\/07\/ANMA_Linkcity_Logistique-A8Ivry-sur-Seine_Epaillard-Machado_03.jpg\" alt=\"Ilot Le Monde\" title=\"ANMA_Linkcity_Logistics A8Ivry sur Seine_Epaillard Machado_03\" srcset=\"https:\/\/anma.fr\/wp-content\/uploads\/2020\/07\/ANMA_Linkcity_Logistique-A8Ivry-sur-Seine_Epaillard-Machado_03.jpg 1620w, https:\/\/anma.fr\/wp-content\/uploads\/2020\/07\/ANMA_Linkcity_Logistique-A8Ivry-sur-Seine_Epaillard-Machado_03-1280x853.jpg 1280w, https:\/\/anma.fr\/wp-content\/uploads\/2020\/07\/ANMA_Linkcity_Logistique-A8Ivry-sur-Seine_Epaillard-Machado_03-980x653.jpg 980w, https:\/\/anma.fr\/wp-content\/uploads\/2020\/07\/ANMA_Linkcity_Logistique-A8Ivry-sur-Seine_Epaillard-Machado_03-480x320.jpg 480w\" sizes=\"(min-width: 0px) and (max-width: 480px) 480px, (min-width: 481px) and (max-width: 980px) 980px, (min-width: 981px) and (max-width: 1280px) 1280px, (min-width: 1281px) 1620px, 100vw\" class=\"wp-image-252917\" \/><\/span>\n\t\t\t<\/div><div class=\"et_pb_module et_pb_text et_pb_text_3 carrousel-cell  et_pb_text_align_left et_pb_bg_layout_light\">\n\t\t\t\t\n\t\t\t\t\n\t\t\t\t\n\t\t\t\t\n\t\t\t\t<div class=\"et_pb_text_inner\"><h2>programmatic<b>diversity<\/b><\/h2>\n<p>&nbsp;<\/p>\n<p>The two halls will be invested with various programs. While the smallest is to accommodate, on the ground floor, the necessary spaces to operate the hotel residence &#8211; reception, breakfast room, gym &#8211; which will be largely glazed on the outside and will participate in the animation of the in-door street.<\/p>\n<p>As for he large hall, it will house the halls of buildings A4, A5 and the pooling of a large part of the bicycle parking facilities proportionate to the site&#8217;s size. On its roof at level R + 1, two small wooden pavilions attached to buildings A4 and A5 will house 4 large family dwellings, offering terraces and gardens.<\/p><\/div>\n\t\t\t<\/div><div class=\"et_pb_with_border et_pb_module et_pb_image et_pb_image_4 carrousel-cell\">\n\t\t\t\t\n\t\t\t\t\n\t\t\t\t\n\t\t\t\t\n\t\t\t\t<span class=\"et_pb_image_wrap \"><img decoding=\"async\" width=\"864\" height=\"1080\" src=\"https:\/\/anma.fr\/wp-content\/uploads\/2020\/07\/ANMA_Linkcity_Bat-A4-A5Ivry-sur-Seine_Epaillard-Machado_07.jpg\" alt=\"Ilot Le Monde\" title=\"ANMA_Linkcity_Bat A4 A5Ivry sur Seine_Epaillard Machado_07\" srcset=\"https:\/\/anma.fr\/wp-content\/uploads\/2020\/07\/ANMA_Linkcity_Bat-A4-A5Ivry-sur-Seine_Epaillard-Machado_07.jpg 864w, https:\/\/anma.fr\/wp-content\/uploads\/2020\/07\/ANMA_Linkcity_Bat-A4-A5Ivry-sur-Seine_Epaillard-Machado_07-480x600.jpg 480w\" sizes=\"(min-width: 0px) and (max-width: 480px) 480px, (min-width: 481px) 864px, 100vw\" class=\"wp-image-252919\" \/><\/span>\n\t\t\t<\/div><div class=\"et_pb_module et_pb_text et_pb_text_4 carrousel-cell  et_pb_text_align_left et_pb_bg_layout_light\">\n\t\t\t\t\n\t\t\t\t\n\t\t\t\t\n\t\t\t\t\n\t\t\t\t<div class=\"et_pb_text_inner\"><h2><strong>PROJECT<\/strong> TEAM<\/h2>\n<p>&nbsp;<\/p>\n<p><strong>PROJECT<\/strong> <strong>MANAGEMENT<br \/><\/strong>Architecte, coordinateur de l&#8217;ilot : ANMA<br \/>Associate architect: AFL, Tolila Gililland<br \/>VRD, fluides : EPDC<br \/>Fluides : Elihtis<br \/>Control office: Veritas<\/p>\n<p><strong style=\"font-size: 15px;\">RESEARCH<br \/><\/strong>Ronan Le Hyaric<br \/>Hugues Desmoineaux<br \/>Paola Volpone<\/p>\n<p><strong>CONSTRUCTION SITE<br \/><\/strong>Fran\u00e7ois Taroni<br \/>H\u00e9l\u00e8ne Forman<\/p>\n<p><strong>COMPANY<br \/><\/strong>Entreprise g\u00e9n\u00e9rale : Bouygues B\u00e2timent IDF<\/p><\/div>\n\t\t\t<\/div><div class=\"et_pb_module et_pb_text et_pb_text_5 carrousel-cell  et_pb_text_align_left et_pb_bg_layout_light\">\n\t\t\t\t\n\t\t\t\t\n\t\t\t\t\n\t\t\t\t\n\t\t\t\t<div class=\"et_pb_text_inner\"><h2><strong>TECHNICAL<\/strong> SHEET<\/h2>\n<p>&nbsp;<\/p>\n<p><strong>STATUS <\/strong>Under construction<\/p>\n<p><strong>CONTRACTOR<\/strong>Nexity, Linkcity, Polycit\u00e9s<\/p>\n<p><strong>YEAR<\/strong>2022<\/p>\n<p><strong>SURFACE <\/strong>43 300 m\u00b2 SP<\/p>\n<p> <strong> PHOTOGRAPHY <\/strong>J\u00e9r\u00f4me \u00c9paillard<\/p>\n<p><strong>VIDEO<\/strong> Marwan Harmouche<\/p>\n<p>&nbsp;<\/p>\n<p><strong>SEE MORE<br \/><\/strong><a href=\"https:\/\/anma.fr\/projets\/halle-boca\/\">Bordeaux, Halle Boca<\/a><br \/><a href=\"https:\/\/anma.fr\/projets\/ilo23\/\">Clermont-Ferrand, Ilo23<\/a><br \/><a href=\"https:\/\/anma.fr\/projets\/ilot-republique\/\">Montpellier, Ilot R\u00e9publique<\/a><\/p><\/div>\n\t\t\t<\/div>\n\t\t\t<\/div>\n\t\t\t\t\n\t\t\t\t\n\t\t\t\t\n\t\t\t\t\n\t\t\t<\/div>\n\t\t\t\t\n\t\t\t\t\n\t\t\t<\/div>\t\t<\/div>\n\t<\/div>\n\t","protected":false},"excerpt":{"rendered":"<p>reconvert the halls of the newspaper Le Monde &nbsp; On the former site of the SKF factories, the project aims to transform the former printing works of the newspaper Le Monde into a plural operation of housing, activities, retail, hotel residence, student residence and car park. For this block, which is integrated into the ZAC [&hellip;]<\/p>\n","protected":false},"author":1,"featured_media":253001,"parent":0,"comment_status":"open","ping_status":"closed","template":"","meta":{"_acf_changed":false,"_et_pb_use_builder":"on","_et_pb_old_content":"","_et_gb_content_width":"","footnotes":""},"project_category":[],"project_tag":[],"metier":[490],"ville":[511],"prog":[498],"statut":[495],"annee":[510],"intervention":[483],"class_list":["post-252033","project","type-project","status-publish","has-post-thumbnail","hentry"],"acf":{"choix_de_la_couleur_du_titre":"#000000"},"_links":{"self":[{"href":"https:\/\/anma.fr\/en\/wp-json\/wp\/v2\/project\/252033","targetHints":{"allow":["GET"]}}],"collection":[{"href":"https:\/\/anma.fr\/en\/wp-json\/wp\/v2\/project"}],"about":[{"href":"https:\/\/anma.fr\/en\/wp-json\/wp\/v2\/types\/project"}],"author":[{"embeddable":true,"href":"https:\/\/anma.fr\/en\/wp-json\/wp\/v2\/users\/1"}],"replies":[{"embeddable":true,"href":"https:\/\/anma.fr\/en\/wp-json\/wp\/v2\/comments?post=252033"}],"version-history":[{"count":0,"href":"https:\/\/anma.fr\/en\/wp-json\/wp\/v2\/project\/252033\/revisions"}],"wp:featuredmedia":[{"embeddable":true,"href":"https:\/\/anma.fr\/en\/wp-json\/wp\/v2\/media\/253001"}],"wp:attachment":[{"href":"https:\/\/anma.fr\/en\/wp-json\/wp\/v2\/media?parent=252033"}],"wp:term":[{"taxonomy":"project_category","embeddable":true,"href":"https:\/\/anma.fr\/en\/wp-json\/wp\/v2\/project_category?post=252033"},{"taxonomy":"project_tag","embeddable":true,"href":"https:\/\/anma.fr\/en\/wp-json\/wp\/v2\/project_tag?post=252033"},{"taxonomy":"metier","embeddable":true,"href":"https:\/\/anma.fr\/en\/wp-json\/wp\/v2\/metier?post=252033"},{"taxonomy":"ville","embeddable":true,"href":"https:\/\/anma.fr\/en\/wp-json\/wp\/v2\/ville?post=252033"},{"taxonomy":"prog","embeddable":true,"href":"https:\/\/anma.fr\/en\/wp-json\/wp\/v2\/prog?post=252033"},{"taxonomy":"statut","embeddable":true,"href":"https:\/\/anma.fr\/en\/wp-json\/wp\/v2\/statut?post=252033"},{"taxonomy":"annee","embeddable":true,"href":"https:\/\/anma.fr\/en\/wp-json\/wp\/v2\/annee?post=252033"},{"taxonomy":"intervention","embeddable":true,"href":"https:\/\/anma.fr\/en\/wp-json\/wp\/v2\/intervention?post=252033"}],"curies":[{"name":"wp","href":"https:\/\/api.w.org\/{rel}","templated":true}]}}