{"id":251882,"date":"2015-10-19T16:03:35","date_gmt":"2015-10-19T14:03:35","guid":{"rendered":"https:\/\/encours.studiottt.com\/anma21\/projects\/les-maisons-blanches\/"},"modified":"2022-04-03T08:56:27","modified_gmt":"2022-04-03T06:56:27","slug":"les-maisons-blanches","status":"publish","type":"project","link":"https:\/\/anma.fr\/fr\/projets\/les-maisons-blanches\/","title":{"rendered":"Les Maisons Blanches"},"content":{"rendered":"<div class=\"et-l et-l--post\">\n\t\t\t<div class=\"et_builder_inner_content et_pb_gutters3\"><div id=\"fiche-projet\" class=\"et_pb_section et_pb_section_0 et_section_regular\" >\n\t\t\t\t\n\t\t\t\t\n\t\t\t\t\n\t\t\t\t\n\t\t\t\t\n\t\t\t\t\n\t\t\t\t<div class=\"et_pb_row et_pb_row_0\">\n\t\t\t\t<div class=\"et_pb_column et_pb_column_4_4 et_pb_column_0 carousel-container  et_pb_css_mix_blend_mode_passthrough et-last-child\">\n\t\t\t\t\n\t\t\t\t\n\t\t\t\t\n\t\t\t\t\n\t\t\t\t<div class=\"et_pb_with_border et_pb_module et_pb_image et_pb_image_0 carrousel-cell\">\n\t\t\t\t\n\t\t\t\t\n\t\t\t\t\n\t\t\t\t\n\t\t\t\t<span class=\"et_pb_image_wrap \"><img decoding=\"async\" width=\"1620\" height=\"1080\" src=\"https:\/\/anma.fr\/wp-content\/uploads\/2015\/10\/ICS7076.jpg\" alt=\"ANMA Tours Les Maisons Blanches\" title=\"ANMA Tours Les Maisons Blanches\" srcset=\"https:\/\/anma.fr\/wp-content\/uploads\/2015\/10\/ICS7076.jpg 1620w, https:\/\/anma.fr\/wp-content\/uploads\/2015\/10\/ICS7076-1280x853.jpg 1280w, https:\/\/anma.fr\/wp-content\/uploads\/2015\/10\/ICS7076-980x653.jpg 980w, https:\/\/anma.fr\/wp-content\/uploads\/2015\/10\/ICS7076-480x320.jpg 480w\" sizes=\"(min-width: 0px) and (max-width: 480px) 480px, (min-width: 481px) and (max-width: 980px) 980px, (min-width: 981px) and (max-width: 1280px) 1280px, (min-width: 1281px) 1620px, 100vw\" class=\"wp-image-234840\" \/><\/span>\n\t\t\t<\/div><div class=\"et_pb_module et_pb_text et_pb_text_0 carrousel-cell  et_pb_text_align_left et_pb_bg_layout_light\">\n\t\t\t\t\n\t\t\t\t\n\t\t\t\t\n\t\t\t\t\n\t\t\t\t<div class=\"et_pb_text_inner\"><h2><strong>un syst\u00e8me d&rsquo;ilots<\/strong><br \/>entre rue et jardin<\/h2>\n<p>&nbsp;<\/p>\n<p>Le projet s\u2019inscrit dans la logique urbaine du secteur qui organise un syst\u00e8me d\u2019\u00eelots entre rue et jardin. Deux b\u00e2timents de 207 logements encadrent un jardin central et pr\u00e9sentent un front b\u00e2ti sur les deux voies.<\/p>\n<p>Le b\u00e2timent con\u00e7u par ANMA est implant\u00e9 en limite ouest. Il est comporte deux passages traversants publics qui m\u00e8nent au jardin central et deux failles en \u00e9tage franchies par des passerelles de circulation sur quatre niveaux.<\/p><\/div>\n\t\t\t<\/div><div class=\"et_pb_with_border et_pb_module et_pb_image et_pb_image_1 carrousel-cell\">\n\t\t\t\t\n\t\t\t\t\n\t\t\t\t\n\t\t\t\t\n\t\t\t\t<span class=\"et_pb_image_wrap \"><img decoding=\"async\" width=\"1620\" height=\"1080\" src=\"https:\/\/anma.fr\/wp-content\/uploads\/2015\/10\/ICS6745.jpg\" alt=\"ANMA Tours Les Maisons Blanches\" title=\"ANMA Tours Les Maisons Blanches\" srcset=\"https:\/\/anma.fr\/wp-content\/uploads\/2015\/10\/ICS6745.jpg 1620w, https:\/\/anma.fr\/wp-content\/uploads\/2015\/10\/ICS6745-1280x853.jpg 1280w, https:\/\/anma.fr\/wp-content\/uploads\/2015\/10\/ICS6745-980x653.jpg 980w, https:\/\/anma.fr\/wp-content\/uploads\/2015\/10\/ICS6745-480x320.jpg 480w\" sizes=\"(min-width: 0px) and (max-width: 480px) 480px, (min-width: 481px) and (max-width: 980px) 980px, (min-width: 981px) and (max-width: 1280px) 1280px, (min-width: 1281px) 1620px, 100vw\" class=\"wp-image-234841\" \/><\/span>\n\t\t\t<\/div><div class=\"et_pb_module et_pb_text et_pb_text_1 carrousel-cell  et_pb_text_align_left et_pb_bg_layout_light\">\n\t\t\t\t\n\t\t\t\t\n\t\t\t\t\n\t\t\t\t\n\t\t\t\t<div class=\"et_pb_text_inner\"><h2><b>logements dot\u00e9s de <br \/><\/b>2 \u00e0 4 orientations<\/h2>\n<p>&nbsp;<\/p>\n<p>Le b\u00e2timent est caract\u00e9ris\u00e9 par deux grandes parois lin\u00e9aires structurelles rev\u00eatues d\u2019un complexe isolant ext\u00e9rieur et d\u2019un enduit lisse blanc, perc\u00e9es de baies avec menuiseries bois. Les autres fa\u00e7ades sont habill\u00e9es d\u2019un bardage bois \u00e0 lames verticales avec une isolation par l\u2019ext\u00e9rieur.<\/p>\n<p>Les logements b\u00e9n\u00e9ficient de deux \u00e0 quatre orientations et de terrasses g\u00e9n\u00e9reuses aux g\u00e9om\u00e9tries vari\u00e9es qui ouvrent sur le jardin. Les terrasses privatives de part et d\u2019autre des passages ou des jardins suspendus sont prot\u00e9g\u00e9es par de fins claustras bois.<\/p><\/div>\n\t\t\t<\/div><div class=\"et_pb_with_border et_pb_module et_pb_image et_pb_image_2 carrousel-cell\">\n\t\t\t\t\n\t\t\t\t\n\t\t\t\t\n\t\t\t\t\n\t\t\t\t<span class=\"et_pb_image_wrap \"><img decoding=\"async\" width=\"1432\" height=\"1080\" src=\"https:\/\/anma.fr\/wp-content\/uploads\/2015\/10\/ICS7296.jpg\" alt=\"ANMA Tours Les Maisons Blanches\" title=\"ANMA Tours Les Maisons Blanches\" srcset=\"https:\/\/anma.fr\/wp-content\/uploads\/2015\/10\/ICS7296.jpg 1432w, https:\/\/anma.fr\/wp-content\/uploads\/2015\/10\/ICS7296-1280x965.jpg 1280w, https:\/\/anma.fr\/wp-content\/uploads\/2015\/10\/ICS7296-980x739.jpg 980w, https:\/\/anma.fr\/wp-content\/uploads\/2015\/10\/ICS7296-480x362.jpg 480w\" sizes=\"(min-width: 0px) and (max-width: 480px) 480px, (min-width: 481px) and (max-width: 980px) 980px, (min-width: 981px) and (max-width: 1280px) 1280px, (min-width: 1281px) 1432px, 100vw\" class=\"wp-image-234843\" \/><\/span>\n\t\t\t<\/div><div class=\"et_pb_module et_pb_text et_pb_text_2 carrousel-cell  et_pb_text_align_left et_pb_bg_layout_light\">\n\t\t\t\t\n\t\t\t\t\n\t\t\t\t\n\t\t\t\t\n\t\t\t\t<div class=\"et_pb_text_inner\"><h2><b>traversants, duplex, <\/b>balcons, loggias<\/h2>\n<p>&nbsp;<\/p>\n<p>Trois typologies de logements sont d\u00e9velopp\u00e9es. Des logements traversants, en duplex (T4 et T2) au rez-de-chauss\u00e9e avec acc\u00e8s individualis\u00e9 par un jardin, prolong\u00e9s par de grandes terrasses privatives sur le jardin central. Des logements du T1 au T4 sur trois niveaux du R+1 au R+3, s\u2019ouvrent sur de grandes terrasses, des balcons ou des loggias.<\/p>\n<p>Les logements T3 disposent d\u2019une loggia qui peut \u00eatre annex\u00e9e \u00e0 l\u2019appartement pour une transformation en T4. De grands logements T5 situ\u00e9s en partie sup\u00e9rieure du b\u00e2timent s\u2019ouvrent sur de vastes terrasses privatives p\u00e9riph\u00e9riques selon trois orientations. Leur volum\u00e9trie sp\u00e9cifique \u00e9voque les penthouses.<\/p><\/div>\n\t\t\t<\/div><div class=\"et_pb_with_border et_pb_module et_pb_image et_pb_image_3 carrousel-cell\">\n\t\t\t\t\n\t\t\t\t\n\t\t\t\t\n\t\t\t\t\n\t\t\t\t<span class=\"et_pb_image_wrap \"><img decoding=\"async\" width=\"1258\" height=\"1080\" src=\"https:\/\/anma.fr\/wp-content\/uploads\/2015\/10\/ICS7259.jpg\" alt=\"ANMA Tours Les Maisons Blanches\" title=\"ANMA Tours Les Maisons Blanches\" srcset=\"https:\/\/anma.fr\/wp-content\/uploads\/2015\/10\/ICS7259.jpg 1258w, https:\/\/anma.fr\/wp-content\/uploads\/2015\/10\/ICS7259-980x841.jpg 980w, https:\/\/anma.fr\/wp-content\/uploads\/2015\/10\/ICS7259-480x412.jpg 480w\" sizes=\"(min-width: 0px) and (max-width: 480px) 480px, (min-width: 481px) and (max-width: 980px) 980px, (min-width: 981px) 1258px, 100vw\" class=\"wp-image-234842\" \/><\/span>\n\t\t\t<\/div><div class=\"et_pb_module et_pb_text et_pb_text_3 carrousel-cell  et_pb_text_align_left et_pb_bg_layout_light\">\n\t\t\t\t\n\t\t\t\t\n\t\t\t\t\n\t\t\t\t\n\t\t\t\t<div class=\"et_pb_text_inner\"><h2><b>gestion durable <\/b>des eaux de ruissellement<\/h2>\n<p>&nbsp;<\/p>\n<p>L\u2019op\u00e9ration s&rsquo;inscrit dans une d\u00e9marche de d\u00e9veloppement durable par ses performances thermiques. Une chaufferie bois alimente les deux b\u00e2timents, l\u2019eau de pluie est r\u00e9cup\u00e9r\u00e9e et stock\u00e9e pour \u00eatre utilis\u00e9e pour l\u2019arrosage du jardin central lors des fortes chaleurs.<\/p><\/div>\n\t\t\t<\/div><div class=\"et_pb_with_border et_pb_module et_pb_image et_pb_image_4 carrousel-cell\">\n\t\t\t\t\n\t\t\t\t\n\t\t\t\t\n\t\t\t\t\n\t\t\t\t<span class=\"et_pb_image_wrap \"><img decoding=\"async\" width=\"1620\" height=\"1080\" src=\"https:\/\/anma.fr\/wp-content\/uploads\/2015\/10\/ICS6874.jpg\" alt=\"ANMA Tours Les Maisons Blanches\" title=\"ANMA Tours Les Maisons Blanches\" srcset=\"https:\/\/anma.fr\/wp-content\/uploads\/2015\/10\/ICS6874.jpg 1620w, https:\/\/anma.fr\/wp-content\/uploads\/2015\/10\/ICS6874-1280x853.jpg 1280w, https:\/\/anma.fr\/wp-content\/uploads\/2015\/10\/ICS6874-980x653.jpg 980w, https:\/\/anma.fr\/wp-content\/uploads\/2015\/10\/ICS6874-480x320.jpg 480w\" sizes=\"(min-width: 0px) and (max-width: 480px) 480px, (min-width: 481px) and (max-width: 980px) 980px, (min-width: 981px) and (max-width: 1280px) 1280px, (min-width: 1281px) 1620px, 100vw\" class=\"wp-image-234838\" \/><\/span>\n\t\t\t<\/div><div class=\"et_pb_module et_pb_text et_pb_text_4 carrousel-cell  et_pb_text_align_left et_pb_bg_layout_light\">\n\t\t\t\t\n\t\t\t\t\n\t\t\t\t\n\t\t\t\t\n\t\t\t\t<div class=\"et_pb_text_inner\"><h2><b>jardin submersible <\/b>\u00e9cologique<\/h2>\n<p>&nbsp;<\/p>\n<p>Le jardin submersible situ\u00e9 sur une ancienne zone de divagation du Cher, reproduit dans une forme dessin\u00e9e le fonctionnement de l\u2019\u00e9cosyst\u00e8me originel : d\u2019un point de vue hydrologique, il constitue une zone tampon, d\u2019un point de vue \u00e9cologique, il permet de reconstituer le biotope. Une flore remarquable est r\u00e9introduite : plantes aquatiques oxyg\u00e9nantes, plantes immerg\u00e9es, et dans la zone hors d\u2019eau, une bande bois\u00e9e de bouleaux.<\/p>\n<p>Des bosquets d\u2019aulnes et de fr\u00eanes cr\u00e9ent des zones d\u2019ombre, le sous-bois est plant\u00e9 de groseilliers en quinconce. Lors d\u2019une crue du Cher, le jardin constituera par son profil en creux une zone d\u2019expansion et \u00e9voluera en fonction des pr\u00e9cipitations.<\/p><\/div>\n\t\t\t<\/div><div class=\"et_pb_with_border et_pb_module et_pb_image et_pb_image_5 carrousel-cell\">\n\t\t\t\t\n\t\t\t\t\n\t\t\t\t\n\t\t\t\t\n\t\t\t\t<span class=\"et_pb_image_wrap \"><img decoding=\"async\" src=\"https:\/\/anma.fr\/wp-content\/uploads\/2015\/10\/031E7682\u00a9SChalmeau-non-libre-de-droits.jpg\" alt=\"ANMA Tours Les Maisons Blanches\" title=\"ANMA Tours Les Maisons Blanches\" \/><\/span>\n\t\t\t<\/div><div class=\"et_pb_module et_pb_text et_pb_text_5 carrousel-cell  et_pb_text_align_left et_pb_bg_layout_light\">\n\t\t\t\t\n\t\t\t\t\n\t\t\t\t\n\t\t\t\t\n\t\t\t\t<div class=\"et_pb_text_inner\"><h2><strong>\u00c9QUIPES<\/strong> PROJET<\/h2>\n<p>&nbsp;<\/p>\n<p><strong>MA\u00ceTRISE\u00a0<\/strong><b>OEUVRE<br \/><\/b>Architecte : ANMA<br \/>TCE : OTH<\/p>\n<p><strong>CONCOURS<br \/><\/strong>Val\u00e9rie Dubois<strong><br \/><\/strong>Eric Druel<\/p>\n<p><strong>\u00c9TUDES<br \/><\/strong>Val\u00e9rie Dubois<strong><br \/><\/strong><\/p>\n<p><strong>PAYSAGE<br \/><\/strong>Fr\u00e9d\u00e9ric-Charles Allet<\/p><\/div>\n\t\t\t<\/div><div class=\"et_pb_with_border et_pb_module et_pb_image et_pb_image_6 carrousel-cell\">\n\t\t\t\t\n\t\t\t\t\n\t\t\t\t\n\t\t\t\t\n\t\t\t\t<span class=\"et_pb_image_wrap \"><img decoding=\"async\" src=\"https:\/\/anma.fr\/wp-content\/uploads\/2015\/10\/031E8466\u00a9SChalmeau-non-libre-de-droits.jpg\" alt=\"ANMA Tours Les Maisons Blanches\" title=\"ANMA Tours Les Maisons Blanches\" \/><\/span>\n\t\t\t<\/div><div class=\"et_pb_module et_pb_text et_pb_text_6 carrousel-cell  et_pb_text_align_left et_pb_bg_layout_light\">\n\t\t\t\t\n\t\t\t\t\n\t\t\t\t\n\t\t\t\t\n\t\t\t\t<div class=\"et_pb_text_inner\"><h2><strong>FICHE<\/strong> TECHNIQUE<\/h2>\n<p>&nbsp;<\/p>\n<p><strong>STATUT <\/strong>R\u00e9alis\u00e9<\/p>\n<p><strong>MAITRISE D&rsquo;OUVRAGE <\/strong>ING Real Estate<\/p>\n<p><strong>CALENDRIER <\/strong>2010<\/p>\n<p><strong>SURFACE <\/strong>8 400 m\u00b2 SHON<\/p>\n<p><strong> PHOTOGRAPHIE <\/strong>C\u00e9cile Septet, St\u00e9phane Chalmeau<\/p>\n<p>&nbsp;<\/p>\n<p><strong>VOIR +<br \/><\/strong><a href=\"https:\/\/anma.fr\/projets\/logements-de-letang\/\">Meaux, Logements de l&rsquo;\u00c9tang<\/a><br \/><a href=\"https:\/\/anma.fr\/projets\/les-terrasses-bleues\/\">Nanterre, Les Terrasses Bleues<\/a><br \/><a href=\"https:\/\/anma.fr\/projets\/logements-allende-2\/\">Saint-Herblain, Logements Allende<\/a><\/p><\/div>\n\t\t\t<\/div><div class=\"et_pb_with_border et_pb_module et_pb_image et_pb_image_7 carrousel-cell\">\n\t\t\t\t\n\t\t\t\t\n\t\t\t\t\n\t\t\t\t\n\t\t\t\t<span class=\"et_pb_image_wrap \"><img decoding=\"async\" src=\"https:\/\/anma.fr\/wp-content\/uploads\/2015\/10\/031E8344\u00a9SChalmeau-non-libre-de-droits.jpg\" alt=\"ANMA Tours Les Maisons Blanches\" title=\"ANMA Tours Les Maisons Blanches\" \/><\/span>\n\t\t\t<\/div>\n\t\t\t<\/div>\n\t\t\t\t\n\t\t\t\t\n\t\t\t\t\n\t\t\t\t\n\t\t\t<\/div>\n\t\t\t\t\n\t\t\t\t\n\t\t\t<\/div>\t\t<\/div>\n\t<\/div>\n\t","protected":false},"excerpt":{"rendered":"<p>un syst\u00e8me d&rsquo;ilotsentre rue et jardin &nbsp; Le projet s\u2019inscrit dans la logique urbaine du secteur qui organise un syst\u00e8me d\u2019\u00eelots entre rue et jardin. Deux b\u00e2timents de 207 logements encadrent un jardin central et pr\u00e9sentent un front b\u00e2ti sur les deux voies. Le b\u00e2timent con\u00e7u par ANMA est implant\u00e9 en limite ouest. Il est [&hellip;]<\/p>\n","protected":false},"author":1,"featured_media":228491,"parent":0,"comment_status":"closed","ping_status":"closed","template":"","meta":{"_acf_changed":false,"_et_pb_use_builder":"on","_et_pb_old_content":"<p>L\u2019ensemble du projet s\u2019inscrit dans la logique urbaine du secteur qui organise un syst\u00e8me d\u2019\u00eelots entre rue et jardin. Deux b\u00e2timents de 207 logements encadrent un jardin central et pr\u00e9sentent un front b\u00e2ti sur les deux voies. Le b\u00e2timent con\u00e7u par ANMA est implant\u00e9 en limite Ouest. Il est comporte deux passages traversants publics qui m\u00e8nent au jardin central et deux failles en \u00e9tage franchies par des passerelles de circu\u00adlation sur quatre niveaux. Le b\u00e2timent est caract\u00e9ris\u00e9 par deux grandes parois lin\u00e9aires structurelles rev\u00eatues d\u2019un complexe isolant ext\u00e9rieur et d\u2019un enduit lisse blanc, perc\u00e9es de baies avec menuiseries bois. Les autres fa\u00e7ades sont habill\u00e9es d\u2019un bardage bois \u00e0 lames verticales avec une isolation par l\u2019ext\u00e9rieur. Les loge\u00adments b\u00e9n\u00e9ficient de deux \u00e0 quatre orientations et de terrasses g\u00e9n\u00e9reuses aux g\u00e9om\u00e9tries vari\u00e9es qui ouvrent sur le jardin. Les terrasses privatives de part et d\u2019autre des passages ou des jardins suspendus sont prot\u00e9g\u00e9es par de fins claustras bois.<\/p><p>Trois typologies de logements sont d\u00e9velopp\u00e9es. Des logements traversants, en duplex (T4 et T2), \u00e0 rez-de-chauss\u00e9e, avec acc\u00e8s individualis\u00e9 par un jardin, prolong\u00e9s par de grandes terrasses privatives sur le jardin central. Des logements du T1 au T4 sur trois niveaux du R+1 au R+3, s\u2019ouvrent sur de grandes ter\u00adrasses, des balcons ou des loggias. Les logements T3 disposent d\u2019une loggia qui peut \u00eatre annex\u00e9e \u00e0 l\u2019appar\u00adtement, transformant de celui-ci en T4. De grands logements T5 situ\u00e9s en partie sup\u00e9rieure du b\u00e2timent s\u2019ouvrent sur de vastes terrasses privatives p\u00e9riph\u00e9\u00adriques selon trois orientations. Leur volum\u00e9trie sp\u00e9ci\u00adfique \u00e9voque les penthouses.<\/p><p>L\u2019op\u00e9ration r\u00e9pond \u00e0 une d\u00e9marche de d\u00e9velop\u00adpement durable par ses performances thermiques. Une chaufferie bois alimente les deux b\u00e2timents, L\u2019eau de pluie est r\u00e9cup\u00e9r\u00e9e et stock\u00e9e pour \u00eatre utilis\u00e9e pour l\u2019arrosage du jardin central lors des fortes chaleurs.<\/p><p>Le jardin submersible situ\u00e9 sur une ancienne zone de divagation du Cher, reproduit dans une forme dessi\u00adn\u00e9e le fonctionnement de l\u2019\u00e9cosyst\u00e8me originel : d\u2019un point de vue hydrologique il constitue une zone tampon, d\u2019un point de vue \u00e9cologique, il permet de reconstituer le biotope. Une flore remarquable est r\u00e9introduite : plantes aquatiques oxyg\u00e9nantes, plantes immerg\u00e9es, et dans la zone hors d\u2019eau, une bande bois\u00e9e de bou\u00adleaux. Des bosquets d\u2019aulnes et de fr\u00eanes cr\u00e9ent des zones d\u2019ombre, le sous-bois est plant\u00e9 de groseilliers en quinconce. Lors d\u2019une crue du Cher, le jardin consti\u00adtuera par son profil en creux une zone d\u2019expansion et \u00e9voluera en fonction des pr\u00e9cipitations.<\/p>","_et_gb_content_width":"","footnotes":""},"project_category":[],"project_tag":[],"metier":[18],"ville":[46],"prog":[82],"statut":[39],"annee":[91],"intervention":[80],"class_list":["post-251882","project","type-project","status-publish","has-post-thumbnail","hentry"],"acf":{"choix_de_la_couleur_du_titre":"#000000"},"_links":{"self":[{"href":"https:\/\/anma.fr\/fr\/wp-json\/wp\/v2\/project\/251882","targetHints":{"allow":["GET"]}}],"collection":[{"href":"https:\/\/anma.fr\/fr\/wp-json\/wp\/v2\/project"}],"about":[{"href":"https:\/\/anma.fr\/fr\/wp-json\/wp\/v2\/types\/project"}],"author":[{"embeddable":true,"href":"https:\/\/anma.fr\/fr\/wp-json\/wp\/v2\/users\/1"}],"replies":[{"embeddable":true,"href":"https:\/\/anma.fr\/fr\/wp-json\/wp\/v2\/comments?post=251882"}],"version-history":[{"count":0,"href":"https:\/\/anma.fr\/fr\/wp-json\/wp\/v2\/project\/251882\/revisions"}],"wp:featuredmedia":[{"embeddable":true,"href":"https:\/\/anma.fr\/fr\/wp-json\/wp\/v2\/media\/228491"}],"wp:attachment":[{"href":"https:\/\/anma.fr\/fr\/wp-json\/wp\/v2\/media?parent=251882"}],"wp:term":[{"taxonomy":"project_category","embeddable":true,"href":"https:\/\/anma.fr\/fr\/wp-json\/wp\/v2\/project_category?post=251882"},{"taxonomy":"project_tag","embeddable":true,"href":"https:\/\/anma.fr\/fr\/wp-json\/wp\/v2\/project_tag?post=251882"},{"taxonomy":"metier","embeddable":true,"href":"https:\/\/anma.fr\/fr\/wp-json\/wp\/v2\/metier?post=251882"},{"taxonomy":"ville","embeddable":true,"href":"https:\/\/anma.fr\/fr\/wp-json\/wp\/v2\/ville?post=251882"},{"taxonomy":"prog","embeddable":true,"href":"https:\/\/anma.fr\/fr\/wp-json\/wp\/v2\/prog?post=251882"},{"taxonomy":"statut","embeddable":true,"href":"https:\/\/anma.fr\/fr\/wp-json\/wp\/v2\/statut?post=251882"},{"taxonomy":"annee","embeddable":true,"href":"https:\/\/anma.fr\/fr\/wp-json\/wp\/v2\/annee?post=251882"},{"taxonomy":"intervention","embeddable":true,"href":"https:\/\/anma.fr\/fr\/wp-json\/wp\/v2\/intervention?post=251882"}],"curies":[{"name":"wp","href":"https:\/\/api.w.org\/{rel}","templated":true}]}}