{"id":251893,"date":"2020-07-23T08:08:10","date_gmt":"2020-07-23T06:08:10","guid":{"rendered":"https:\/\/encours.studiottt.com\/anma21\/projects\/halle-boca\/"},"modified":"2026-01-22T11:48:02","modified_gmt":"2026-01-22T10:48:02","slug":"halle-boca","status":"publish","type":"project","link":"https:\/\/anma.fr\/fr\/projets\/halle-boca\/","title":{"rendered":"Halle Boca"},"content":{"rendered":"<div class=\"et-l et-l--post\">\n\t\t\t<div class=\"et_builder_inner_content et_pb_gutters3\"><div id=\"fiche-projet\" class=\"et_pb_section et_pb_section_0 et_section_regular\" >\n\t\t\t\t\n\t\t\t\t\n\t\t\t\t\n\t\t\t\t\n\t\t\t\t\n\t\t\t\t\n\t\t\t\t<div class=\"et_pb_row et_pb_row_0\">\n\t\t\t\t<div class=\"et_pb_column et_pb_column_4_4 et_pb_column_0 carousel-container  et_pb_css_mix_blend_mode_passthrough et-last-child\">\n\t\t\t\t\n\t\t\t\t\n\t\t\t\t\n\t\t\t\t\n\t\t\t\t<div class=\"et_pb_with_border et_pb_module et_pb_image et_pb_image_0 carrousel-cell\">\n\t\t\t\t\n\t\t\t\t\n\t\t\t\t\n\t\t\t\t\n\t\t\t\t<span class=\"et_pb_image_wrap \"><img decoding=\"async\" width=\"1697\" height=\"1080\" src=\"https:\/\/anma.fr\/wp-content\/uploads\/2020\/07\/photo-SG-2018-ANMA-halle_ponsan-bordeaux-IMP-A-46_RET_WEB.jpg\" alt=\"ANMA Bordeaux Halle Boca\" title=\"ANMA Bordeaux Halle Boca\" srcset=\"https:\/\/anma.fr\/wp-content\/uploads\/2020\/07\/photo-SG-2018-ANMA-halle_ponsan-bordeaux-IMP-A-46_RET_WEB.jpg 1697w, https:\/\/anma.fr\/wp-content\/uploads\/2020\/07\/photo-SG-2018-ANMA-halle_ponsan-bordeaux-IMP-A-46_RET_WEB-1280x815.jpg 1280w, https:\/\/anma.fr\/wp-content\/uploads\/2020\/07\/photo-SG-2018-ANMA-halle_ponsan-bordeaux-IMP-A-46_RET_WEB-980x624.jpg 980w, https:\/\/anma.fr\/wp-content\/uploads\/2020\/07\/photo-SG-2018-ANMA-halle_ponsan-bordeaux-IMP-A-46_RET_WEB-480x305.jpg 480w\" sizes=\"(min-width: 0px) and (max-width: 480px) 480px, (min-width: 481px) and (max-width: 980px) 980px, (min-width: 981px) and (max-width: 1280px) 1280px, (min-width: 1281px) 1697px, 100vw\" class=\"wp-image-233775\" \/><\/span>\n\t\t\t<\/div><div class=\"et_pb_module et_pb_text et_pb_text_0 carrousel-cell  et_pb_text_align_left et_pb_bg_layout_light\">\n\t\t\t\t\n\t\t\t\t\n\t\t\t\t\n\t\t\t\t\n\t\t\t\t<div class=\"et_pb_text_inner\"><h2><b>la dynamique<br \/><\/b>bordeaux euratlantique<\/h2>\n<p>&nbsp;<\/p>\n<p>&nbsp;<\/p>\n<p>La Halle Boca se situe en bordure de Garonne, quai de Paludate, dans le secteur de l\u2019Op\u00e9ration d\u2019Int\u00e9r\u00eat National Bordeaux-Euratlantique.<\/p>\n<p>Elle est une pi\u00e8ce de la requalification urbaine du quartier Saint-Jean Belcier visant \u00e0 cr\u00e9er un large espace public VIP \u2013 v\u00e9lo, intermodalit\u00e9, pi\u00e9ton \u2013 unissant les diff\u00e9rents pans du quartier, reconqu\u00e9rir les quais et proposer une programmation attractive et vari\u00e9e.<\/p>\n<p>&nbsp;<\/p><\/div>\n\t\t\t<\/div><div class=\"et_pb_with_border et_pb_module et_pb_image et_pb_image_1 carrousel-cell\">\n\t\t\t\t\n\t\t\t\t\n\t\t\t\t\n\t\t\t\t\n\t\t\t\t<span class=\"et_pb_image_wrap \"><img decoding=\"async\" width=\"838\" height=\"1080\" src=\"https:\/\/anma.fr\/wp-content\/uploads\/2020\/07\/Avant-apres_web.jpg\" alt=\"ANMA Bordeaux Halle Boca\" title=\"Avant-apr\u00e8s_web\" srcset=\"https:\/\/anma.fr\/wp-content\/uploads\/2020\/07\/Avant-apres_web.jpg 838w, https:\/\/anma.fr\/wp-content\/uploads\/2020\/07\/Avant-apres_web-480x619.jpg 480w\" sizes=\"(min-width: 0px) and (max-width: 480px) 480px, (min-width: 481px) 838px, 100vw\" class=\"wp-image-262304\" \/><\/span>\n\t\t\t<\/div><div class=\"et_pb_module et_pb_text et_pb_text_1 carrousel-cell  et_pb_text_align_left et_pb_bg_layout_light\">\n\t\t\t\t\n\t\t\t\t\n\t\t\t\t\n\t\t\t\t\n\t\t\t\t<div class=\"et_pb_text_inner\"><h2><b>une reconversion<br \/><\/b>patrimoniale<\/h2>\n<p>&nbsp;<\/p>\n<p>&nbsp;<\/p>\n<p>Dat\u00e9e de 1938, cette halle aux bestiaux des anciens abattoirs de Bordeaux pr\u00e9sente, par son \u00e9l\u00e9gance et son histoire, une valeur patrimoniale \u00e0 laquelle il s\u2019agissait de donner une seconde vie.<\/p>\n<p>Le projet propose sa r\u00e9habilitation mais aussi son prolongement afin de reconstituer les 275m de longueur manquant, d\u00e9truits par un incendie en 1998et l\u2019ajout par-dessus, en peigne, de trois volumes perpendiculaires en R+8.<\/p><\/div>\n\t\t\t<\/div><div class=\"et_pb_with_border et_pb_module et_pb_image et_pb_image_2 carrousel-cell\">\n\t\t\t\t\n\t\t\t\t\n\t\t\t\t\n\t\t\t\t\n\t\t\t\t<span class=\"et_pb_image_wrap \"><img decoding=\"async\" width=\"1620\" height=\"1080\" src=\"https:\/\/anma.fr\/wp-content\/uploads\/2020\/07\/photo-SG-2018-ANMA-halle_ponsan-bordeaux-IMP-A-49.jpg\" alt=\"ANMA Bordeaux Halle Boca\" title=\"ANMA Bordeaux Halle Boca\" srcset=\"https:\/\/anma.fr\/wp-content\/uploads\/2020\/07\/photo-SG-2018-ANMA-halle_ponsan-bordeaux-IMP-A-49.jpg 1620w, https:\/\/anma.fr\/wp-content\/uploads\/2020\/07\/photo-SG-2018-ANMA-halle_ponsan-bordeaux-IMP-A-49-1280x853.jpg 1280w, https:\/\/anma.fr\/wp-content\/uploads\/2020\/07\/photo-SG-2018-ANMA-halle_ponsan-bordeaux-IMP-A-49-980x653.jpg 980w, https:\/\/anma.fr\/wp-content\/uploads\/2020\/07\/photo-SG-2018-ANMA-halle_ponsan-bordeaux-IMP-A-49-480x320.jpg 480w\" sizes=\"(min-width: 0px) and (max-width: 480px) 480px, (min-width: 481px) and (max-width: 980px) 980px, (min-width: 981px) and (max-width: 1280px) 1280px, (min-width: 1281px) 1620px, 100vw\" class=\"wp-image-232274\" \/><\/span>\n\t\t\t<\/div><div class=\"et_pb_module et_pb_text et_pb_text_2 carrousel-cell  et_pb_text_align_left et_pb_bg_layout_light\">\n\t\t\t\t\n\t\t\t\t\n\t\t\t\t\n\t\t\t\t\n\t\t\t\t<div class=\"et_pb_text_inner\"><h2><b>prolonger <\/b>la vo\u00fbte<br \/>b\u00e9ton pr\u00e9contraint<\/h2>\n<p>&nbsp;<\/p>\n<p>&nbsp;<\/p>\n<p>Afin de pr\u00e9server son identit\u00e9 et de lui offrir un maximum de lumi\u00e8re, ANMA engage un travail d\u2019horloger entre architecture et ing\u00e9nierie. L\u2019enjeu est principalement technique\u00a0: ne pas alourdir la fine structure de b\u00e9ton en l\u2019\u00e9tanchant et parvenir \u00e0 apporter de la lumi\u00e8re \u00e0 travers les vantelles et les pav\u00e9s de verre.<\/p>\n<p>Dans la halle historique, la volum\u00e9trie et l\u2019interminable perspective de la halle et pr\u00e9serv\u00e9e malgr\u00e9 l\u2019ajout d\u2019une mezzanine centrale. Sur la partie neuve, pas de formes complexes mais de simples tranches en fa\u00e7ades l\u00e9g\u00e8res.<\/p>\n<p>&nbsp;<\/p><\/div>\n\t\t\t<\/div><div class=\"et_pb_with_border et_pb_module et_pb_image et_pb_image_3 carrousel-cell\">\n\t\t\t\t\n\t\t\t\t\n\t\t\t\t\n\t\t\t\t\n\t\t\t\t<span class=\"et_pb_image_wrap \"><img decoding=\"async\" width=\"1620\" height=\"1080\" src=\"https:\/\/anma.fr\/wp-content\/uploads\/2020\/07\/photo-sg-2018-anma-halle-ponsan-bordeaux-imp-a-61.jpg\" alt=\"ANMA Bordeaux Halle Boca\" title=\"ANMA Bordeaux Halle Boca\" srcset=\"https:\/\/anma.fr\/wp-content\/uploads\/2020\/07\/photo-sg-2018-anma-halle-ponsan-bordeaux-imp-a-61.jpg 1620w, https:\/\/anma.fr\/wp-content\/uploads\/2020\/07\/photo-sg-2018-anma-halle-ponsan-bordeaux-imp-a-61-1280x853.jpg 1280w, https:\/\/anma.fr\/wp-content\/uploads\/2020\/07\/photo-sg-2018-anma-halle-ponsan-bordeaux-imp-a-61-980x653.jpg 980w, https:\/\/anma.fr\/wp-content\/uploads\/2020\/07\/photo-sg-2018-anma-halle-ponsan-bordeaux-imp-a-61-480x320.jpg 480w\" sizes=\"(min-width: 0px) and (max-width: 480px) 480px, (min-width: 481px) and (max-width: 980px) 980px, (min-width: 981px) and (max-width: 1280px) 1280px, (min-width: 1281px) 1620px, 100vw\" class=\"wp-image-232267\" \/><\/span>\n\t\t\t<\/div><div class=\"et_pb_module et_pb_text et_pb_text_3 carrousel-cell  et_pb_text_align_left et_pb_bg_layout_light\">\n\t\t\t\t\n\t\t\t\t\n\t\t\t\t\n\t\t\t\t\n\t\t\t\t<div class=\"et_pb_text_inner\"><h2><b>commerces,<br \/><\/b>bureaux et h\u00f4tel<\/h2>\n<p>&nbsp;<\/p>\n<p>&nbsp;<\/p>\n<p>Si la vie d\u2019un quartier passe par la mixit\u00e9 programmatique, alors celle-ci doit se retrouver jusqu\u2019\u00e0 l\u2019\u00e9chelle de l\u2019immeuble. Ainsi, la Halle Boca propose des rez-de-chauss\u00e9e d\u2019activit\u00e9s commerciales et de service, une offre h\u00f4teli\u00e8re et deux volumes de bureaux.<\/p>\n<p>L\u2019am\u00e9nagement des parties tertiaires respectent les principes du New Way of Working\u00a0: lumi\u00e8re naturelle et vue d\u00e9gag\u00e9e pour tous les bureaux, open spaces s\u00e9quenc\u00e9s, espaces de circulations g\u00e9n\u00e9reux, alternance d\u2019espaces ouverts et intimes\u2026<\/p>\n<p>Les abords, int\u00e9gralement am\u00e9nag\u00e9s en terrasses, sont r\u00e9alis\u00e9s en coh\u00e9rence avec la conception des espaces publics attenants.<\/p><\/div>\n\t\t\t<\/div><div class=\"et_pb_with_border et_pb_module et_pb_image et_pb_image_4 carrousel-cell\">\n\t\t\t\t\n\t\t\t\t\n\t\t\t\t\n\t\t\t\t\n\t\t\t\t<span class=\"et_pb_image_wrap \"><img decoding=\"async\" width=\"1620\" height=\"1080\" src=\"https:\/\/anma.fr\/wp-content\/uploads\/2020\/07\/photo-SG-2018-ANMA-halle_ponsan-bordeaux-IMP-A-75.jpg\" alt=\"ANMA Bordeaux Halle Boca\" title=\"ANMA Bordeaux Halle Boca\" srcset=\"https:\/\/anma.fr\/wp-content\/uploads\/2020\/07\/photo-SG-2018-ANMA-halle_ponsan-bordeaux-IMP-A-75.jpg 1620w, https:\/\/anma.fr\/wp-content\/uploads\/2020\/07\/photo-SG-2018-ANMA-halle_ponsan-bordeaux-IMP-A-75-1280x853.jpg 1280w, https:\/\/anma.fr\/wp-content\/uploads\/2020\/07\/photo-SG-2018-ANMA-halle_ponsan-bordeaux-IMP-A-75-980x653.jpg 980w, https:\/\/anma.fr\/wp-content\/uploads\/2020\/07\/photo-SG-2018-ANMA-halle_ponsan-bordeaux-IMP-A-75-480x320.jpg 480w\" sizes=\"(min-width: 0px) and (max-width: 480px) 480px, (min-width: 481px) and (max-width: 980px) 980px, (min-width: 981px) and (max-width: 1280px) 1280px, (min-width: 1281px) 1620px, 100vw\" class=\"wp-image-232275\" \/><\/span>\n\t\t\t<\/div><div class=\"et_pb_module et_pb_text et_pb_text_4 carrousel-cell  et_pb_text_align_left et_pb_bg_layout_light\">\n\t\t\t\t\n\t\t\t\t\n\t\t\t\t\n\t\t\t\t\n\t\t\t\t<div class=\"et_pb_text_inner\"><h2><strong>\u00c9QUIPES<\/strong> PROJET<\/h2>\n<p>&nbsp;<\/p>\n<p><strong>MA\u00ceTRISE<\/strong> <strong>D&rsquo;OEUVRE<br \/><\/strong>Architecte : ANMA<br \/>Structure, \u00e9conomie : Eiffage Construction<br \/>HQE : Vivalto<\/p>\n<p><strong>CONCOURS<br \/><\/strong>Jean-Pierre Buisson, Elsa Briot<\/p>\n<p><strong>\u00c9TUDES<br \/><\/strong>Jean-Pierre Buisson, Elsa Briot, Philippine d&rsquo;Avout<br \/>Christian Koch, Alexandre Ory, Lou Augier<\/p>\n<p><strong>CHANTIER<br \/><\/strong>Bruno Isambert<\/p>\n<p><strong>ENTREPRISES<br \/><\/strong>Eiffage Construction<\/p><\/div>\n\t\t\t<\/div><div class=\"et_pb_with_border et_pb_module et_pb_image et_pb_image_5 carrousel-cell et_pb_section_video et_pb_preload\">\n\t\t\t\t\n\t\t\t\t<span class=\"et_pb_section_video_bg   et_pb_allow_player_pause\">\n\t\t\t\t\t\n\t\t\t<video loop=\"loop\" autoplay playsinline muted >\n\t\t\t\t<source type=\"video\/mp4\" src=\"https:\/\/anma.fr\/wp-content\/uploads\/2020\/07\/ANMA_Boca_C0219_15_1920x1080_1.mp4\" \/>\n\t\t\t\t\n\t\t\t<\/video>\n\t\t\t\t<\/span>\n\t\t\t\t\n\t\t\t\t\n\t\t\t\t<span class=\"et_pb_image_wrap \"><img decoding=\"async\" width=\"1659\" height=\"931\" src=\"https:\/\/anma.fr\/wp-content\/uploads\/2020\/07\/Halle-Boca-Capture-Video.png\" alt=\"ANMA Bordeaux Halle Boca\" title=\"ANMA Bordeaux Halle Boca\" srcset=\"https:\/\/anma.fr\/wp-content\/uploads\/2020\/07\/Halle-Boca-Capture-Video.png 1659w, https:\/\/anma.fr\/wp-content\/uploads\/2020\/07\/Halle-Boca-Capture-Video-1280x718.png 1280w, https:\/\/anma.fr\/wp-content\/uploads\/2020\/07\/Halle-Boca-Capture-Video-980x550.png 980w, https:\/\/anma.fr\/wp-content\/uploads\/2020\/07\/Halle-Boca-Capture-Video-480x269.png 480w\" sizes=\"(min-width: 0px) and (max-width: 480px) 480px, (min-width: 481px) and (max-width: 980px) 980px, (min-width: 981px) and (max-width: 1280px) 1280px, (min-width: 1281px) 1659px, 100vw\" class=\"wp-image-240581\" \/><\/span>\n\t\t\t<\/div><div class=\"et_pb_module et_pb_text et_pb_text_5 carrousel-cell  et_pb_text_align_left et_pb_bg_layout_light\">\n\t\t\t\t\n\t\t\t\t\n\t\t\t\t\n\t\t\t\t\n\t\t\t\t<div class=\"et_pb_text_inner\"><h2><strong>FICHE<\/strong> TECHNIQUE<\/h2>\n<p>&nbsp;<\/p>\n<p><strong>STATUT <\/strong>R\u00e9alis\u00e9<\/p>\n<p><strong>MA\u00ceTRISE D&rsquo;OUVRAGE <\/strong>Eiffage Immobilier<\/p>\n<p><strong>CALENDRIER<\/strong><br \/>Concours : 2013<br \/>Chantier : 2016<br \/>Livraison : 2018<\/p>\n<p><strong>SURFACE <\/strong>23 500 m\u00b2 SP<\/p>\n<p><strong>PERSPECTIVES <\/strong>Charles Wallon, Inui<\/p>\n<p><strong> PHOTOGRAPHIE <\/strong>Sergio Grazia<\/p>\n<p><strong>VID\u00c9O<\/strong> Guillaume Gu\u00e9rin<\/p>\n<p>&nbsp;<\/p>\n<p><strong>VOIR +<br \/><\/strong><a href=\"https:\/\/anma.fr\/projets\/hotel-centre-gare\/\">Metz, H\u00f4tel Centre Gare<\/a><br \/><a href=\"https:\/\/anma.fr\/projets\/hotel-centre-gare-2\/\">Mulhouse, H\u00f4tel Centre Gare<\/a><br \/><a href=\"https:\/\/anma.fr\/projets\/halle-aux-farines\/\">Paris, Halle aux Farines<\/a><\/p><\/div>\n\t\t\t<\/div><div class=\"et_pb_with_border et_pb_module et_pb_image et_pb_image_6 carrousel-cell\">\n\t\t\t\t\n\t\t\t\t\n\t\t\t\t\n\t\t\t\t\n\t\t\t\t<span class=\"et_pb_image_wrap \"><img decoding=\"async\" width=\"1620\" height=\"1080\" src=\"https:\/\/anma.fr\/wp-content\/uploads\/2020\/07\/photo-SG-2018-ANMA-halle_ponsan-bordeaux-IMP-A-39.jpg\" alt=\"ANMA Bordeaux Halle Boca\" title=\"ANMA Bordeaux Halle Boca\" srcset=\"https:\/\/anma.fr\/wp-content\/uploads\/2020\/07\/photo-SG-2018-ANMA-halle_ponsan-bordeaux-IMP-A-39.jpg 1620w, https:\/\/anma.fr\/wp-content\/uploads\/2020\/07\/photo-SG-2018-ANMA-halle_ponsan-bordeaux-IMP-A-39-1280x853.jpg 1280w, https:\/\/anma.fr\/wp-content\/uploads\/2020\/07\/photo-SG-2018-ANMA-halle_ponsan-bordeaux-IMP-A-39-980x653.jpg 980w, https:\/\/anma.fr\/wp-content\/uploads\/2020\/07\/photo-SG-2018-ANMA-halle_ponsan-bordeaux-IMP-A-39-480x320.jpg 480w\" sizes=\"(min-width: 0px) and (max-width: 480px) 480px, (min-width: 481px) and (max-width: 980px) 980px, (min-width: 981px) and (max-width: 1280px) 1280px, (min-width: 1281px) 1620px, 100vw\" class=\"wp-image-232270\" \/><\/span>\n\t\t\t<\/div><div class=\"et_pb_module et_pb_text et_pb_text_6 carrousel-cell  et_pb_text_align_left et_pb_bg_layout_light\">\n\t\t\t\t\n\t\t\t\t\n\t\t\t\t\n\t\t\t\t\n\t\t\t\t\n\t\t\t<\/div>\n\t\t\t<\/div>\n\t\t\t\t\n\t\t\t\t\n\t\t\t\t\n\t\t\t\t\n\t\t\t<\/div>\n\t\t\t\t\n\t\t\t\t\n\t\t\t<\/div>\t\t<\/div>\n\t<\/div>\n\t","protected":false},"excerpt":{"rendered":"<p>la dynamiquebordeaux euratlantique &nbsp; &nbsp; La Halle Boca se situe en bordure de Garonne, quai de Paludate, dans le secteur de l\u2019Op\u00e9ration d\u2019Int\u00e9r\u00eat National Bordeaux-Euratlantique. Elle est une pi\u00e8ce de la requalification urbaine du quartier Saint-Jean Belcier visant \u00e0 cr\u00e9er un large espace public VIP \u2013 v\u00e9lo, intermodalit\u00e9, pi\u00e9ton \u2013 unissant les diff\u00e9rents pans du [&hellip;]<\/p>\n","protected":false},"author":1,"featured_media":232260,"parent":0,"comment_status":"open","ping_status":"closed","template":"","meta":{"_acf_changed":false,"_et_pb_use_builder":"on","_et_pb_old_content":"","_et_gb_content_width":"","footnotes":""},"project_category":[],"project_tag":[],"metier":[18],"ville":[59],"prog":[82,83,23],"statut":[39],"annee":[100],"intervention":[81],"class_list":["post-251893","project","type-project","status-publish","has-post-thumbnail","hentry"],"acf":{"choix_de_la_couleur_du_titre":"#ffffff"},"_links":{"self":[{"href":"https:\/\/anma.fr\/fr\/wp-json\/wp\/v2\/project\/251893","targetHints":{"allow":["GET"]}}],"collection":[{"href":"https:\/\/anma.fr\/fr\/wp-json\/wp\/v2\/project"}],"about":[{"href":"https:\/\/anma.fr\/fr\/wp-json\/wp\/v2\/types\/project"}],"author":[{"embeddable":true,"href":"https:\/\/anma.fr\/fr\/wp-json\/wp\/v2\/users\/1"}],"replies":[{"embeddable":true,"href":"https:\/\/anma.fr\/fr\/wp-json\/wp\/v2\/comments?post=251893"}],"version-history":[{"count":5,"href":"https:\/\/anma.fr\/fr\/wp-json\/wp\/v2\/project\/251893\/revisions"}],"predecessor-version":[{"id":262306,"href":"https:\/\/anma.fr\/fr\/wp-json\/wp\/v2\/project\/251893\/revisions\/262306"}],"wp:featuredmedia":[{"embeddable":true,"href":"https:\/\/anma.fr\/fr\/wp-json\/wp\/v2\/media\/232260"}],"wp:attachment":[{"href":"https:\/\/anma.fr\/fr\/wp-json\/wp\/v2\/media?parent=251893"}],"wp:term":[{"taxonomy":"project_category","embeddable":true,"href":"https:\/\/anma.fr\/fr\/wp-json\/wp\/v2\/project_category?post=251893"},{"taxonomy":"project_tag","embeddable":true,"href":"https:\/\/anma.fr\/fr\/wp-json\/wp\/v2\/project_tag?post=251893"},{"taxonomy":"metier","embeddable":true,"href":"https:\/\/anma.fr\/fr\/wp-json\/wp\/v2\/metier?post=251893"},{"taxonomy":"ville","embeddable":true,"href":"https:\/\/anma.fr\/fr\/wp-json\/wp\/v2\/ville?post=251893"},{"taxonomy":"prog","embeddable":true,"href":"https:\/\/anma.fr\/fr\/wp-json\/wp\/v2\/prog?post=251893"},{"taxonomy":"statut","embeddable":true,"href":"https:\/\/anma.fr\/fr\/wp-json\/wp\/v2\/statut?post=251893"},{"taxonomy":"annee","embeddable":true,"href":"https:\/\/anma.fr\/fr\/wp-json\/wp\/v2\/annee?post=251893"},{"taxonomy":"intervention","embeddable":true,"href":"https:\/\/anma.fr\/fr\/wp-json\/wp\/v2\/intervention?post=251893"}],"curies":[{"name":"wp","href":"https:\/\/api.w.org\/{rel}","templated":true}]}}