{"id":251900,"date":"2020-07-27T08:09:16","date_gmt":"2020-07-27T06:09:16","guid":{"rendered":"https:\/\/encours.studiottt.com\/anma21\/projects\/logements-vallee-de-la-seine\/"},"modified":"2024-04-17T18:28:43","modified_gmt":"2024-04-17T16:28:43","slug":"logements-vallee-de-la-seine","status":"publish","type":"project","link":"https:\/\/anma.fr\/fr\/projets\/logements-vallee-de-la-seine\/","title":{"rendered":"Logements Vall\u00e9e de la Seine"},"content":{"rendered":"<div class=\"et-l et-l--post\">\n\t\t\t<div class=\"et_builder_inner_content et_pb_gutters3\"><div id=\"fiche-projet\" class=\"et_pb_section et_pb_section_0 et_section_regular\" >\n\t\t\t\t\n\t\t\t\t\n\t\t\t\t\n\t\t\t\t\n\t\t\t\t\n\t\t\t\t\n\t\t\t\t<div class=\"et_pb_row et_pb_row_0\">\n\t\t\t\t<div class=\"et_pb_column et_pb_column_4_4 et_pb_column_0 carousel-container  et_pb_css_mix_blend_mode_passthrough et-last-child\">\n\t\t\t\t\n\t\t\t\t\n\t\t\t\t\n\t\t\t\t\n\t\t\t\t<div class=\"et_pb_with_border et_pb_module et_pb_image et_pb_image_0 carrousel-cell\">\n\t\t\t\t\n\t\t\t\t\n\t\t\t\t\n\t\t\t\t\n\t\t\t\t<span class=\"et_pb_image_wrap \"><img decoding=\"async\" width=\"2160\" height=\"1080\" src=\"https:\/\/anma.fr\/wp-content\/uploads\/2020\/07\/c-bls-pe-02-parc.jpg\" alt=\"ANMA Bordeaux Logements Vall\u00e9e de la Seine\" title=\"ANMA Bordeaux Logements Vall\u00e9e de la Seine\" srcset=\"https:\/\/anma.fr\/wp-content\/uploads\/2020\/07\/c-bls-pe-02-parc.jpg 2160w, https:\/\/anma.fr\/wp-content\/uploads\/2020\/07\/c-bls-pe-02-parc-1280x640.jpg 1280w, https:\/\/anma.fr\/wp-content\/uploads\/2020\/07\/c-bls-pe-02-parc-980x490.jpg 980w, https:\/\/anma.fr\/wp-content\/uploads\/2020\/07\/c-bls-pe-02-parc-480x240.jpg 480w\" sizes=\"(min-width: 0px) and (max-width: 480px) 480px, (min-width: 481px) and (max-width: 980px) 980px, (min-width: 981px) and (max-width: 1280px) 1280px, (min-width: 1281px) 2160px, 100vw\" class=\"wp-image-232410\" \/><\/span>\n\t\t\t<\/div><div class=\"et_pb_module et_pb_text et_pb_text_0 carrousel-cell  et_pb_text_align_left et_pb_bg_layout_light\">\n\t\t\t\t\n\t\t\t\t\n\t\t\t\t\n\t\t\t\t\n\t\t\t\t<div class=\"et_pb_text_inner\"><h2><b>Meudon, s\u00e8vres<br \/><\/b>et les deux \u00eeles<\/h2>\n<p>&nbsp;<\/p>\n<p>Au c\u0153ur de la vall\u00e9e de la Seine, le projet se situe dans une op\u00e9ration de requalification urbaine d\u2019un lieu majeur de m\u00e9moire industrielle : les usines Renault.<\/p>\n<p>Cette vall\u00e9e \u00e0 la topographie asym\u00e9trique pr\u00e9sente une alternance de coteaux raides, de coteaux doux et de plaines. Le projet est situ\u00e9 sur l\u2019une de ces plaines alluviales, dans un coude d\u2019une des boucles du fleuve. \u00c0 la pointe de la boucle, il b\u00e9n\u00e9ficie d\u2019une ouverture sur les coteaux de Meudon, de S\u00e8vres mais \u00e9galement sur les \u00eeles Seguin et Saint Germain qui se croisent de front, offrant un remarquable paysage de plans successifs.<\/p>\n<p>Depuis le site, on per\u00e7oit d\u2019abord les rives des \u00eeles, plates et tendues avec une alternance de toits et de grands arbres. Puis, comme accol\u00e9s, les coteaux en fond de cama\u00efeux pr\u00e9sentent un relief bois\u00e9 parsem\u00e9 de maisons individuelles et de villas avec jardins. Au milieu de cette mosa\u00efque, quelques \u00e9l\u00e9ments se remarquent\u00a0: de grandes demeures et le parc Brimborion.<\/p><\/div>\n\t\t\t<\/div><div class=\"et_pb_with_border et_pb_module et_pb_image et_pb_image_1 carrousel-cell\">\n\t\t\t\t\n\t\t\t\t\n\t\t\t\t\n\t\t\t\t\n\t\t\t\t<span class=\"et_pb_image_wrap \"><img decoding=\"async\" width=\"1440\" height=\"1080\" src=\"https:\/\/anma.fr\/wp-content\/uploads\/2020\/07\/p01-04.jpg\" alt=\"ANMA Bordeaux Logements Vall\u00e9e de la Seine\" title=\"ANMA Bordeaux Logements Vall\u00e9e de la Seine\" srcset=\"https:\/\/anma.fr\/wp-content\/uploads\/2020\/07\/p01-04.jpg 1440w, https:\/\/anma.fr\/wp-content\/uploads\/2020\/07\/p01-04-1280x960.jpg 1280w, https:\/\/anma.fr\/wp-content\/uploads\/2020\/07\/p01-04-980x735.jpg 980w, https:\/\/anma.fr\/wp-content\/uploads\/2020\/07\/p01-04-480x360.jpg 480w\" sizes=\"(min-width: 0px) and (max-width: 480px) 480px, (min-width: 481px) and (max-width: 980px) 980px, (min-width: 981px) and (max-width: 1280px) 1280px, (min-width: 1281px) 1440px, 100vw\" class=\"wp-image-232412\" \/><\/span>\n\t\t\t<\/div><div class=\"et_pb_module et_pb_text et_pb_text_1 carrousel-cell  et_pb_text_align_left et_pb_bg_layout_light\">\n\t\t\t\t\n\t\t\t\t\n\t\t\t\t\n\t\t\t\t\n\t\t\t\t<div class=\"et_pb_text_inner\"><h2><b>plan masse selon<br \/><\/b>la lumi\u00e8re et les vues<\/h2>\n<p>&nbsp;<\/p>\n<p>L\u2019\u00eelot est compos\u00e9 d\u2019un b\u00e2ti continu mais form\u00e9 de deux entit\u00e9s correspondant aux \u00e9l\u00e9ments du programme\u00a0: l\u2019immeuble Flamingo sur le parc \u2013 r\u00e9serv\u00e9 \u00e0 l\u2019accession \u2013 et l\u2019immeuble Papillon sur la rue traversi\u00e8re \u2013 r\u00e9serv\u00e9 au foyer ALIS et aux logements sociaux.<\/p>\n<p>Ces deux architectures singuli\u00e8res sont r\u00e9unies par une m\u00eame fa\u00e7ade ondulante autour d\u2019un jardin en c\u0153ur d\u2019\u00eelot. Deux grands porches permettent d\u2019y acc\u00e9der et de faire d\u00e9boucher le syst\u00e8me des passages \u00ab trap\u00e8ziens \u00bb sur le parc. L\u2019\u00eelot est contraint par sa forme g\u00e9om\u00e9trique triangulaire\u00a0: pour mieux faire p\u00e9n\u00e9trer la lumi\u00e8re en son c\u0153ur, les volumes de chaque immeuble ont \u00e9t\u00e9 creus\u00e9s dans les angles int\u00e9rieurs. Le plan masse est ainsi ajust\u00e9 en fonction des vues de chaque appartement, de param\u00e8tres de luminosit\u00e9 et d\u2019ensoleillement.<\/p><\/div>\n\t\t\t<\/div><div class=\"et_pb_with_border et_pb_module et_pb_image et_pb_image_2 carrousel-cell\">\n\t\t\t\t\n\t\t\t\t\n\t\t\t\t\n\t\t\t\t\n\t\t\t\t<span class=\"et_pb_image_wrap \"><img decoding=\"async\" width=\"1614\" height=\"1080\" src=\"https:\/\/anma.fr\/wp-content\/uploads\/2020\/07\/c-bls-pe-01-coeur-ilot.jpg\" alt=\"ANMA Bordeaux Logements Vall\u00e9e de la Seine\" title=\"ANMA Bordeaux Logements Vall\u00e9e de la Seine\" srcset=\"https:\/\/anma.fr\/wp-content\/uploads\/2020\/07\/c-bls-pe-01-coeur-ilot.jpg 1614w, https:\/\/anma.fr\/wp-content\/uploads\/2020\/07\/c-bls-pe-01-coeur-ilot-1280x857.jpg 1280w, https:\/\/anma.fr\/wp-content\/uploads\/2020\/07\/c-bls-pe-01-coeur-ilot-980x656.jpg 980w, https:\/\/anma.fr\/wp-content\/uploads\/2020\/07\/c-bls-pe-01-coeur-ilot-480x321.jpg 480w\" sizes=\"(min-width: 0px) and (max-width: 480px) 480px, (min-width: 481px) and (max-width: 980px) 980px, (min-width: 981px) and (max-width: 1280px) 1280px, (min-width: 1281px) 1614px, 100vw\" class=\"wp-image-232409\" \/><\/span>\n\t\t\t<\/div><div class=\"et_pb_module et_pb_text et_pb_text_2 carrousel-cell  et_pb_text_align_left et_pb_bg_layout_light\">\n\t\t\t\t\n\t\t\t\t\n\t\t\t\t\n\t\t\t\t\n\t\t\t\t<div class=\"et_pb_text_inner\"><h2><b>silhouette cisel\u00e9e<br \/><\/b>d\u00e9coupe progressive<\/h2>\n<p>&nbsp;<\/p>\n<p>La prolongation de l\u2019immeuble Papillon dans la cour le long du mitoyen permet de masquer le pignon du hangar voisin et de composer ainsi une int\u00e9riorit\u00e9 v\u00e9g\u00e9tale et b\u00e2tie de qualit\u00e9. Enfin, le jardin int\u00e9rieur peut s\u2019ouvrir potentiellement sur la cour d\u2019\u00e0 c\u00f4t\u00e9, celle de l\u2019immeuble en brique, permettant ainsi une liaison vers le quai Stalingrad.<\/p>\n<p>Sur le parc, l\u2019immeuble Flamingo est une composition singuli\u00e8re qui r\u00e9pond \u00e0 la volont\u00e9 de cr\u00e9er une pi\u00e8ce urbaine majeure \u00e0 l\u2019entr\u00e9e du trap\u00e8ze, mais aussi au souhait de rester \u00e0 l\u2019\u00e9chelle de la ville, en prolongement de l\u2019existant \u00e0 la mani\u00e8re d\u2019une couture. A l\u2019inverse d\u2019un effet barre monolithique, d\u2019une coupure, la silhouette du Flamingo est progressive. Elle est cisel\u00e9e, d\u00e9coup\u00e9e par cinq volumes rouges domestiques, des duplex hauts pos\u00e9s \u00e0 des hauteurs progressives sur les toits. Chaque volume poss\u00e8de sa prolongation verticale en loggias color\u00e9es dans la fa\u00e7ade, comme de grands \u00e9chassiers : les flamants roses.<\/p><\/div>\n\t\t\t<\/div><div class=\"et_pb_with_border et_pb_module et_pb_image et_pb_image_3 carrousel-cell\">\n\t\t\t\t\n\t\t\t\t\n\t\t\t\t\n\t\t\t\t\n\t\t\t\t<span class=\"et_pb_image_wrap \"><img decoding=\"async\" width=\"1544\" height=\"1080\" src=\"https:\/\/anma.fr\/wp-content\/uploads\/2020\/07\/C-BLS-PL-17-RDC-EP.jpg\" alt=\"ANMA Bordeaux Logements Vall\u00e9e de la Seine\" title=\"ANMA Bordeaux Logements Vall\u00e9e de la Seine\" srcset=\"https:\/\/anma.fr\/wp-content\/uploads\/2020\/07\/C-BLS-PL-17-RDC-EP.jpg 1544w, https:\/\/anma.fr\/wp-content\/uploads\/2020\/07\/C-BLS-PL-17-RDC-EP-1280x895.jpg 1280w, https:\/\/anma.fr\/wp-content\/uploads\/2020\/07\/C-BLS-PL-17-RDC-EP-980x685.jpg 980w, https:\/\/anma.fr\/wp-content\/uploads\/2020\/07\/C-BLS-PL-17-RDC-EP-480x336.jpg 480w\" sizes=\"(min-width: 0px) and (max-width: 480px) 480px, (min-width: 481px) and (max-width: 980px) 980px, (min-width: 981px) and (max-width: 1280px) 1280px, (min-width: 1281px) 1544px, 100vw\" class=\"wp-image-232411\" \/><\/span>\n\t\t\t<\/div><div class=\"et_pb_module et_pb_text et_pb_text_3 carrousel-cell  et_pb_text_align_left et_pb_bg_layout_light\">\n\t\t\t\t\n\t\t\t\t\n\t\t\t\t\n\t\t\t\t\n\t\t\t\t<div class=\"et_pb_text_inner\"><h2><strong>\u00c9QUIPES<\/strong> PROJET<\/h2>\n<p>&nbsp;<\/p>\n<p><strong>MA\u00ceTRISE<\/strong> <strong>D&rsquo;OEUVRE<br \/><\/strong>Architecte : ANMA<\/p>\n<p><strong>CONCOURS<br \/><\/strong>Suzie Delhay<br \/>Olivier Delepine<br \/>David Cote<\/p><\/div>\n\t\t\t<\/div><div class=\"et_pb_module et_pb_text et_pb_text_4 carrousel-cell  et_pb_text_align_left et_pb_bg_layout_light\">\n\t\t\t\t\n\t\t\t\t\n\t\t\t\t\n\t\t\t\t\n\t\t\t\t<div class=\"et_pb_text_inner\"><h2><strong>FICHE<\/strong> TECHNIQUE<\/h2>\n<p>&nbsp;<\/p>\n<p><strong>STATUT <\/strong>Concours et faisabilit\u00e9s<\/p>\n<p><strong>MA\u00ceTRISE D&rsquo;OUVRAGE<\/strong><br \/>Nexity, SAEM Val de Seine Am\u00e9nagement<\/p>\n<p><strong>CALENDRIER <\/strong>2011<\/p>\n<p><strong>SURFACE <\/strong>18 850 m\u00b2 SHON, 29 000 m\u00b2 SHOB<\/p>\n<p><strong>TRAVAUX <\/strong>24,2 M\u20ac HT<\/p>\n<p><strong>PERSPECTIVES <\/strong>Charles Wallon<\/p>\n<p>&nbsp;<\/p>\n<p><strong>VOIR +<br \/><\/strong><a href=\"https:\/\/anma.fr\/projets\/sky-56\/\">Lyon, Sky 56<\/a><br \/><a href=\"https:\/\/anma.fr\/projets\/logements-rotonde\/\">Strasbourg, Logements Rotonde<\/a><br \/><a href=\"https:\/\/anma.fr\/projets\/aeroport-de-szymany\/\">Szymany, A\u00e9roport de Szymany<\/a><\/p>\n<p>&nbsp;<\/p><\/div>\n\t\t\t<\/div>\n\t\t\t<\/div>\n\t\t\t\t\n\t\t\t\t\n\t\t\t\t\n\t\t\t\t\n\t\t\t<\/div>\n\t\t\t\t\n\t\t\t\t\n\t\t\t<\/div>\t\t<\/div>\n\t<\/div>\n\t","protected":false},"excerpt":{"rendered":"<p>Meudon, s\u00e8vreset les deux \u00eeles &nbsp; Au c\u0153ur de la vall\u00e9e de la Seine, le projet se situe dans une op\u00e9ration de requalification urbaine d\u2019un lieu majeur de m\u00e9moire industrielle : les usines Renault. Cette vall\u00e9e \u00e0 la topographie asym\u00e9trique pr\u00e9sente une alternance de coteaux raides, de coteaux doux et de plaines. Le projet est [&hellip;]<\/p>\n","protected":false},"author":1,"featured_media":232407,"parent":0,"comment_status":"open","ping_status":"closed","template":"","meta":{"_acf_changed":false,"_et_pb_use_builder":"on","_et_pb_old_content":"","_et_gb_content_width":"","footnotes":""},"project_category":[],"project_tag":[],"metier":[18],"ville":[324],"prog":[82],"statut":[40],"annee":[92],"intervention":[80],"class_list":["post-251900","project","type-project","status-publish","has-post-thumbnail","hentry"],"acf":{"choix_de_la_couleur_du_titre":"#ffffff"},"_links":{"self":[{"href":"https:\/\/anma.fr\/fr\/wp-json\/wp\/v2\/project\/251900","targetHints":{"allow":["GET"]}}],"collection":[{"href":"https:\/\/anma.fr\/fr\/wp-json\/wp\/v2\/project"}],"about":[{"href":"https:\/\/anma.fr\/fr\/wp-json\/wp\/v2\/types\/project"}],"author":[{"embeddable":true,"href":"https:\/\/anma.fr\/fr\/wp-json\/wp\/v2\/users\/1"}],"replies":[{"embeddable":true,"href":"https:\/\/anma.fr\/fr\/wp-json\/wp\/v2\/comments?post=251900"}],"version-history":[{"count":0,"href":"https:\/\/anma.fr\/fr\/wp-json\/wp\/v2\/project\/251900\/revisions"}],"wp:featuredmedia":[{"embeddable":true,"href":"https:\/\/anma.fr\/fr\/wp-json\/wp\/v2\/media\/232407"}],"wp:attachment":[{"href":"https:\/\/anma.fr\/fr\/wp-json\/wp\/v2\/media?parent=251900"}],"wp:term":[{"taxonomy":"project_category","embeddable":true,"href":"https:\/\/anma.fr\/fr\/wp-json\/wp\/v2\/project_category?post=251900"},{"taxonomy":"project_tag","embeddable":true,"href":"https:\/\/anma.fr\/fr\/wp-json\/wp\/v2\/project_tag?post=251900"},{"taxonomy":"metier","embeddable":true,"href":"https:\/\/anma.fr\/fr\/wp-json\/wp\/v2\/metier?post=251900"},{"taxonomy":"ville","embeddable":true,"href":"https:\/\/anma.fr\/fr\/wp-json\/wp\/v2\/ville?post=251900"},{"taxonomy":"prog","embeddable":true,"href":"https:\/\/anma.fr\/fr\/wp-json\/wp\/v2\/prog?post=251900"},{"taxonomy":"statut","embeddable":true,"href":"https:\/\/anma.fr\/fr\/wp-json\/wp\/v2\/statut?post=251900"},{"taxonomy":"annee","embeddable":true,"href":"https:\/\/anma.fr\/fr\/wp-json\/wp\/v2\/annee?post=251900"},{"taxonomy":"intervention","embeddable":true,"href":"https:\/\/anma.fr\/fr\/wp-json\/wp\/v2\/intervention?post=251900"}],"curies":[{"name":"wp","href":"https:\/\/api.w.org\/{rel}","templated":true}]}}