{"id":251906,"date":"2020-07-27T08:58:30","date_gmt":"2020-07-27T06:58:30","guid":{"rendered":"https:\/\/encours.studiottt.com\/anma21\/projects\/logements-atrium\/"},"modified":"2026-01-15T18:02:54","modified_gmt":"2026-01-15T17:02:54","slug":"logements-atrium","status":"publish","type":"project","link":"https:\/\/anma.fr\/fr\/projets\/logements-atrium\/","title":{"rendered":"Logements Atrium"},"content":{"rendered":"<div class=\"et-l et-l--post\">\n\t\t\t<div class=\"et_builder_inner_content et_pb_gutters3\"><div id=\"fiche-projet\" class=\"et_pb_section et_pb_section_0 et_section_regular\" >\n\t\t\t\t\n\t\t\t\t\n\t\t\t\t\n\t\t\t\t\n\t\t\t\t\n\t\t\t\t\n\t\t\t\t<div class=\"et_pb_row et_pb_row_0\">\n\t\t\t\t<div class=\"et_pb_column et_pb_column_4_4 et_pb_column_0 carousel-container  et_pb_css_mix_blend_mode_passthrough et-last-child\">\n\t\t\t\t\n\t\t\t\t\n\t\t\t\t\n\t\t\t\t\n\t\t\t\t<div class=\"et_pb_with_border et_pb_module et_pb_image et_pb_image_0 carrousel-cell\">\n\t\t\t\t\n\t\t\t\t\n\t\t\t\t\n\t\t\t\t\n\t\t\t\t<span class=\"et_pb_image_wrap \"><img decoding=\"async\" width=\"1620\" height=\"1080\" src=\"https:\/\/anma.fr\/wp-content\/uploads\/2020\/07\/01_photo-SG-2018-bassins_a_flot_-_bordeaux-IMP-A-005_WEB.jpg\" alt=\"ANMA Bordeaux Logements Atrium\" title=\"ANMA Bordeaux Logements Atrium\" srcset=\"https:\/\/anma.fr\/wp-content\/uploads\/2020\/07\/01_photo-SG-2018-bassins_a_flot_-_bordeaux-IMP-A-005_WEB.jpg 1620w, https:\/\/anma.fr\/wp-content\/uploads\/2020\/07\/01_photo-SG-2018-bassins_a_flot_-_bordeaux-IMP-A-005_WEB-1280x853.jpg 1280w, https:\/\/anma.fr\/wp-content\/uploads\/2020\/07\/01_photo-SG-2018-bassins_a_flot_-_bordeaux-IMP-A-005_WEB-980x653.jpg 980w, https:\/\/anma.fr\/wp-content\/uploads\/2020\/07\/01_photo-SG-2018-bassins_a_flot_-_bordeaux-IMP-A-005_WEB-480x320.jpg 480w\" sizes=\"(min-width: 0px) and (max-width: 480px) 480px, (min-width: 481px) and (max-width: 980px) 980px, (min-width: 981px) and (max-width: 1280px) 1280px, (min-width: 1281px) 1620px, 100vw\" class=\"wp-image-262242\" \/><\/span>\n\t\t\t<\/div><div class=\"et_pb_module et_pb_text et_pb_text_0 carrousel-cell  et_pb_text_align_left et_pb_bg_layout_light\">\n\t\t\t\t\n\t\t\t\t\n\t\t\t\t\n\t\t\t\t\n\t\t\t\t<div class=\"et_pb_text_inner\"><h2><b>deux jardins communs<br \/><\/b>interclimatiques<\/h2>\n<p>&nbsp;<\/p>\n<p>Le b\u00e2timent s\u2019ins\u00e8re dans un projet de recomposition urbaine, sur un \u00eelot situ\u00e9 dans le secteur des Bassins \u00e0 Flots, \u00e0 Bordeaux.<\/p>\n<p>L\u2019objectif g\u00e9n\u00e9ral du projet est de recomposer un ilot mixte \u2013 Achard Blanqui \u00c9trangers \u2013 o\u00f9 cohabiteront des b\u00e2timents de logements collectifs, des \u00e9quipements de proximit\u00e9, ainsi que des b\u00e2timents d\u2019activit\u00e9s conserv\u00e9s ou cr\u00e9\u00e9s.<\/p>\n<p>Con\u00e7us dans la logique d\u2019un hangar habit\u00e9, les 345 logements sont r\u00e9partis en deux corps de b\u00e2timent de 10 m d\u2019\u00e9paisseur, implant\u00e9s parall\u00e8lement de part et d\u2019autre d\u2019un jardin commun couvert. Les deux corps de b\u00e2timent sont traversants et orient\u00e9s est-ouest. Leur distribution s\u2019effectue par quatre halls d\u2019acc\u00e8s, des coursives et des passerelles qui franchissent le volume de l\u2019atrium.<\/p><\/div>\n\t\t\t<\/div><div class=\"et_pb_with_border et_pb_module et_pb_image et_pb_image_1 carrousel-cell\">\n\t\t\t\t\n\t\t\t\t\n\t\t\t\t\n\t\t\t\t\n\t\t\t\t<span class=\"et_pb_image_wrap \"><img decoding=\"async\" width=\"720\" height=\"1080\" src=\"https:\/\/anma.fr\/wp-content\/uploads\/2020\/07\/02.jpg\" alt=\"ANMA Bordeaux Logements Atrium\" title=\"ANMA Bordeaux Logements Atrium\" srcset=\"https:\/\/anma.fr\/wp-content\/uploads\/2020\/07\/02.jpg 720w, https:\/\/anma.fr\/wp-content\/uploads\/2020\/07\/02-480x720.jpg 480w\" sizes=\"(min-width: 0px) and (max-width: 480px) 480px, (min-width: 481px) 720px, 100vw\" class=\"wp-image-262244\" \/><\/span>\n\t\t\t<\/div><div class=\"et_pb_module et_pb_text et_pb_text_1 carrousel-cell  et_pb_text_align_left et_pb_bg_layout_light\">\n\t\t\t\t\n\t\t\t\t\n\t\t\t\t\n\t\t\t\t\n\t\t\t\t<div class=\"et_pb_text_inner\"><h2><b>ventilation naturelle<br \/><\/b>toit photovolta\u00efque<\/h2>\n<p>&nbsp;<\/p>\n<p>Cette disposition d\u00e9gage un espace central de 15.50 m de largeur qui est occup\u00e9 par le parc de stationnement au rez-de-chauss\u00e9e et un jardin plant\u00e9 sur la dalle du niveau R+1, espace commun et partag\u00e9 par tous les habitants.<\/p>\n<p>Dans la logique des hangars pr\u00e9sents sur le site, ce grand volume est couvert d\u2019une toiture compos\u00e9e d\u2019une succession de sheds orient\u00e9s nord\/sud.<\/p>\n<p>Les pans orient\u00e9s au sud sont \u00e9quip\u00e9s de panneaux photovolta\u00efques, tandis que les pans au nord au-dessus du jardin commun sont vitr\u00e9s et comportent des ouvrants pour la ventilation. Les tympans orient\u00e9s est\/ouest sont \u00e9quip\u00e9s de ventelles manuelles \u00e9galement vitr\u00e9es.<\/p><\/div>\n\t\t\t<\/div><div class=\"et_pb_with_border et_pb_module et_pb_image et_pb_image_2 carrousel-cell\">\n\t\t\t\t\n\t\t\t\t\n\t\t\t\t\n\t\t\t\t\n\t\t\t\t<span class=\"et_pb_image_wrap \"><img decoding=\"async\" width=\"1620\" height=\"1080\" src=\"https:\/\/anma.fr\/wp-content\/uploads\/2020\/07\/03.jpg\" alt=\"ANMA Bordeaux Logements Atrium\" title=\"ANMA Bordeaux Logements Atrium\" srcset=\"https:\/\/anma.fr\/wp-content\/uploads\/2020\/07\/03.jpg 1620w, https:\/\/anma.fr\/wp-content\/uploads\/2020\/07\/03-1280x853.jpg 1280w, https:\/\/anma.fr\/wp-content\/uploads\/2020\/07\/03-980x653.jpg 980w, https:\/\/anma.fr\/wp-content\/uploads\/2020\/07\/03-480x320.jpg 480w\" sizes=\"(min-width: 0px) and (max-width: 480px) 480px, (min-width: 481px) and (max-width: 980px) 980px, (min-width: 981px) and (max-width: 1280px) 1280px, (min-width: 1281px) 1620px, 100vw\" class=\"wp-image-262246\" \/><\/span>\n\t\t\t<\/div><div class=\"et_pb_module et_pb_text et_pb_text_2 carrousel-cell  et_pb_text_align_left et_pb_bg_layout_light\">\n\t\t\t\t\n\t\t\t\t\n\t\t\t\t\n\t\t\t\t\n\t\t\t\t<div class=\"et_pb_text_inner\"><h2><b>un atrium\u00a0<\/b>durable<\/h2>\n<p>&nbsp;<\/p>\n<p>Ventil\u00e9 naturellement, ce vaste atrium constitue un espace inter-climatique. En \u00e9t\u00e9, la ventilation permet de maintenir une temp\u00e9rature de confort. Le jour, la chaleur est \u00e9vacu\u00e9e par de larges ouvrants situ\u00e9s sur les tympans tandis que la nuit, la ventilation est maintenue, et l\u2019espace profite de l\u2019inertie thermique de la terre et des structures b\u00e9ton.<\/p>\n<p>En hiver, l\u2019espace central accumule la chaleur rayonnante du soleil capt\u00e9e par les toitures sud et diffus\u00e9e par conduction vers l\u2019int\u00e9rieur. De m\u00eame, le rayonnement solaire traversant les tympans contribue au r\u00e9chauffement des parois et de la terre v\u00e9g\u00e9tale.<\/p>\n<p>L\u2019air chaud ainsi stock\u00e9 contribue \u00e0 limiter les besoins de chauffage des logements, et r\u00e9duit consid\u00e9rablement l\u2019isolation n\u00e9cessaire des fa\u00e7ades sur le jardin. Cet atrium couvert d\u2019une verri\u00e8re assure donc un apport \u00e9nerg\u00e9tique consid\u00e9rable.<\/p>\n<p>&nbsp;<\/p><\/div>\n\t\t\t<\/div><div class=\"et_pb_with_border et_pb_module et_pb_image et_pb_image_3 carrousel-cell\">\n\t\t\t\t\n\t\t\t\t\n\t\t\t\t\n\t\t\t\t\n\t\t\t\t<span class=\"et_pb_image_wrap \"><img decoding=\"async\" width=\"1618\" height=\"1080\" src=\"https:\/\/anma.fr\/wp-content\/uploads\/2020\/07\/05_DSC_8206_WEB.jpg\" alt=\"ANMA Bordeaux Logements Atrium\" title=\"ANMA Bordeaux Logements Atrium\" srcset=\"https:\/\/anma.fr\/wp-content\/uploads\/2020\/07\/05_DSC_8206_WEB.jpg 1618w, https:\/\/anma.fr\/wp-content\/uploads\/2020\/07\/05_DSC_8206_WEB-1280x854.jpg 1280w, https:\/\/anma.fr\/wp-content\/uploads\/2020\/07\/05_DSC_8206_WEB-980x654.jpg 980w, https:\/\/anma.fr\/wp-content\/uploads\/2020\/07\/05_DSC_8206_WEB-480x320.jpg 480w\" sizes=\"(min-width: 0px) and (max-width: 480px) 480px, (min-width: 481px) and (max-width: 980px) 980px, (min-width: 981px) and (max-width: 1280px) 1280px, (min-width: 1281px) 1618px, 100vw\" class=\"wp-image-262250\" \/><\/span>\n\t\t\t<\/div><div class=\"et_pb_module et_pb_text et_pb_text_3 carrousel-cell  et_pb_text_align_left et_pb_bg_layout_light\">\n\t\t\t\t\n\t\t\t\t\n\t\t\t\t\n\t\t\t\t\n\t\t\t\t<div class=\"et_pb_text_inner\"><h2><b>intimit\u00e9\u00a0<\/b>v\u00e9g\u00e9tale<\/h2>\n<p>&nbsp;<\/p>\n<p>Le jardin couvert se d\u00e9veloppe sur une surface de 1500 m\u00b2 environ. La v\u00e9g\u00e9tation la plus haute se trouve au centre et accompagne le cheminement. A proximit\u00e9 des fa\u00e7ades, la hauteur v\u00e9g\u00e9tale d\u00e9cro\u00eet pour arriver \u00e0 une v\u00e9g\u00e9tation de lande en bordure de b\u00e2ti. Des mouvements de terrain augmentent le volume de terre pour h\u00e9berger les plus grands sujets.<\/p>\n<p>La temp\u00e9rature r\u00e9gnant dans l\u2019espace inter-climatique permet d&rsquo;accueillir une v\u00e9g\u00e9tation de climat temp\u00e9r\u00e9 et oc\u00e9anique et m\u00eame m\u00e9diterran\u00e9enne. Un paillage agr\u00e9mente les espaces entre les plants et maintient une certaine humidit\u00e9 au sol limitant aussi l\u2019arrosage. Cette v\u00e9g\u00e9tation participe \u00e0 la mise \u00e0 distance des logements vis-\u00e0-vis des circulations.<\/p>\n<p>Au sud, un belv\u00e9d\u00e8re offre des perspectives sur les paysages environnants.<\/p><\/div>\n\t\t\t<\/div><div class=\"et_pb_with_border et_pb_module et_pb_image et_pb_image_4 carrousel-cell\">\n\t\t\t\t\n\t\t\t\t\n\t\t\t\t\n\t\t\t\t\n\t\t\t\t<span class=\"et_pb_image_wrap \"><img decoding=\"async\" width=\"1618\" height=\"1080\" src=\"https:\/\/anma.fr\/wp-content\/uploads\/2020\/07\/04_DSC_8157_WEB.jpg\" alt=\"ANMA Bordeaux Logements Atrium\" title=\"ANMA Bordeaux Logements Atrium\" srcset=\"https:\/\/anma.fr\/wp-content\/uploads\/2020\/07\/04_DSC_8157_WEB.jpg 1618w, https:\/\/anma.fr\/wp-content\/uploads\/2020\/07\/04_DSC_8157_WEB-1280x854.jpg 1280w, https:\/\/anma.fr\/wp-content\/uploads\/2020\/07\/04_DSC_8157_WEB-980x654.jpg 980w, https:\/\/anma.fr\/wp-content\/uploads\/2020\/07\/04_DSC_8157_WEB-480x320.jpg 480w\" sizes=\"(min-width: 0px) and (max-width: 480px) 480px, (min-width: 481px) and (max-width: 980px) 980px, (min-width: 981px) and (max-width: 1280px) 1280px, (min-width: 1281px) 1618px, 100vw\" class=\"wp-image-262252\" \/><\/span>\n\t\t\t<\/div><div class=\"et_pb_module et_pb_text et_pb_text_4 carrousel-cell  et_pb_text_align_left et_pb_bg_layout_light\">\n\t\t\t\t\n\t\t\t\t\n\t\t\t\t\n\t\t\t\t\n\t\t\t\t<div class=\"et_pb_text_inner\"><h2><strong>\u00c9QUIPES<\/strong> PROJET<\/h2>\n<p>&nbsp;<\/p>\n<p><strong>MA\u00ceTRISE<\/strong> <strong>D&rsquo;OEUVRE<br \/><\/strong>Architecte : ANMA<br \/>Fluide, HQE : Alto<br \/>Structure : Batiserf<br \/>\u00c9conomie : Michel Forgue<br \/>VRD : Cetab<br \/>Acoustique : Peutz &amp; Associ\u00e9s<br \/>\u00c9clairage : 8-18<\/p>\n<p><strong>CONCOURS<br \/><\/strong>H\u00e9l\u00e8ne Galifer<\/p>\n<p><strong>\u00c9TUDES<br \/><\/strong>H\u00e9l\u00e8ne Galifer<br \/>Ronan Le Hyaric<\/p>\n<p><strong>CHANTIER<br \/><\/strong>Bruno Isambert<br \/>Matthieu Miquel<\/p><\/div>\n\t\t\t<\/div><div class=\"et_pb_with_border et_pb_module et_pb_image et_pb_image_5 carrousel-cell\">\n\t\t\t\t\n\t\t\t\t\n\t\t\t\t\n\t\t\t\t\n\t\t\t\t<span class=\"et_pb_image_wrap \"><img decoding=\"async\" width=\"1441\" height=\"1080\" src=\"https:\/\/anma.fr\/wp-content\/uploads\/2020\/07\/wec1504_ANMA_BF_0665.jpg\" alt=\"ANMA Bordeaux Logements Atrium\" title=\"ANMA Bordeaux Logements Atrium\" srcset=\"https:\/\/anma.fr\/wp-content\/uploads\/2020\/07\/wec1504_ANMA_BF_0665.jpg 1441w, https:\/\/anma.fr\/wp-content\/uploads\/2020\/07\/wec1504_ANMA_BF_0665-1280x959.jpg 1280w, https:\/\/anma.fr\/wp-content\/uploads\/2020\/07\/wec1504_ANMA_BF_0665-980x734.jpg 980w, https:\/\/anma.fr\/wp-content\/uploads\/2020\/07\/wec1504_ANMA_BF_0665-480x360.jpg 480w\" sizes=\"(min-width: 0px) and (max-width: 480px) 480px, (min-width: 481px) and (max-width: 980px) 980px, (min-width: 981px) and (max-width: 1280px) 1280px, (min-width: 1281px) 1441px, 100vw\" class=\"wp-image-232487\" \/><\/span>\n\t\t\t<\/div><div class=\"et_pb_module et_pb_text et_pb_text_5 carrousel-cell  et_pb_text_align_left et_pb_bg_layout_light\">\n\t\t\t\t\n\t\t\t\t\n\t\t\t\t\n\t\t\t\t\n\t\t\t\t<div class=\"et_pb_text_inner\"><h2><strong>FICHE<\/strong> TECHNIQUE<\/h2>\n<p>&nbsp;<\/p>\n<p><strong>STATUT <\/strong>R\u00e9alis\u00e9<\/p>\n<p><strong>MA\u00ceTRISE D&rsquo;OUVRAGE <\/strong>Domofrance, Nexity<\/p>\n<p><strong>CALENDRIER <\/strong>2014<\/p>\n<p><strong>SURFACE <\/strong>27 360 m\u00b2 SHON<\/p>\n<p><strong>TRAVAUX <\/strong>30 M\u20ac HT<\/p>\n<p><strong>CERTIFICATIONS <\/strong>H&amp;E, BBC<\/p>\n<p><strong>PERSPECTIVES <\/strong>1 Plan<\/p>\n<p><strong> PHOTOGRAPHIE<\/strong> Cyrille Weiner, Sergio Grazia<\/p>\n<p>&nbsp;<\/p>\n<p><strong>VOIR +<br \/><\/strong><a href=\"https:\/\/anma.fr\/projets\/bassins-a-flot\/\">Bordeaux, Bassins \u00e0 Flot<\/a><br \/><a href=\"https:\/\/anma.fr\/projets\/halle-boca\/\">Bordeaux, Halle Boca<\/a><br \/><a href=\"https:\/\/anma.fr\/projets\/logements-lucien-faure\/\">Bordeaux, Logements Lucien Faure<\/a><\/p><\/div>\n\t\t\t<\/div>\n\t\t\t<\/div>\n\t\t\t\t\n\t\t\t\t\n\t\t\t\t\n\t\t\t\t\n\t\t\t<\/div>\n\t\t\t\t\n\t\t\t\t\n\t\t\t<\/div>\t\t<\/div>\n\t<\/div>\n\t","protected":false},"excerpt":{"rendered":"<p>deux jardins communsinterclimatiques &nbsp; Le b\u00e2timent s\u2019ins\u00e8re dans un projet de recomposition urbaine, sur un \u00eelot situ\u00e9 dans le secteur des Bassins \u00e0 Flots, \u00e0 Bordeaux. L\u2019objectif g\u00e9n\u00e9ral du projet est de recomposer un ilot mixte \u2013 Achard Blanqui \u00c9trangers \u2013 o\u00f9 cohabiteront des b\u00e2timents de logements collectifs, des \u00e9quipements de proximit\u00e9, ainsi que des [&hellip;]<\/p>\n","protected":false},"author":1,"featured_media":232478,"parent":0,"comment_status":"open","ping_status":"closed","template":"","meta":{"_acf_changed":false,"_et_pb_use_builder":"on","_et_pb_old_content":"","_et_gb_content_width":"","footnotes":""},"project_category":[],"project_tag":[],"metier":[18],"ville":[59],"prog":[82],"statut":[39],"annee":[96],"intervention":[80],"class_list":["post-251906","project","type-project","status-publish","has-post-thumbnail","hentry"],"acf":{"choix_de_la_couleur_du_titre":"#ffffff"},"_links":{"self":[{"href":"https:\/\/anma.fr\/fr\/wp-json\/wp\/v2\/project\/251906","targetHints":{"allow":["GET"]}}],"collection":[{"href":"https:\/\/anma.fr\/fr\/wp-json\/wp\/v2\/project"}],"about":[{"href":"https:\/\/anma.fr\/fr\/wp-json\/wp\/v2\/types\/project"}],"author":[{"embeddable":true,"href":"https:\/\/anma.fr\/fr\/wp-json\/wp\/v2\/users\/1"}],"replies":[{"embeddable":true,"href":"https:\/\/anma.fr\/fr\/wp-json\/wp\/v2\/comments?post=251906"}],"version-history":[{"count":1,"href":"https:\/\/anma.fr\/fr\/wp-json\/wp\/v2\/project\/251906\/revisions"}],"predecessor-version":[{"id":262254,"href":"https:\/\/anma.fr\/fr\/wp-json\/wp\/v2\/project\/251906\/revisions\/262254"}],"wp:featuredmedia":[{"embeddable":true,"href":"https:\/\/anma.fr\/fr\/wp-json\/wp\/v2\/media\/232478"}],"wp:attachment":[{"href":"https:\/\/anma.fr\/fr\/wp-json\/wp\/v2\/media?parent=251906"}],"wp:term":[{"taxonomy":"project_category","embeddable":true,"href":"https:\/\/anma.fr\/fr\/wp-json\/wp\/v2\/project_category?post=251906"},{"taxonomy":"project_tag","embeddable":true,"href":"https:\/\/anma.fr\/fr\/wp-json\/wp\/v2\/project_tag?post=251906"},{"taxonomy":"metier","embeddable":true,"href":"https:\/\/anma.fr\/fr\/wp-json\/wp\/v2\/metier?post=251906"},{"taxonomy":"ville","embeddable":true,"href":"https:\/\/anma.fr\/fr\/wp-json\/wp\/v2\/ville?post=251906"},{"taxonomy":"prog","embeddable":true,"href":"https:\/\/anma.fr\/fr\/wp-json\/wp\/v2\/prog?post=251906"},{"taxonomy":"statut","embeddable":true,"href":"https:\/\/anma.fr\/fr\/wp-json\/wp\/v2\/statut?post=251906"},{"taxonomy":"annee","embeddable":true,"href":"https:\/\/anma.fr\/fr\/wp-json\/wp\/v2\/annee?post=251906"},{"taxonomy":"intervention","embeddable":true,"href":"https:\/\/anma.fr\/fr\/wp-json\/wp\/v2\/intervention?post=251906"}],"curies":[{"name":"wp","href":"https:\/\/api.w.org\/{rel}","templated":true}]}}