{"id":251928,"date":"2020-07-27T14:21:13","date_gmt":"2020-07-27T12:21:13","guid":{"rendered":"https:\/\/encours.studiottt.com\/anma21\/projects\/ministere-de-la-defense\/"},"modified":"2025-12-01T16:55:30","modified_gmt":"2025-12-01T15:55:30","slug":"ministere-de-la-defense","status":"publish","type":"project","link":"https:\/\/anma.fr\/fr\/projets\/ministere-de-la-defense\/","title":{"rendered":"Minist\u00e8re de la D\u00e9fense"},"content":{"rendered":"<div class=\"et-l et-l--post\">\n\t\t\t<div class=\"et_builder_inner_content et_pb_gutters3\"><div id=\"fiche-projet\" class=\"et_pb_section et_pb_section_0 et_section_regular\" >\n\t\t\t\t\n\t\t\t\t\n\t\t\t\t\n\t\t\t\t\n\t\t\t\t\n\t\t\t\t\n\t\t\t\t<div class=\"et_pb_row et_pb_row_0\">\n\t\t\t\t<div class=\"et_pb_column et_pb_column_4_4 et_pb_column_0 carousel-container  et_pb_css_mix_blend_mode_passthrough et-last-child\">\n\t\t\t\t\n\t\t\t\t\n\t\t\t\t\n\t\t\t\t\n\t\t\t\t<div class=\"et_pb_with_border et_pb_module et_pb_image et_pb_image_0 carrousel-cell\">\n\t\t\t\t\n\t\t\t\t\n\t\t\t\t\n\t\t\t\t\n\t\t\t\t<span class=\"et_pb_image_wrap \"><img decoding=\"async\" width=\"1622\" height=\"1080\" src=\"https:\/\/anma.fr\/wp-content\/uploads\/2020\/07\/2015_ASAP_095_003_019.jpg\" alt=\"ANMA Paris Minist\u00e8re de la D\u00e9fense\" title=\"ANMA Paris Minist\u00e8re de la D\u00e9fense\" srcset=\"https:\/\/anma.fr\/wp-content\/uploads\/2020\/07\/2015_ASAP_095_003_019.jpg 1622w, https:\/\/anma.fr\/wp-content\/uploads\/2020\/07\/2015_ASAP_095_003_019-1280x852.jpg 1280w, https:\/\/anma.fr\/wp-content\/uploads\/2020\/07\/2015_ASAP_095_003_019-980x653.jpg 980w, https:\/\/anma.fr\/wp-content\/uploads\/2020\/07\/2015_ASAP_095_003_019-480x320.jpg 480w\" sizes=\"(min-width: 0px) and (max-width: 480px) 480px, (min-width: 481px) and (max-width: 980px) 980px, (min-width: 981px) and (max-width: 1280px) 1280px, (min-width: 1281px) 1622px, 100vw\" class=\"wp-image-232866\" \/><\/span>\n\t\t\t<\/div><div class=\"et_pb_module et_pb_text et_pb_text_0 carrousel-cell  et_pb_text_align_left et_pb_bg_layout_light\">\n\t\t\t\t\n\t\t\t\t\n\t\t\t\t\n\t\t\t\t\n\t\t\t\t<div class=\"et_pb_text_inner\"><h2><b>une machine <br \/><\/b>naturelle<\/h2>\n<p>&nbsp;<\/p>\n<p style=\"vertical-align: baseline; margin: 0cm 0cm 15.75pt 0cm;\">Le nouveau si\u00e8ge du Minist\u00e8re de la D\u00e9fense sur le site de Balard est con\u00e7u comme une machine naturelle pouvant fonctionner de mani\u00e8re autonome 80% du temps. Il se caract\u00e9rise par une fa\u00e7ade alternant transparence et opacit\u00e9, des b\u00e2timents sur pilotis r\u00e9partis autour de patios, une vaste toiture en pans m\u00e9talliques inclin\u00e9s, et des performances \u00e9nerg\u00e9tiques bien au-del\u00e0 de la r\u00e9glementation la plus r\u00e9cente. Le projet Balard permet de r\u00e9unir en un m\u00eame lieu les \u00e9tats\u2013majors \u2013 EMA, EMAT, EMM, EMAA \u2013 actuellement dispers\u00e9s sur trois sites s\u00e9par\u00e9s.<\/p><\/div>\n\t\t\t<\/div><div class=\"et_pb_with_border et_pb_module et_pb_image et_pb_image_1 carrousel-cell\">\n\t\t\t\t\n\t\t\t\t\n\t\t\t\t\n\t\t\t\t\n\t\t\t\t<span class=\"et_pb_image_wrap \"><img decoding=\"async\" width=\"1620\" height=\"1080\" src=\"https:\/\/anma.fr\/wp-content\/uploads\/2020\/07\/ICS3227-copie.jpg\" alt=\"ANMA Paris Minist\u00e8re de la D\u00e9fense\" title=\"ANMA Paris Minist\u00e8re de la D\u00e9fense\" srcset=\"https:\/\/anma.fr\/wp-content\/uploads\/2020\/07\/ICS3227-copie.jpg 1620w, https:\/\/anma.fr\/wp-content\/uploads\/2020\/07\/ICS3227-copie-1280x853.jpg 1280w, https:\/\/anma.fr\/wp-content\/uploads\/2020\/07\/ICS3227-copie-980x653.jpg 980w, https:\/\/anma.fr\/wp-content\/uploads\/2020\/07\/ICS3227-copie-480x320.jpg 480w\" sizes=\"(min-width: 0px) and (max-width: 480px) 480px, (min-width: 481px) and (max-width: 980px) 980px, (min-width: 981px) and (max-width: 1280px) 1280px, (min-width: 1281px) 1620px, 100vw\" class=\"wp-image-232863\" \/><\/span>\n\t\t\t<\/div><div class=\"et_pb_with_border et_pb_module et_pb_image et_pb_image_2 carrousel-cell\">\n\t\t\t\t\n\t\t\t\t\n\t\t\t\t\n\t\t\t\t\n\t\t\t\t<span class=\"et_pb_image_wrap \"><img decoding=\"async\" width=\"1620\" height=\"1080\" src=\"https:\/\/anma.fr\/wp-content\/uploads\/2020\/07\/ICS0987-copie.jpg\" alt=\"ANMA Paris Minist\u00e8re de la D\u00e9fense\" title=\"ANMA Paris Minist\u00e8re de la D\u00e9fense\" srcset=\"https:\/\/anma.fr\/wp-content\/uploads\/2020\/07\/ICS0987-copie.jpg 1620w, https:\/\/anma.fr\/wp-content\/uploads\/2020\/07\/ICS0987-copie-1280x853.jpg 1280w, https:\/\/anma.fr\/wp-content\/uploads\/2020\/07\/ICS0987-copie-980x653.jpg 980w, https:\/\/anma.fr\/wp-content\/uploads\/2020\/07\/ICS0987-copie-480x320.jpg 480w\" sizes=\"(min-width: 0px) and (max-width: 480px) 480px, (min-width: 481px) and (max-width: 980px) 980px, (min-width: 981px) and (max-width: 1280px) 1280px, (min-width: 1281px) 1620px, 100vw\" class=\"wp-image-232857\" \/><\/span>\n\t\t\t<\/div><div class=\"et_pb_with_border et_pb_module et_pb_image et_pb_image_3 carrousel-cell\">\n\t\t\t\t\n\t\t\t\t\n\t\t\t\t\n\t\t\t\t\n\t\t\t\t<span class=\"et_pb_image_wrap \"><img decoding=\"async\" width=\"1206\" height=\"1080\" src=\"https:\/\/anma.fr\/wp-content\/uploads\/2020\/07\/ICS3390-copie.jpg\" alt=\"ANMA Paris Minist\u00e8re de la D\u00e9fense\" title=\"ANMA Paris Minist\u00e8re de la D\u00e9fense\" srcset=\"https:\/\/anma.fr\/wp-content\/uploads\/2020\/07\/ICS3390-copie.jpg 1206w, https:\/\/anma.fr\/wp-content\/uploads\/2020\/07\/ICS3390-copie-980x878.jpg 980w, https:\/\/anma.fr\/wp-content\/uploads\/2020\/07\/ICS3390-copie-480x430.jpg 480w\" sizes=\"(min-width: 0px) and (max-width: 480px) 480px, (min-width: 481px) and (max-width: 980px) 980px, (min-width: 981px) 1206px, 100vw\" class=\"wp-image-232864\" \/><\/span>\n\t\t\t<\/div><div class=\"et_pb_module et_pb_text et_pb_text_1 carrousel-cell  et_pb_text_align_left et_pb_bg_layout_light\">\n\t\t\t\t\n\t\t\t\t\n\t\t\t\t\n\t\t\t\t\n\t\t\t\t<div class=\"et_pb_text_inner\"><h2><b>une enceinte <br \/><\/b>discr\u00e8te<b><br \/><\/b><\/h2>\n<p>&nbsp;<\/p>\n<p style=\"vertical-align: baseline; margin: 0cm 0cm 15.75pt 0cm;\">Il s\u2019agit d\u2019un b\u00e2timent composite, r\u00e9galien et monumental mais aussi discret et furtif. Sa fa\u00e7ade ext\u00e9rieure dessine une longue enceinte blanche form\u00e9e de strates. Elles expriment en la complexit\u00e9 et la s\u00e9r\u00e9nit\u00e9, le si\u00e8ge d\u2019une pens\u00e9e qui travaille \u00e0 pr\u00e9server les \u00e9quilibres du monde.<\/p>\n<p style=\"vertical-align: baseline; margin: 0cm 0cm 15.75pt 0cm;\">\u00c0 l\u2019image d\u2019une falaise, des mat\u00e9riaux blancs alternent en couches horizontales\u00a0: du verre s\u00e9rigraphi\u00e9 plus ou moins transparent au verre c\u00e9ramique plus ou moins opaque, brillant et mat. Cette fa\u00e7ade monumentale est vivante, vibre avec la lumi\u00e8re, prot\u00e8ge le minist\u00e8re et s\u00e9curise son int\u00e9rieur.<\/p><\/div>\n\t\t\t<\/div><div class=\"et_pb_with_border et_pb_module et_pb_image et_pb_image_4 carrousel-cell\">\n\t\t\t\t\n\t\t\t\t\n\t\t\t\t\n\t\t\t\t\n\t\t\t\t<span class=\"et_pb_image_wrap \"><img decoding=\"async\" width=\"1620\" height=\"1080\" src=\"https:\/\/anma.fr\/wp-content\/uploads\/2020\/07\/ICS2844.jpg\" alt=\"ANMA Paris Minist\u00e8re de la D\u00e9fense\" title=\"ANMA Paris Minist\u00e8re de la D\u00e9fense\" srcset=\"https:\/\/anma.fr\/wp-content\/uploads\/2020\/07\/ICS2844.jpg 1620w, https:\/\/anma.fr\/wp-content\/uploads\/2020\/07\/ICS2844-1280x853.jpg 1280w, https:\/\/anma.fr\/wp-content\/uploads\/2020\/07\/ICS2844-980x653.jpg 980w, https:\/\/anma.fr\/wp-content\/uploads\/2020\/07\/ICS2844-480x320.jpg 480w\" sizes=\"(min-width: 0px) and (max-width: 480px) 480px, (min-width: 481px) and (max-width: 980px) 980px, (min-width: 981px) and (max-width: 1280px) 1280px, (min-width: 1281px) 1620px, 100vw\" class=\"wp-image-232861\" \/><\/span>\n\t\t\t<\/div><div class=\"et_pb_with_border et_pb_module et_pb_image et_pb_image_5 carrousel-cell\">\n\t\t\t\t\n\t\t\t\t\n\t\t\t\t\n\t\t\t\t\n\t\t\t\t<span class=\"et_pb_image_wrap \"><img decoding=\"async\" width=\"1073\" height=\"1080\" src=\"https:\/\/anma.fr\/wp-content\/uploads\/2020\/07\/B8A2132-Panorama.jpg\" alt=\"ANMA Paris Minist\u00e8re de la D\u00e9fense\" title=\"ANMA Paris Minist\u00e8re de la D\u00e9fense\" srcset=\"https:\/\/anma.fr\/wp-content\/uploads\/2020\/07\/B8A2132-Panorama.jpg 1073w, https:\/\/anma.fr\/wp-content\/uploads\/2020\/07\/B8A2132-Panorama-980x986.jpg 980w, https:\/\/anma.fr\/wp-content\/uploads\/2020\/07\/B8A2132-Panorama-480x483.jpg 480w\" sizes=\"(min-width: 0px) and (max-width: 480px) 480px, (min-width: 481px) and (max-width: 980px) 980px, (min-width: 981px) 1073px, 100vw\" class=\"wp-image-232856\" \/><\/span>\n\t\t\t<\/div><div class=\"et_pb_module et_pb_text et_pb_text_2 carrousel-cell  et_pb_text_align_left et_pb_bg_layout_light\">\n\t\t\t\t\n\t\t\t\t\n\t\t\t\t\n\t\t\t\t\n\t\t\t\t<div class=\"et_pb_text_inner\"><h2><b>une architecture<br \/><\/b>furtive<\/h2>\n<p>&nbsp;<\/p>\n<p style=\"margin: 0cm; margin-bottom: .0001pt; vertical-align: baseline;\">Sur le p\u00e9riph\u00e9rique, cette fa\u00e7ade dispara\u00eet car le b\u00e2timent s\u2019est peu \u00e0 peu inclin\u00e9, ne laissant plus voir que sa toiture.<\/p>\n<p style=\"margin: 0cm; margin-bottom: .0001pt; vertical-align: baseline;\">Cette toiture est une grande topographie insolite dans le paysage parisien, une architecture furtive compos\u00e9e de pans m\u00e9talliques assembl\u00e9s comme dans un origami et de trois chemin\u00e9es symbolisant les trois corps d\u2019arm\u00e9e r\u00e9unis. Le tout forme une g\u00e9om\u00e9trie dynamique qui s\u2019enroule autour d\u2019un c\u0153ur, l\u2019Hexagone, lieu des hautes autorit\u00e9s et du p\u00f4le op\u00e9rationnel.<\/p><\/div>\n\t\t\t<\/div><div class=\"et_pb_with_border et_pb_module et_pb_image et_pb_image_6 carrousel-cell\">\n\t\t\t\t\n\t\t\t\t\n\t\t\t\t\n\t\t\t\t\n\t\t\t\t<span class=\"et_pb_image_wrap \"><img decoding=\"async\" width=\"720\" height=\"1080\" src=\"https:\/\/anma.fr\/wp-content\/uploads\/2020\/07\/ICS1597-copie.jpg\" alt=\"ANMA Paris Minist\u00e8re de la D\u00e9fense\" title=\"ANMA Paris Minist\u00e8re de la D\u00e9fense\" srcset=\"https:\/\/anma.fr\/wp-content\/uploads\/2020\/07\/ICS1597-copie.jpg 720w, https:\/\/anma.fr\/wp-content\/uploads\/2020\/07\/ICS1597-copie-480x720.jpg 480w\" sizes=\"(min-width: 0px) and (max-width: 480px) 480px, (min-width: 481px) 720px, 100vw\" class=\"wp-image-232859\" \/><\/span>\n\t\t\t<\/div><div class=\"et_pb_with_border et_pb_module et_pb_image et_pb_image_7 carrousel-cell\">\n\t\t\t\t\n\t\t\t\t\n\t\t\t\t\n\t\t\t\t\n\t\t\t\t<span class=\"et_pb_image_wrap \"><img decoding=\"async\" width=\"720\" height=\"1080\" src=\"https:\/\/anma.fr\/wp-content\/uploads\/2020\/07\/ICS1287-copie.jpg\" alt=\"ANMA Paris Minist\u00e8re de la D\u00e9fense\" title=\"ANMA Paris Minist\u00e8re de la D\u00e9fense\" srcset=\"https:\/\/anma.fr\/wp-content\/uploads\/2020\/07\/ICS1287-copie.jpg 720w, https:\/\/anma.fr\/wp-content\/uploads\/2020\/07\/ICS1287-copie-480x720.jpg 480w\" sizes=\"(min-width: 0px) and (max-width: 480px) 480px, (min-width: 481px) 720px, 100vw\" class=\"wp-image-232858\" \/><\/span>\n\t\t\t<\/div><div class=\"et_pb_with_border et_pb_module et_pb_image et_pb_image_8 carrousel-cell\">\n\t\t\t\t\n\t\t\t\t\n\t\t\t\t\n\t\t\t\t\n\t\t\t\t<span class=\"et_pb_image_wrap \"><img decoding=\"async\" width=\"720\" height=\"1080\" src=\"https:\/\/anma.fr\/wp-content\/uploads\/2020\/07\/ICS3026-copie.jpg\" alt=\"ANMA Paris Minist\u00e8re de la D\u00e9fense\" title=\"ANMA Paris Minist\u00e8re de la D\u00e9fense\" srcset=\"https:\/\/anma.fr\/wp-content\/uploads\/2020\/07\/ICS3026-copie.jpg 720w, https:\/\/anma.fr\/wp-content\/uploads\/2020\/07\/ICS3026-copie-480x720.jpg 480w\" sizes=\"(min-width: 0px) and (max-width: 480px) 480px, (min-width: 481px) 720px, 100vw\" class=\"wp-image-232862\" \/><\/span>\n\t\t\t<\/div><div class=\"et_pb_module et_pb_text et_pb_text_3 carrousel-cell  et_pb_text_align_left et_pb_bg_layout_light\">\n\t\t\t\t\n\t\t\t\t\n\t\t\t\t\n\t\t\t\t\n\t\t\t\t<div class=\"et_pb_text_inner\"><h2><b>un jardin\u00a0<br \/><\/b>de 2 hectares<\/h2>\n<p>&nbsp;<\/p>\n<p>Peu de gens le savent, derri\u00e8re les fa\u00e7ades de l&rsquo;Hexagone Balard se cache l&rsquo;un des jardins les plus confidentiels de Paris. Juch\u00e9s sur pilotis, les 163 000 m\u00b2 de bureaux de la parcelle Vallin, pi\u00e8ce ma\u00eetresse de la r\u00e9union des trois arm\u00e9es sur le site de Balard, lib\u00e8rent l&rsquo;int\u00e9gralit\u00e9 des sols et d\u00e9voilent une dizaine de patios plant\u00e9s. Un grand jardin de 2 hectares, au c\u0153ur d&rsquo;un \u00e9quipement op\u00e9rationnel complexe.<\/p>\n<p style=\"margin: 0cm; margin-bottom: .0001pt; vertical-align: baseline;\">\u00c0 l&rsquo;int\u00e9rieur, le regard se prolonge ainsi quasi syst\u00e9matiquement d&rsquo;un bout \u00e0 l&rsquo;autre du site. Les parcours sont vari\u00e9s et toujours arbor\u00e9s pour rejoindre la place d&rsquo;arme, la caf\u00e9t\u00e9ria, la piscine, le kin\u00e9, la cr\u00e8che, le coiffeur ou tout autre entit\u00e9 de la dizaine de programmes \u00e0 disposition des militaires. Une ville dans la ville, mais une ville a\u00e9r\u00e9e, fra\u00eeche et naturelle.<\/p><\/div>\n\t\t\t<\/div><div class=\"et_pb_with_border et_pb_module et_pb_image et_pb_image_9 carrousel-cell\">\n\t\t\t\t\n\t\t\t\t\n\t\t\t\t\n\t\t\t\t\n\t\t\t\t<span class=\"et_pb_image_wrap \"><img decoding=\"async\" src=\"https:\/\/anma.fr\/wp-content\/uploads\/2020\/07\/ANMA_BALARD_\u00a911h45-BD-13.jpg\" alt=\"ANMA Minist\u00e8re Balard Dix Ans\" title=\"ANMA Minist\u00e8re Balard Dix Ans\" \/><\/span>\n\t\t\t<\/div><div class=\"et_pb_with_border et_pb_module et_pb_image et_pb_image_10 carrousel-cell\">\n\t\t\t\t\n\t\t\t\t\n\t\t\t\t\n\t\t\t\t\n\t\t\t\t<span class=\"et_pb_image_wrap \"><img decoding=\"async\" src=\"https:\/\/anma.fr\/wp-content\/uploads\/2020\/07\/ANMA_BALARD_\u00a911h45-BD-21.jpg\" alt=\"ANMA Minist\u00e8re Balard Dix Ans\" title=\"ANMA Minist\u00e8re Balard Dix Ans\" \/><\/span>\n\t\t\t<\/div><div class=\"et_pb_module et_pb_text et_pb_text_4 carrousel-cell  et_pb_text_align_left et_pb_bg_layout_light\">\n\t\t\t\t\n\t\t\t\t\n\t\t\t\t\n\t\t\t\t\n\t\t\t\t<div class=\"et_pb_text_inner\"><h2><strong>\u00c9QUIPES<\/strong> PROJET<\/h2>\n<p>&nbsp;<\/p>\n<p><strong>MA\u00ceTRISE<\/strong>\u00a0<b>D\u2019\u0152UVRE<\/b><br \/>Architecte : ANMA<br \/>Structure :\u00a0<span style=\"font-size: 15px; background-color: #ededed;\">Bouygues B\u00e2timent \u00cele-de-France<\/span><br \/>Ventilation naturelle : Deerns<br \/>Fa\u00e7ade : Elioth<br \/>Fluides : Iosis<br \/>Agencement hautes Autorit\u00e9s : Agence NC<br \/>Agencement, mobilier restauration : Patrick Jouin<br \/>Signal\u00e9tique : B\u00e9atrice Ficher, Locomotion<\/p>\n<p><strong>CONCOURS<br \/><\/strong>Simon Barth\u00e9lemy, C\u00e9cila Bertozzi, Henry Gagnaire<\/p>\n<p><strong>\u00c9TUDES<br \/><\/strong><span style=\"font-size: 15px; background-color: #ededed;\">Jean-Pierre Buisson,\u00a0<\/span>Corinne Duvivier, <span style=\"font-size: 15px; background-color: #ededed;\">Simon Barth\u00e9lemy,<br \/><\/span><span style=\"font-size: 15px; background-color: #ededed;\">C\u00e9cila Bertozzi, <\/span><span style=\"font-size: 15px; background-color: #ededed;\">Henry Gagnaire, G\u00e9rald Sellier, Arnaud Tallon<\/span><\/p>\n<p><strong>CHANTIER<br \/><\/strong><span style=\"font-size: 15px; background-color: #ededed;\">Jean-Pierre Buisson<\/span><span style=\"font-size: 15px; background-color: #ededed; font-weight: bold;\"><br \/><\/span><\/p>\n<p><strong>MAQUETTE<br \/><\/strong>Michel Goudin<\/p>\n<p><strong>ENTREPRISE<br \/><\/strong>Bouygues B\u00e2timent \u00cele-de-France<\/p><\/div>\n\t\t\t<\/div><div class=\"et_pb_with_border et_pb_module et_pb_image et_pb_image_11 carrousel-cell\">\n\t\t\t\t\n\t\t\t\t\n\t\t\t\t\n\t\t\t\t\n\t\t\t\t<span class=\"et_pb_image_wrap \"><img decoding=\"async\" width=\"1496\" height=\"1080\" src=\"https:\/\/anma.fr\/wp-content\/uploads\/2020\/07\/ICS3935-copie.jpg\" alt=\"ANMA Paris Minist\u00e8re de la D\u00e9fense\" title=\"ANMA Paris Minist\u00e8re de la D\u00e9fense\" srcset=\"https:\/\/anma.fr\/wp-content\/uploads\/2020\/07\/ICS3935-copie.jpg 1496w, https:\/\/anma.fr\/wp-content\/uploads\/2020\/07\/ICS3935-copie-1280x924.jpg 1280w, https:\/\/anma.fr\/wp-content\/uploads\/2020\/07\/ICS3935-copie-980x707.jpg 980w, https:\/\/anma.fr\/wp-content\/uploads\/2020\/07\/ICS3935-copie-480x347.jpg 480w\" sizes=\"(min-width: 0px) and (max-width: 480px) 480px, (min-width: 481px) and (max-width: 980px) 980px, (min-width: 981px) and (max-width: 1280px) 1280px, (min-width: 1281px) 1496px, 100vw\" class=\"wp-image-232865\" \/><\/span>\n\t\t\t<\/div><div class=\"et_pb_with_border et_pb_module et_pb_image et_pb_image_12 carrousel-cell\">\n\t\t\t\t\n\t\t\t\t\n\t\t\t\t\n\t\t\t\t\n\t\t\t\t<span class=\"et_pb_image_wrap \"><img decoding=\"async\" width=\"1228\" height=\"1080\" src=\"https:\/\/anma.fr\/wp-content\/uploads\/2020\/07\/B8A0880-Panorama.jpg\" alt=\"ANMA Paris Minist\u00e8re de la D\u00e9fense\" title=\"ANMA Paris Minist\u00e8re de la D\u00e9fense\" srcset=\"https:\/\/anma.fr\/wp-content\/uploads\/2020\/07\/B8A0880-Panorama.jpg 1228w, https:\/\/anma.fr\/wp-content\/uploads\/2020\/07\/B8A0880-Panorama-980x862.jpg 980w, https:\/\/anma.fr\/wp-content\/uploads\/2020\/07\/B8A0880-Panorama-480x422.jpg 480w\" sizes=\"(min-width: 0px) and (max-width: 480px) 480px, (min-width: 481px) and (max-width: 980px) 980px, (min-width: 981px) 1228px, 100vw\" class=\"wp-image-232855\" \/><\/span>\n\t\t\t<\/div><div class=\"et_pb_module et_pb_text et_pb_text_5 carrousel-cell  et_pb_text_align_left et_pb_bg_layout_light\">\n\t\t\t\t\n\t\t\t\t\n\t\t\t\t\n\t\t\t\t\n\t\t\t\t<div class=\"et_pb_text_inner\"><h2><strong>FICHE<\/strong> TECHNIQUE<\/h2>\n<p>&nbsp;<\/p>\n<p><strong>STATUT <\/strong>R\u00e9alis\u00e9<\/p>\n<p><strong>MA\u00ceTRISE D&rsquo;OUVRAGE <\/strong>OPALE D\u00e9fense<\/p>\n<p><strong>CALENDRIER <\/strong>2016<\/p>\n<p><strong>SURFACE <\/strong>163 000 m\u00b2 SHON<\/p>\n<p><strong>TRAVAUX <\/strong>\u2265500 M\u20ac HT<\/p>\n<p><strong>PERSPECTIVES <\/strong>Artefactory, Kaupunki, The Nood<\/p>\n<p><strong> PHOTOGRAPHIE <\/strong>C\u00e9cile Septet et Florent Michel (11h45)<\/p>\n<p>&nbsp;<\/p>\n<p><strong>VOIR +<\/strong><br \/><span style=\"font-size: 15px;\"><span style=\"background-color: #ededed;\"><a href=\"https:\/\/anma.fr\/projets\/halle-aux-farines\/#5\">Paris, Halle aux Farines<\/a><br \/><a href=\"https:\/\/anma.fr\/projets\/logements-mcdonald\/\">Paris, Logements McDonald<\/a><br \/><\/span><\/span><a href=\"https:\/\/anma.fr\/projets\/maison-de-lile-de-france\/\">Paris, Maison de l&rsquo;\u00cele-de-France<\/a><strong><br \/><\/strong><\/p><\/div>\n\t\t\t<\/div>\n\t\t\t<\/div>\n\t\t\t\t\n\t\t\t\t\n\t\t\t\t\n\t\t\t\t\n\t\t\t<\/div>\n\t\t\t\t\n\t\t\t\t\n\t\t\t<\/div>\t\t<\/div>\n\t<\/div>\n\t","protected":false},"excerpt":{"rendered":"<p>une machine naturelle &nbsp; Le nouveau si\u00e8ge du Minist\u00e8re de la D\u00e9fense sur le site de Balard est con\u00e7u comme une machine naturelle pouvant fonctionner de mani\u00e8re autonome 80% du temps. Il se caract\u00e9rise par une fa\u00e7ade alternant transparence et opacit\u00e9, des b\u00e2timents sur pilotis r\u00e9partis autour de patios, une vaste toiture en pans m\u00e9talliques [&hellip;]<\/p>\n","protected":false},"author":1,"featured_media":232854,"parent":0,"comment_status":"open","ping_status":"closed","template":"","meta":{"_acf_changed":false,"_et_pb_use_builder":"on","_et_pb_old_content":"","_et_gb_content_width":"","footnotes":""},"project_category":[],"project_tag":[],"metier":[18],"ville":[121],"prog":[23],"statut":[39],"annee":[97],"intervention":[80],"class_list":["post-251928","project","type-project","status-publish","has-post-thumbnail","hentry"],"acf":{"choix_de_la_couleur_du_titre":"#ffffff"},"_links":{"self":[{"href":"https:\/\/anma.fr\/fr\/wp-json\/wp\/v2\/project\/251928","targetHints":{"allow":["GET"]}}],"collection":[{"href":"https:\/\/anma.fr\/fr\/wp-json\/wp\/v2\/project"}],"about":[{"href":"https:\/\/anma.fr\/fr\/wp-json\/wp\/v2\/types\/project"}],"author":[{"embeddable":true,"href":"https:\/\/anma.fr\/fr\/wp-json\/wp\/v2\/users\/1"}],"replies":[{"embeddable":true,"href":"https:\/\/anma.fr\/fr\/wp-json\/wp\/v2\/comments?post=251928"}],"version-history":[{"count":5,"href":"https:\/\/anma.fr\/fr\/wp-json\/wp\/v2\/project\/251928\/revisions"}],"predecessor-version":[{"id":261876,"href":"https:\/\/anma.fr\/fr\/wp-json\/wp\/v2\/project\/251928\/revisions\/261876"}],"wp:featuredmedia":[{"embeddable":true,"href":"https:\/\/anma.fr\/fr\/wp-json\/wp\/v2\/media\/232854"}],"wp:attachment":[{"href":"https:\/\/anma.fr\/fr\/wp-json\/wp\/v2\/media?parent=251928"}],"wp:term":[{"taxonomy":"project_category","embeddable":true,"href":"https:\/\/anma.fr\/fr\/wp-json\/wp\/v2\/project_category?post=251928"},{"taxonomy":"project_tag","embeddable":true,"href":"https:\/\/anma.fr\/fr\/wp-json\/wp\/v2\/project_tag?post=251928"},{"taxonomy":"metier","embeddable":true,"href":"https:\/\/anma.fr\/fr\/wp-json\/wp\/v2\/metier?post=251928"},{"taxonomy":"ville","embeddable":true,"href":"https:\/\/anma.fr\/fr\/wp-json\/wp\/v2\/ville?post=251928"},{"taxonomy":"prog","embeddable":true,"href":"https:\/\/anma.fr\/fr\/wp-json\/wp\/v2\/prog?post=251928"},{"taxonomy":"statut","embeddable":true,"href":"https:\/\/anma.fr\/fr\/wp-json\/wp\/v2\/statut?post=251928"},{"taxonomy":"annee","embeddable":true,"href":"https:\/\/anma.fr\/fr\/wp-json\/wp\/v2\/annee?post=251928"},{"taxonomy":"intervention","embeddable":true,"href":"https:\/\/anma.fr\/fr\/wp-json\/wp\/v2\/intervention?post=251928"}],"curies":[{"name":"wp","href":"https:\/\/api.w.org\/{rel}","templated":true}]}}