{"id":251929,"date":"2020-07-28T07:37:50","date_gmt":"2020-07-28T05:37:50","guid":{"rendered":"https:\/\/encours.studiottt.com\/anma21\/projects\/tour-arago\/"},"modified":"2022-04-03T08:56:54","modified_gmt":"2022-04-03T06:56:54","slug":"tour-arago","status":"publish","type":"project","link":"https:\/\/anma.fr\/fr\/projets\/tour-arago\/","title":{"rendered":"Tour Arago"},"content":{"rendered":"<div class=\"et-l et-l--post\">\n\t\t\t<div class=\"et_builder_inner_content et_pb_gutters3\"><div id=\"fiche-projet\" class=\"et_pb_section et_pb_section_0 et_section_regular\" >\n\t\t\t\t\n\t\t\t\t\n\t\t\t\t\n\t\t\t\t\n\t\t\t\t\n\t\t\t\t\n\t\t\t\t<div class=\"et_pb_row et_pb_row_0\">\n\t\t\t\t<div class=\"et_pb_column et_pb_column_4_4 et_pb_column_0 carousel-container  et_pb_css_mix_blend_mode_passthrough et-last-child\">\n\t\t\t\t\n\t\t\t\t\n\t\t\t\t\n\t\t\t\t\n\t\t\t\t<div class=\"et_pb_with_border et_pb_module et_pb_image et_pb_image_0 carrousel-cell\">\n\t\t\t\t\n\t\t\t\t\n\t\t\t\t\n\t\t\t\t\n\t\t\t\t<span class=\"et_pb_image_wrap \"><img decoding=\"async\" width=\"1604\" height=\"1080\" src=\"https:\/\/anma.fr\/wp-content\/uploads\/2020\/07\/pta-pe-03.jpg\" alt=\"ANMA Puteaux Tour Arago \" title=\"ANMA Puteaux Tour Arago \" srcset=\"https:\/\/anma.fr\/wp-content\/uploads\/2020\/07\/pta-pe-03.jpg 1604w, https:\/\/anma.fr\/wp-content\/uploads\/2020\/07\/pta-pe-03-1280x862.jpg 1280w, https:\/\/anma.fr\/wp-content\/uploads\/2020\/07\/pta-pe-03-980x660.jpg 980w, https:\/\/anma.fr\/wp-content\/uploads\/2020\/07\/pta-pe-03-480x323.jpg 480w\" sizes=\"(min-width: 0px) and (max-width: 480px) 480px, (min-width: 481px) and (max-width: 980px) 980px, (min-width: 981px) and (max-width: 1280px) 1280px, (min-width: 1281px) 1604px, 100vw\" class=\"wp-image-232880\" \/><\/span>\n\t\t\t<\/div><div class=\"et_pb_module et_pb_text et_pb_text_0 carrousel-cell  et_pb_text_align_left et_pb_bg_layout_light\">\n\t\t\t\t\n\t\t\t\t\n\t\t\t\t\n\t\t\t\t\n\t\t\t\t<div class=\"et_pb_text_inner\"><h2><b>une cour <\/b>verticale<\/h2>\n<p>&nbsp;<\/p>\n<p>Id\u00e9alement situ\u00e9e entre la D\u00e9fense et la Seine, la Tour Arago est un \u00e9l\u00e9ment singulier du paysage urbain de Puteaux. Elle constitue un jalon particulier de la perception de la ville, \u00e0 la fois tr\u00e8s discr\u00e8te, par son profil inclin\u00e9 et marquante par sa cour verticale encastr\u00e9e. Elle se distingue par sa silhouette cisel\u00e9e, dessin\u00e9e en fonction du contexte et de l\u2019environnement.<\/p>\n<p>Cette tour s\u2019accompagne d\u2019un nouvel espace public r\u00e9v\u00e9lateur d\u2019une urbanit\u00e9 qui tourne la page avec le monde du tout-voiture excluant le pi\u00e9ton. L\u2019am\u00e9nagement consiste en la restructuration du carrefour des rues Bellini et Arago avec le futur boulevard urbain plant\u00e9, et la r\u00e9alisation d\u2019un parvis pi\u00e9ton devant l\u2019entr\u00e9e de la tour.<\/p>\n<p>C\u00f4t\u00e9 D\u00e9fense, elle pr\u00e9sente une fa\u00e7ade vitr\u00e9e avec en son centre une onde verticale, une sinuso\u00efde blanche qui joue avec les reflets de la lumi\u00e8re du nord. Cet effet diaphane se prolonge sous forme de lignes horizontales, comme un la\u00e7age de chaque c\u00f4t\u00e9 de la tour sur les plis est et ouest, cr\u00e9ant ainsi un volume o\u00f9 all\u00e8ges, brise-soleils et vitrages se confondent dans un rythme enveloppant.<\/p><\/div>\n\t\t\t<\/div><div class=\"et_pb_with_border et_pb_module et_pb_image et_pb_image_1 carrousel-cell\">\n\t\t\t\t\n\t\t\t\t\n\t\t\t\t\n\t\t\t\t\n\t\t\t\t<span class=\"et_pb_image_wrap \"><img decoding=\"async\" width=\"1440\" height=\"1080\" src=\"https:\/\/anma.fr\/wp-content\/uploads\/2020\/07\/pta-pe-02.jpg\" alt=\"ANMA Puteaux Tour Arago \" title=\"ANMA Puteaux Tour Arago \" srcset=\"https:\/\/anma.fr\/wp-content\/uploads\/2020\/07\/pta-pe-02.jpg 1440w, https:\/\/anma.fr\/wp-content\/uploads\/2020\/07\/pta-pe-02-1280x960.jpg 1280w, https:\/\/anma.fr\/wp-content\/uploads\/2020\/07\/pta-pe-02-980x735.jpg 980w, https:\/\/anma.fr\/wp-content\/uploads\/2020\/07\/pta-pe-02-480x360.jpg 480w\" sizes=\"(min-width: 0px) and (max-width: 480px) 480px, (min-width: 481px) and (max-width: 980px) 980px, (min-width: 981px) and (max-width: 1280px) 1280px, (min-width: 1281px) 1440px, 100vw\" class=\"wp-image-232879\" \/><\/span>\n\t\t\t<\/div><div class=\"et_pb_module et_pb_text et_pb_text_1 carrousel-cell  et_pb_text_align_left et_pb_bg_layout_light\">\n\t\t\t\t\n\t\t\t\t\n\t\t\t\t\n\t\t\t\t\n\t\t\t\t<div class=\"et_pb_text_inner\"><h2><b>paysage <\/b>suspendu<\/h2>\n<p>&nbsp;<\/p>\n<p>C\u00f4t\u00e9 Seine, la tour pr\u00e9sente une fa\u00e7ade inclin\u00e9e comme une toiture, perc\u00e9e en son c\u0153ur d\u2019une grande cavit\u00e9 \u00e0 l\u2019air libre. Celle-ci permet l\u2019existence d\u2019une agora paysag\u00e9e comme un jardin suspendu. Cette inclusion dans le volume est caract\u00e9ris\u00e9e par des planchers en d\u00e9bord, d\u00e9coup\u00e9s de fa\u00e7on irr\u00e9guli\u00e8re prot\u00e9geant du soleil. Cette succession de courbes forme un paysage de strates verticales, int\u00e9rieur et lumineux qui contraste avec l\u2019aspect lisse, sombre et r\u00e9fl\u00e9chissant de la peau ext\u00e9rieure.<\/p>\n<p>L\u2019agora est perceptible d\u00e8s le hall d\u2019entr\u00e9e gr\u00e2ce \u00e0 un grand atrium qui s\u2019ouvre en partie z\u00e9nithale sur le jardin et la fa\u00e7ade int\u00e9rieure. Son volume permet l\u2019arriv\u00e9e de lumi\u00e8re naturelle et d\u2019air au c\u0153ur de la tour l\u2019ensemble des bureaux.<\/p>\n<p>Une attention particuli\u00e8re sur la performance de l\u2019enveloppe contribue \u00e0 faire des \u00e9conomies d\u2019\u00e9nergie : trois faces constitu\u00e9es d\u2019une simple peau tr\u00e8s performante contenant de l\u2019a\u00e9rogel et une face orient\u00e9e sud-est c\u00f4t\u00e9 Seine constitu\u00e9e d\u2019une double peau lisse. Cette derni\u00e8re est recouverte d\u2019une maille de tubes solaires assurant une grande surface productive d\u2019\u00e9nergie.<\/p><\/div>\n\t\t\t<\/div><div class=\"et_pb_with_border et_pb_module et_pb_image et_pb_image_2 carrousel-cell\">\n\t\t\t\t\n\t\t\t\t\n\t\t\t\t\n\t\t\t\t\n\t\t\t\t<span class=\"et_pb_image_wrap \"><img decoding=\"async\" width=\"2230\" height=\"1080\" src=\"https:\/\/anma.fr\/wp-content\/uploads\/2020\/07\/pta-rendu-final-45.jpg\" alt=\"ANMA-Logements Bords de Marne\" title=\"pta-rendu-final-45\" srcset=\"https:\/\/anma.fr\/wp-content\/uploads\/2020\/07\/pta-rendu-final-45.jpg 2230w, https:\/\/anma.fr\/wp-content\/uploads\/2020\/07\/pta-rendu-final-45-1280x620.jpg 1280w, https:\/\/anma.fr\/wp-content\/uploads\/2020\/07\/pta-rendu-final-45-980x475.jpg 980w, https:\/\/anma.fr\/wp-content\/uploads\/2020\/07\/pta-rendu-final-45-480x232.jpg 480w\" sizes=\"(min-width: 0px) and (max-width: 480px) 480px, (min-width: 481px) and (max-width: 980px) 980px, (min-width: 981px) and (max-width: 1280px) 1280px, (min-width: 1281px) 2230px, 100vw\" class=\"wp-image-232881\" \/><\/span>\n\t\t\t<\/div><div class=\"et_pb_module et_pb_text et_pb_text_2 carrousel-cell  et_pb_text_align_left et_pb_bg_layout_light\">\n\t\t\t\t\n\t\t\t\t\n\t\t\t\t\n\t\t\t\t\n\t\t\t\t<div class=\"et_pb_text_inner\"><h2><strong>\u00c9QUIPES<\/strong> PROJET<\/h2>\n<p>&nbsp;<\/p>\n<p><strong>MA\u00ceTRISE<\/strong> <strong>D&rsquo;OEUVRE<br \/><\/strong>Architecte : ANMA<\/p>\n<p><strong>CONCOURS<br \/><\/strong>H\u00e9l\u00e8ne Galifer<br \/>Ronan Le Hyaric<br \/>Sidonie Peyramaure<br \/>Sylvain Combaluzier<br \/>Elsa Bernard<br \/>David Cote<\/p><\/div>\n\t\t\t<\/div><div class=\"et_pb_module et_pb_text et_pb_text_3 carrousel-cell  et_pb_text_align_left et_pb_bg_layout_light\">\n\t\t\t\t\n\t\t\t\t\n\t\t\t\t\n\t\t\t\t\n\t\t\t\t<div class=\"et_pb_text_inner\"><h2><strong>FICHE<\/strong> TECHNIQUE<\/h2>\n<p>&nbsp;<\/p>\n<p><strong>STATUT\u00a0<\/strong>Concours et faisabilit\u00e9s<\/p>\n<p><strong>MA\u00ceTRISE D&rsquo;OUVRAGE <\/strong>The Carlyle Group<\/p>\n<p><strong>CALENDRIER <\/strong>2010<\/p>\n<p><strong>SURFACE <\/strong>35 000 m\u00b2 SHON<\/p>\n<p><strong>PERSPECTIVES <\/strong>Charles Wallon<\/p>\n<p>&nbsp;<\/p>\n<p><strong>VOIR +<br \/><\/strong><a href=\"https:\/\/anma.fr\/projets\/sky-56\/\">Lyon, Sky56<\/a><br \/><a href=\"https:\/\/anma.fr\/en\/projects\/fengtai-district\/\">P\u00e9kin, Fengtai district<\/a><br \/><a href=\"https:\/\/anma.fr\/projets\/tour-skysail\/\">Puteaux, Tour Skysail<\/a><\/p><\/div>\n\t\t\t<\/div>\n\t\t\t<\/div>\n\t\t\t\t\n\t\t\t\t\n\t\t\t\t\n\t\t\t\t\n\t\t\t<\/div>\n\t\t\t\t\n\t\t\t\t\n\t\t\t<\/div>\t\t<\/div>\n\t<\/div>\n\t","protected":false},"excerpt":{"rendered":"<p>une cour verticale &nbsp; Id\u00e9alement situ\u00e9e entre la D\u00e9fense et la Seine, la Tour Arago est un \u00e9l\u00e9ment singulier du paysage urbain de Puteaux. Elle constitue un jalon particulier de la perception de la ville, \u00e0 la fois tr\u00e8s discr\u00e8te, par son profil inclin\u00e9 et marquante par sa cour verticale encastr\u00e9e. Elle se distingue par [&hellip;]<\/p>\n","protected":false},"author":1,"featured_media":232877,"parent":0,"comment_status":"open","ping_status":"closed","template":"","meta":{"_acf_changed":false,"_et_pb_use_builder":"on","_et_pb_old_content":"","_et_gb_content_width":"","footnotes":""},"project_category":[],"project_tag":[],"metier":[18],"ville":[348],"prog":[23],"statut":[40],"annee":[91],"intervention":[80],"class_list":["post-251929","project","type-project","status-publish","has-post-thumbnail","hentry"],"acf":{"choix_de_la_couleur_du_titre":"#ffffff"},"_links":{"self":[{"href":"https:\/\/anma.fr\/fr\/wp-json\/wp\/v2\/project\/251929","targetHints":{"allow":["GET"]}}],"collection":[{"href":"https:\/\/anma.fr\/fr\/wp-json\/wp\/v2\/project"}],"about":[{"href":"https:\/\/anma.fr\/fr\/wp-json\/wp\/v2\/types\/project"}],"author":[{"embeddable":true,"href":"https:\/\/anma.fr\/fr\/wp-json\/wp\/v2\/users\/1"}],"replies":[{"embeddable":true,"href":"https:\/\/anma.fr\/fr\/wp-json\/wp\/v2\/comments?post=251929"}],"version-history":[{"count":0,"href":"https:\/\/anma.fr\/fr\/wp-json\/wp\/v2\/project\/251929\/revisions"}],"wp:featuredmedia":[{"embeddable":true,"href":"https:\/\/anma.fr\/fr\/wp-json\/wp\/v2\/media\/232877"}],"wp:attachment":[{"href":"https:\/\/anma.fr\/fr\/wp-json\/wp\/v2\/media?parent=251929"}],"wp:term":[{"taxonomy":"project_category","embeddable":true,"href":"https:\/\/anma.fr\/fr\/wp-json\/wp\/v2\/project_category?post=251929"},{"taxonomy":"project_tag","embeddable":true,"href":"https:\/\/anma.fr\/fr\/wp-json\/wp\/v2\/project_tag?post=251929"},{"taxonomy":"metier","embeddable":true,"href":"https:\/\/anma.fr\/fr\/wp-json\/wp\/v2\/metier?post=251929"},{"taxonomy":"ville","embeddable":true,"href":"https:\/\/anma.fr\/fr\/wp-json\/wp\/v2\/ville?post=251929"},{"taxonomy":"prog","embeddable":true,"href":"https:\/\/anma.fr\/fr\/wp-json\/wp\/v2\/prog?post=251929"},{"taxonomy":"statut","embeddable":true,"href":"https:\/\/anma.fr\/fr\/wp-json\/wp\/v2\/statut?post=251929"},{"taxonomy":"annee","embeddable":true,"href":"https:\/\/anma.fr\/fr\/wp-json\/wp\/v2\/annee?post=251929"},{"taxonomy":"intervention","embeddable":true,"href":"https:\/\/anma.fr\/fr\/wp-json\/wp\/v2\/intervention?post=251929"}],"curies":[{"name":"wp","href":"https:\/\/api.w.org\/{rel}","templated":true}]}}