{"id":251951,"date":"2020-07-28T10:12:08","date_gmt":"2020-07-28T08:12:08","guid":{"rendered":"https:\/\/encours.studiottt.com\/anma21\/projects\/nouvelle-centralite\/"},"modified":"2024-03-15T16:40:18","modified_gmt":"2024-03-15T15:40:18","slug":"nouvelle-centralite","status":"publish","type":"project","link":"https:\/\/anma.fr\/fr\/projets\/nouvelle-centralite\/","title":{"rendered":"Nouvelle Centralit\u00e9"},"content":{"rendered":"<div class=\"et-l et-l--post\">\n\t\t\t<div class=\"et_builder_inner_content et_pb_gutters3\"><div id=\"fiche-projet\" class=\"et_pb_section et_pb_section_0 et_section_regular\" >\n\t\t\t\t\n\t\t\t\t\n\t\t\t\t\n\t\t\t\t\n\t\t\t\t\n\t\t\t\t\n\t\t\t\t<div class=\"et_pb_row et_pb_row_0\">\n\t\t\t\t<div class=\"et_pb_column et_pb_column_4_4 et_pb_column_0 carousel-container  et_pb_css_mix_blend_mode_passthrough et-last-child\">\n\t\t\t\t\n\t\t\t\t\n\t\t\t\t\n\t\t\t\t\n\t\t\t\t<div class=\"et_pb_with_border et_pb_module et_pb_image et_pb_image_0 carrousel-cell\">\n\t\t\t\t\n\t\t\t\t\n\t\t\t\t\n\t\t\t\t\n\t\t\t\t<span class=\"et_pb_image_wrap \"><img decoding=\"async\" src=\"https:\/\/anma.fr\/wp-content\/uploads\/2020\/07\/ANMA_CARRIERES_CEC_\u00a911h45-HD-3.jpg\" alt=\"ANMA Carri\u00e8res Sous Poissy Nouvelle Centralit\u00e9\" title=\"ANMA Carri\u00e8res Sous Poissy Nouvelle Centralit\u00e9\" \/><\/span>\n\t\t\t<\/div><div class=\"et_pb_module et_pb_text et_pb_text_0 carrousel-cell  et_pb_text_align_left et_pb_bg_layout_light\">\n\t\t\t\t\n\t\t\t\t\n\t\t\t\t\n\t\t\t\t\n\t\t\t\t<div class=\"et_pb_text_inner\"><h2><b>un accompagnement<br \/><\/b>au long cours<\/h2>\n<p>&nbsp;<\/p>\n<p>En 2008, la ville de Carri\u00e8res-sous-Poissy, l\u2019Etablissement Public d\u2019Am\u00e9nagement du Mantois Seine-Aval (EPAMSA) et la Communaut\u00e9 d\u2019agglom\u00e9ration des Deux Rives de Seine (CA2RS) lancent une r\u00e9flexion autour de l\u2019\u00e9volution d\u2019un territoire de 47 ha situ\u00e9 entre le centre-ville de Carri\u00e8res-sous-Poissy et le quartier Saint-Louis.<\/p>\n<p>Le groupement choisit ANMA en 2009 pour une mission de 12 ans visant \u00e0 d\u00e9finir le plan guide d\u2019am\u00e9nagement de cette ZAC d\u00e9sormais nomm\u00e9e \u00ab Nouvelle Centralit\u00e9 \u00bb.<br \/>En mai 2021, ANMA est reconduite par l\u2019EPAMSA pour un nouvel accord-cadre de 12 ans.<\/p>\n<p>La poursuite de la transformation de ce territoire pourra ainsi se faire sur la base de la m\u00e9thode d\u2019atelier mise en place entre l\u2019urbaniste, l\u2019am\u00e9nageur et la Ville de Carri\u00e8res-sous-Poissy.<\/p><\/div>\n\t\t\t<\/div><div class=\"et_pb_with_border et_pb_module et_pb_image et_pb_image_1 carrousel-cell\">\n\t\t\t\t\n\t\t\t\t\n\t\t\t\t\n\t\t\t\t\n\t\t\t\t<span class=\"et_pb_image_wrap \"><img decoding=\"async\" width=\"732\" height=\"1008\" src=\"https:\/\/anma.fr\/wp-content\/uploads\/2020\/07\/CEC-PG-D-e2000-A1.jpg\" alt=\"plan guide CEC\" title=\"CEC-PG-D-e2000-A1\" srcset=\"https:\/\/anma.fr\/wp-content\/uploads\/2020\/07\/CEC-PG-D-e2000-A1.jpg 732w, https:\/\/anma.fr\/wp-content\/uploads\/2020\/07\/CEC-PG-D-e2000-A1-480x661.jpg 480w\" sizes=\"(min-width: 0px) and (max-width: 480px) 480px, (min-width: 481px) 732px, 100vw\" class=\"wp-image-257422\" \/><\/span>\n\t\t\t<\/div><div class=\"et_pb_module et_pb_text et_pb_text_1 carrousel-cell  et_pb_text_align_left et_pb_bg_layout_light\">\n\t\t\t\t\n\t\t\t\t\n\t\t\t\t\n\t\t\t\t\n\t\t\t\t<div class=\"et_pb_text_inner\"><h2><b>R\u00e9ins\u00e9rer la nature<br \/><\/b>en c\u0153ur de ville<\/h2>\n<p>&nbsp;<\/p>\n<p>La ville de Carri\u00e8res-sous-Poissy s\u2019inscrit au c\u0153ur d\u2019une boucle de la Seine, avec son histoire maraich\u00e8re ancienne mais aussi celle plus r\u00e9cente d\u2019extraction de sable et de gravier, qui a fortement transform\u00e9 les sols et les paysages. \u00c0 cette transformation s\u2019ajoute un d\u00e9veloppement de la ville coup\u00e9 en deux, li\u00e9 \u00e0 la volont\u00e9 de l\u2019Etat de construire une autoroute en son centre.<\/p>\n<p>De cette histoire est n\u00e9e le projet de la ZAC Nouvelle Centralit\u00e9. L\u2019interdiction faite de construire sur le grand lin\u00e9aire reliant la plaine de Chanteloup \u00e0 la Seine s\u2019est transform\u00e9e en une opportunit\u00e9 de r\u00e9insertion de la nature en ville. Le projet d\u2019autoroute abandonn\u00e9 a permis la ma\u00eetrise du foncier en c\u0153ur de ville et le d\u00e9veloppement d\u2019un large corridor \u00e9cologique.<\/p><\/div>\n\t\t\t<\/div><div class=\"et_pb_with_border et_pb_module et_pb_image et_pb_image_2 carrousel-cell\">\n\t\t\t\t\n\t\t\t\t\n\t\t\t\t\n\t\t\t\t\n\t\t\t\t<span class=\"et_pb_image_wrap \"><img decoding=\"async\" src=\"https:\/\/anma.fr\/wp-content\/uploads\/2020\/07\/ANMA_CARRIERES_CEC_\u00a911h45-HD-11.jpg\" alt=\"ANMA Carri\u00e8res Sous Poissy Nouvelle Centralit\u00e9\" title=\"ANMA Carri\u00e8res Sous Poissy Nouvelle Centralit\u00e9\" \/><\/span>\n\t\t\t<\/div><div class=\"et_pb_module et_pb_text et_pb_text_2 carrousel-cell  et_pb_text_align_left et_pb_bg_layout_light\">\n\t\t\t\t\n\t\t\t\t\n\t\t\t\t\n\t\t\t\t\n\t\t\t\t<div class=\"et_pb_text_inner\"><h2><b>FAIRE LA COUTURE<br \/><\/b>de deux pans de ville<\/h2>\n<p>&nbsp;<\/p>\n<p>D\u00e8s sa gen\u00e8se, ce grand corridor vert structure le projet, articule et relie les deux pans de ville : le centre-ville \u00e0 l\u2019est et le quartier Saint-Louis \u00e0 l\u2019ouest. Ce trait d\u2019union paysag\u00e9 lie les coteaux abrupts et bois\u00e9s du massif de l\u2019Hautil aux bords de Seine : il am\u00e8ne une gradation v\u00e9g\u00e9talis\u00e9e entre les milieux humides des rives, les anciennes carri\u00e8res de sables et l\u2019ancienne plaine maraich\u00e8re de Chanteloup.<\/p>\n<p>Ce nouveau parc, urbain et central, est aussi une solution contextuelle aux fr\u00e9quentes inondations li\u00e9es aux crues de la Seine et \u00e0 la gestion des eaux pluviales de la ville.<\/p>\n<p>Comme l\u2019ensemble des espaces publics de la ZAC, il est con\u00e7u pour assurer l\u2019\u00e9coulement naturel des eaux pluviales vers la Seine. Un jeu de sentes, de noues et de bassins de r\u00e9tention paysag\u00e9s s\u2019articule et s\u2019appuie sur la topographie du site pour retrouver le chemin naturel de l\u2019eau \u00e0 l\u2019origine de ce paysage humide, et permettre de r\u00e9g\u00e9n\u00e9rer les sols et les milieux indig\u00e8nes.<\/p><\/div>\n\t\t\t<\/div><div class=\"et_pb_with_border et_pb_module et_pb_image et_pb_image_3 carrousel-cell\">\n\t\t\t\t\n\t\t\t\t\n\t\t\t\t\n\t\t\t\t\n\t\t\t\t<span class=\"et_pb_image_wrap \"><img decoding=\"async\" src=\"https:\/\/anma.fr\/wp-content\/uploads\/2020\/07\/ANMA_CARRIERES_CEC_\u00a911h45-HD-15.jpg\" alt=\"ANMA Carri\u00e8res Sous Poissy Nouvelle Centralit\u00e9\" title=\"ANMA Carri\u00e8res Sous Poissy Nouvelle Centralit\u00e9\" \/><\/span>\n\t\t\t<\/div><div class=\"et_pb_module et_pb_text et_pb_text_3 carrousel-cell  et_pb_text_align_left et_pb_bg_layout_light\">\n\t\t\t\t\n\t\t\t\t\n\t\t\t\t\n\t\t\t\t\n\t\t\t\t<div class=\"et_pb_text_inner\"><h2><b>articuler un quartier<br \/><\/b>au b\u00e2ti existant<\/h2>\n<p>&nbsp;<\/p>\n<p>En couture urbaine avec les franges du tissu pavillonnaire existant, chacun des quartiers nouvellement constitu\u00e9s \u2013 Beauregard, Parc, Pissefontaine, Agora et Fleurs \u2013 se d\u00e9ploie vers le nouveau parc et la plaine et tisse des liens avec ceux-ci par leurs r\u00e9seaux de rues et de sentes pi\u00e9tonnes. Celles-ci, en direction du parc, cadrent des vues vers le grand paysage des coteaux de la Seine et font p\u00e9n\u00e9trer la nature au c\u0153ur de ce nouveau morceau de ville.<\/p>\n<p>Densit\u00e9, formes urbaines et architecture sont pens\u00e9es en articulation avec le tissu urbain existant : entre habitat pavillonnaire, logement social et petits collectifs. Ainsi, la nouvelle ville reprend les codes de la ville constitu\u00e9e et y d\u00e9veloppe une \u00e9criture contemporaine et une nouvelle qualit\u00e9 d\u2019habiter.<\/p>\n<p>Ainsi, les b\u00e2timents d\u2019un m\u00eame ilot reli\u00e9s par un principe de mitoyennet\u00e9, r\u00e9interpr\u00e8tent l\u2019architecture domestique de la maison de ville et assurent une certaine densit\u00e9 \u00e0 travers la cr\u00e9ation d\u2019une nouvelle fa\u00e7ade urbaine majeure sur le parc.<\/p><\/div>\n\t\t\t<\/div><div class=\"et_pb_with_border et_pb_module et_pb_image et_pb_image_4 carrousel-cell et_pb_section_video et_pb_preload\">\n\t\t\t\t\n\t\t\t\t<span class=\"et_pb_section_video_bg   et_pb_allow_player_pause\">\n\t\t\t\t\t\n\t\t\t<video loop=\"loop\" autoplay playsinline muted >\n\t\t\t\t<source type=\"video\/mp4\" src=\"https:\/\/anma.fr\/wp-content\/uploads\/2020\/07\/Sequence-03_1_1.mp4\" \/>\n\t\t\t\t\n\t\t\t<\/video>\n\t\t\t\t<\/span>\n\t\t\t\t\n\t\t\t\t\n\t\t\t\t<span class=\"et_pb_image_wrap \"><img decoding=\"async\" width=\"1920\" height=\"1080\" src=\"https:\/\/anma.fr\/wp-content\/uploads\/2020\/09\/GABARIT_VIDEO_1920X1080.jpg\" alt=\"VIDEO 1920X1080\" title=\"VIDEO 1920X1080\" srcset=\"https:\/\/anma.fr\/wp-content\/uploads\/2020\/09\/GABARIT_VIDEO_1920X1080.jpg 1920w, https:\/\/anma.fr\/wp-content\/uploads\/2020\/09\/GABARIT_VIDEO_1920X1080-1280x720.jpg 1280w, https:\/\/anma.fr\/wp-content\/uploads\/2020\/09\/GABARIT_VIDEO_1920X1080-980x551.jpg 980w, https:\/\/anma.fr\/wp-content\/uploads\/2020\/09\/GABARIT_VIDEO_1920X1080-480x270.jpg 480w\" sizes=\"(min-width: 0px) and (max-width: 480px) 480px, (min-width: 481px) and (max-width: 980px) 980px, (min-width: 981px) and (max-width: 1280px) 1280px, (min-width: 1281px) 1920px, 100vw\" class=\"wp-image-238595\" \/><\/span>\n\t\t\t<\/div><div class=\"et_pb_module et_pb_text et_pb_text_4 carrousel-cell  et_pb_text_align_left et_pb_bg_layout_light\">\n\t\t\t\t\n\t\t\t\t\n\t\t\t\t\n\t\t\t\t\n\t\t\t\t<div class=\"et_pb_text_inner\"><h2><b>renouveler l&rsquo;identit\u00e9<br \/><\/b>d&rsquo;une ville<\/h2>\n<p>&nbsp;<\/p>\n<p>Le Parc du Peuple de l\u2019Herbe, con\u00e7u par l\u2019agence TER et sur lequel s\u2019adressent les quartiers Beauregard et Parc, marque la premi\u00e8re \u00e9tape de la r\u00e9alisation du grand corridor vert. La seconde \u00e9tape est maintenant enclench\u00e9e avec le d\u00e9marrage prochain du chantier du parc Nelson Mendela, dont Ilex est ma\u00eetre d\u2019\u0153uvre. Les nouveaux lots s\u2019ouvrant sur le parc et les grands espaces publics qui le bordent vont compter parmi les premi\u00e8res pi\u00e8ces de cette nouvelle fa\u00e7ade urbaine. Elle alternera \u00e9mergences b\u00e2ties vers le grand paysage, maisons de ville affirmant l\u2019\u00e9chelle domestique et grandes p\u00e9n\u00e9trations v\u00e9g\u00e9tales du parc vers les c\u0153urs d\u2019ilots.<\/p>\n<p>Le projet est travaill\u00e9 de mani\u00e8re ouverte et collaborative, en atelier avec la ville, l&rsquo;am\u00e9nageur et l&rsquo;urbaniste. Il permet la cr\u00e9ation d\u2019une culture commune et d\u2019un groupe de travail r\u00e9f\u00e9rent pour construire le projet avec les habitants, les promoteurs, les porteurs de projets et les concepteurs architectes.<\/p><\/div>\n\t\t\t<\/div><div class=\"et_pb_with_border et_pb_module et_pb_image et_pb_image_5 carrousel-cell\">\n\t\t\t\t\n\t\t\t\t\n\t\t\t\t\n\t\t\t\t\n\t\t\t\t<span class=\"et_pb_image_wrap \"><img decoding=\"async\" src=\"https:\/\/anma.fr\/wp-content\/uploads\/2020\/07\/ANMA_CARRIERES_CEC_\u00a911h45-HD-24.jpg\" alt=\"ANMA Carri\u00e8res Sous Poissy Nouvelle Centralit\u00e9\" title=\"ANMA Carri\u00e8res Sous Poissy Nouvelle Centralit\u00e9\" \/><\/span>\n\t\t\t<\/div><div class=\"et_pb_module et_pb_text et_pb_text_5 carrousel-cell  et_pb_text_align_left et_pb_bg_layout_light\">\n\t\t\t\t\n\t\t\t\t\n\t\t\t\t\n\t\t\t\t\n\t\t\t\t<div class=\"et_pb_text_inner\"><h2><strong>\u00c9QUIPES<\/strong> PROJET<\/h2>\n<p>&nbsp;<\/p>\n<p><strong>MA\u00ceTRISE<\/strong>\u00a0<b>D\u2019\u0152UVRE<\/b><br \/>Urbaniste : ANMA<br \/>Infrastructure, hydrolique : Infraservices<br \/>Programmation : ARP<br \/>D\u00e9veloppement durable : Altostep<br \/>Conception lumi\u00e8re : Icon<\/p>\n<p><strong>PR\u00c9-OP\u00c9RATIONNEL<br \/><\/strong>Gwendoline Hamet<br \/>Thomas Hermann<br \/>Sophie Morgenthaler<br \/>Lise Martinoni,<br \/>Myriam Desbruy\u00e8res<\/p>\n<p><strong>OP\u00c9RATIONNEL<br \/><\/strong>Agrippa Leenhardt<br \/>S\u00e9bastien Moinet<br \/>Axel Chifflet<\/p><\/div>\n\t\t\t<\/div><div class=\"et_pb_with_border et_pb_module et_pb_image et_pb_image_6 carrousel-cell\">\n\t\t\t\t\n\t\t\t\t\n\t\t\t\t\n\t\t\t\t\n\t\t\t\t<span class=\"et_pb_image_wrap \"><img decoding=\"async\" src=\"https:\/\/anma.fr\/wp-content\/uploads\/2020\/07\/ANMA_CARRIERES_CEC_\u00a911h45-HD-14.jpg\" alt=\"ANMA Carri\u00e8res Sous Poissy Nouvelle Centralit\u00e9\" title=\"ANMA Carri\u00e8res Sous Poissy Nouvelle Centralit\u00e9\" \/><\/span>\n\t\t\t<\/div><div class=\"et_pb_module et_pb_text et_pb_text_6 carrousel-cell  et_pb_text_align_left et_pb_bg_layout_light\">\n\t\t\t\t\n\t\t\t\t\n\t\t\t\t\n\t\t\t\t\n\t\t\t\t<div class=\"et_pb_text_inner\"><h2><strong>FICHE<\/strong> TECHNIQUE<\/h2>\n<p>&nbsp;<\/p>\n<p><strong>STATUT <\/strong>Chantiers<\/p>\n<p><strong>MA\u00ceTRISE D&rsquo;OUVRAGE<br \/><\/strong>EPAMSA<br \/>Ville de Carri\u00e8res-sous-Poissy<br \/>Communaut\u00e9 d&rsquo;Agglom\u00e9ration des 2 Rives de la Seine<\/p>\n<p><strong>CALENDRIER <\/strong>2009-2033<\/p>\n<p><strong>SURFACES <\/strong>48 ha, 360 000 m\u00b2 SP<\/p>\n<p><strong>TRAVAUX <\/strong>36,1 M\u20ac HT<\/p>\n<p><strong>PERSPECTIVES <\/strong>Blue Print, Charles Wallon<\/p>\n<p><strong> PHOTOGRAPHIE <\/strong>11h45<\/p>\n<p>&nbsp;<\/p>\n<p><strong>VOIR +<br \/><\/strong><a href=\"https:\/\/anma.fr\/projets\/ecoquartier-grand-est\/\">Dijon, \u00c9coquartier Grand Est<\/a><br \/><a href=\"https:\/\/anma.fr\/projets\/marianne-republique\/\">Montpellier, Marianne R\u00e9publique<\/a><br \/><a href=\"https:\/\/anma.fr\/projets\/gratte-ciel-nord\/\">Villeurbanne, Gratte-Ciel Nord<\/a><\/p><\/div>\n\t\t\t<\/div>\n\t\t\t<\/div>\n\t\t\t\t\n\t\t\t\t\n\t\t\t\t\n\t\t\t\t\n\t\t\t<\/div>\n\t\t\t\t\n\t\t\t\t\n\t\t\t<\/div>\t\t<\/div>\n\t<\/div>\n\t","protected":false},"excerpt":{"rendered":"<p>un accompagnementau long cours &nbsp; En 2008, la ville de Carri\u00e8res-sous-Poissy, l\u2019Etablissement Public d\u2019Am\u00e9nagement du Mantois Seine-Aval (EPAMSA) et la Communaut\u00e9 d\u2019agglom\u00e9ration des Deux Rives de Seine (CA2RS) lancent une r\u00e9flexion autour de l\u2019\u00e9volution d\u2019un territoire de 47 ha situ\u00e9 entre le centre-ville de Carri\u00e8res-sous-Poissy et le quartier Saint-Louis. Le groupement choisit ANMA en 2009 [&hellip;]<\/p>\n","protected":false},"author":1,"featured_media":247019,"parent":0,"comment_status":"open","ping_status":"closed","template":"","meta":{"_acf_changed":false,"_et_pb_use_builder":"on","_et_pb_old_content":"","_et_gb_content_width":"","footnotes":""},"project_category":[],"project_tag":[],"metier":[72,19],"ville":[56],"prog":[82,83,23],"statut":[37],"annee":[364],"intervention":[622,78],"class_list":["post-251951","project","type-project","status-publish","has-post-thumbnail","hentry"],"acf":{"choix_de_la_couleur_du_titre":"#ffffff"},"_links":{"self":[{"href":"https:\/\/anma.fr\/fr\/wp-json\/wp\/v2\/project\/251951","targetHints":{"allow":["GET"]}}],"collection":[{"href":"https:\/\/anma.fr\/fr\/wp-json\/wp\/v2\/project"}],"about":[{"href":"https:\/\/anma.fr\/fr\/wp-json\/wp\/v2\/types\/project"}],"author":[{"embeddable":true,"href":"https:\/\/anma.fr\/fr\/wp-json\/wp\/v2\/users\/1"}],"replies":[{"embeddable":true,"href":"https:\/\/anma.fr\/fr\/wp-json\/wp\/v2\/comments?post=251951"}],"version-history":[{"count":0,"href":"https:\/\/anma.fr\/fr\/wp-json\/wp\/v2\/project\/251951\/revisions"}],"wp:featuredmedia":[{"embeddable":true,"href":"https:\/\/anma.fr\/fr\/wp-json\/wp\/v2\/media\/247019"}],"wp:attachment":[{"href":"https:\/\/anma.fr\/fr\/wp-json\/wp\/v2\/media?parent=251951"}],"wp:term":[{"taxonomy":"project_category","embeddable":true,"href":"https:\/\/anma.fr\/fr\/wp-json\/wp\/v2\/project_category?post=251951"},{"taxonomy":"project_tag","embeddable":true,"href":"https:\/\/anma.fr\/fr\/wp-json\/wp\/v2\/project_tag?post=251951"},{"taxonomy":"metier","embeddable":true,"href":"https:\/\/anma.fr\/fr\/wp-json\/wp\/v2\/metier?post=251951"},{"taxonomy":"ville","embeddable":true,"href":"https:\/\/anma.fr\/fr\/wp-json\/wp\/v2\/ville?post=251951"},{"taxonomy":"prog","embeddable":true,"href":"https:\/\/anma.fr\/fr\/wp-json\/wp\/v2\/prog?post=251951"},{"taxonomy":"statut","embeddable":true,"href":"https:\/\/anma.fr\/fr\/wp-json\/wp\/v2\/statut?post=251951"},{"taxonomy":"annee","embeddable":true,"href":"https:\/\/anma.fr\/fr\/wp-json\/wp\/v2\/annee?post=251951"},{"taxonomy":"intervention","embeddable":true,"href":"https:\/\/anma.fr\/fr\/wp-json\/wp\/v2\/intervention?post=251951"}],"curies":[{"name":"wp","href":"https:\/\/api.w.org\/{rel}","templated":true}]}}