{"id":251974,"date":"2020-07-29T10:09:24","date_gmt":"2020-07-29T08:09:24","guid":{"rendered":"https:\/\/encours.studiottt.com\/anma21\/projects\/logements-mcdonald\/"},"modified":"2024-10-22T16:57:08","modified_gmt":"2024-10-22T14:57:08","slug":"logements-mcdonald","status":"publish","type":"project","link":"https:\/\/anma.fr\/fr\/projets\/logements-mcdonald\/","title":{"rendered":"Logements McDonald"},"content":{"rendered":"<div class=\"et-l et-l--post\">\n\t\t\t<div class=\"et_builder_inner_content et_pb_gutters3\"><div id=\"fiche-projet\" class=\"et_pb_section et_pb_section_0 et_section_regular\" >\n\t\t\t\t\n\t\t\t\t\n\t\t\t\t\n\t\t\t\t\n\t\t\t\t\n\t\t\t\t\n\t\t\t\t<div class=\"et_pb_row et_pb_row_0\">\n\t\t\t\t<div class=\"et_pb_column et_pb_column_4_4 et_pb_column_0 carousel-container  et_pb_css_mix_blend_mode_passthrough et-last-child\">\n\t\t\t\t\n\t\t\t\t\n\t\t\t\t\n\t\t\t\t\n\t\t\t\t<div class=\"et_pb_with_border et_pb_module et_pb_image et_pb_image_0 carrousel-cell\">\n\t\t\t\t\n\t\t\t\t\n\t\t\t\t\n\t\t\t\t\n\t\t\t\t<span class=\"et_pb_image_wrap \"><img decoding=\"async\" src=\"https:\/\/anma.fr\/wp-content\/uploads\/2020\/07\/3-ANMA-Macdonald-\u00a9MarwanHarmouche-_M7A1128.jpg\" alt=\"ANMA Paris Logements McDonald\" title=\"ANMA Paris Logements McDonald\" \/><\/span>\n\t\t\t<\/div><div class=\"et_pb_module et_pb_text et_pb_text_0 carrousel-cell  et_pb_text_align_left et_pb_bg_layout_light\">\n\t\t\t\t\n\t\t\t\t\n\t\t\t\t\n\t\t\t\t\n\t\t\t\t<div class=\"et_pb_text_inner\"><h2><b>reconvertir <\/b>des entrep\u00f4ts mcdonald<\/h2>\n<p>&nbsp;<\/p>\n<p style=\"vertical-align: baseline; margin: 0cm 0cm 15.75pt 0cm;\"><span>Ce projet de logements s\u2019ins\u00e8re dans le projet global de reconversion des entrep\u00f4ts Macdonald pour lequel ANMA assure la maitrise d\u2019\u0153uvre architecturale de deux lots de logements. Le lot N2 est situ\u00e9 le long du boulevard Macdonald dans la partie ouest du b\u00e2timent. Le lot S1 est situ\u00e9 le long des voies ferr\u00e9es c\u00f4t\u00e9 sud.<\/span><\/p><\/div>\n\t\t\t<\/div><div class=\"et_pb_with_border et_pb_module et_pb_image et_pb_image_1 carrousel-cell\">\n\t\t\t\t\n\t\t\t\t\n\t\t\t\t\n\t\t\t\t\n\t\t\t\t<span class=\"et_pb_image_wrap \"><img decoding=\"async\" src=\"https:\/\/anma.fr\/wp-content\/uploads\/2020\/07\/1-ANMA-Macdonald-\u00a9MarwanHarmouche-_M7A1503.jpg\" alt=\"ANMA Paris Logements McDonald\" title=\"ANMA Paris Logements McDonald\" \/><\/span>\n\t\t\t<\/div><div class=\"et_pb_module et_pb_text et_pb_text_1 carrousel-cell  et_pb_text_align_left et_pb_bg_layout_light\">\n\t\t\t\t\n\t\t\t\t\n\t\t\t\t\n\t\t\t\t\n\t\t\t\t<div class=\"et_pb_text_inner\"><h2><b>des duplex <br \/><\/b>en r+1 et en r+6<\/h2>\n<p>&nbsp;<\/p>\n<p style=\"vertical-align: baseline; margin: 0cm 0cm 15.75pt 0cm;\"><span>L\u2019immeuble N2 est constitu\u00e9 de 89 logements accessibles depuis l\u2019esplanade sur le boulevard Macdonald. C\u00f4t\u00e9 boulevard, le projet s\u2019inscrit dans la logique du plan directeur : de grands logements en duplex se glissent dans la structure existante en R+1 et R+1 mezzanine. Deux niveaux en retrait se posent sur l\u2019existant. <\/span><\/p>\n<p style=\"vertical-align: baseline; margin: 0cm 0cm 15.75pt 0cm;\"><span>Ce volume en \u201ccristal\u201d vient lui-m\u00eame supporter quatre niveaux en porte-\u00e0-faux. Les quatre niveaux se lisent comme un seul \u00e9l\u00e9ment monolithique min\u00e9ral encercl\u00e9 d\u2019un cadre de b\u00e9ton assurant la coh\u00e9rence globale du master plan. Le dernier plancher accessible \u00e9tant le R+6, le R+7 permet de cr\u00e9er des duplex dot\u00e9s de grandes doubles hauteurs sur le boulevard.<\/span><\/p><\/div>\n\t\t\t<\/div><div class=\"et_pb_with_border et_pb_module et_pb_image et_pb_image_2 carrousel-cell\">\n\t\t\t\t\n\t\t\t\t\n\t\t\t\t\n\t\t\t\t\n\t\t\t\t<span class=\"et_pb_image_wrap \"><img decoding=\"async\" src=\"https:\/\/anma.fr\/wp-content\/uploads\/2020\/07\/2-ANMA-Macdonald-\u00a9MarwanHarmouche-_M7A1194.jpg\" alt=\"ANMA Paris Logements McDonald\" title=\"ANMA Paris Logements McDonald\" \/><\/span>\n\t\t\t<\/div><div class=\"et_pb_module et_pb_text et_pb_text_2 carrousel-cell  et_pb_text_align_left et_pb_bg_layout_light\">\n\t\t\t\t\n\t\t\t\t\n\t\t\t\t\n\t\t\t\t\n\t\t\t\t<div class=\"et_pb_text_inner\"><h2><b>jeux de retraits<br \/><\/b>et d&rsquo;avanc\u00e9es<\/h2>\n<p>&nbsp;<\/p>\n<p style=\"vertical-align: baseline; margin: 0cm 0cm 15.75pt 0cm;\"><span>C\u00f4t\u00e9 jardin, le projet r\u00e9interpr\u00e8te les jeux des retraits et d\u2019avanc\u00e9es du plan directeur en d\u00e9multipliant les terrasses orient\u00e9es au sud et proposant des perspectives sur la ville. Dans les deux niveaux existants, les duplex en rez-de-jardin offrent de grandes doubles hauteur et de larges terrasses. <\/span><\/p>\n<p style=\"vertical-align: baseline; margin: 0cm 0cm 15.75pt 0cm;\"><span>Sur les niveaux sup\u00e9rieurs, la fa\u00e7ade sud s\u2019avance sur la cour par une succession de gradins et de gradins invers\u00e9s qui densifient le projet et permettre de trouver de larges terrasses et loggias pour les grands logements. Les duplex dans les deux derniers niveaux investissent les toits terrasses du b\u00e2timent en proposant de larges espaces ext\u00e9rieurs avec vues sur Paris.<\/span><\/p><\/div>\n\t\t\t<\/div><div class=\"et_pb_with_border et_pb_module et_pb_image et_pb_image_3 carrousel-cell\">\n\t\t\t\t\n\t\t\t\t\n\t\t\t\t\n\t\t\t\t\n\t\t\t\t<span class=\"et_pb_image_wrap \"><img decoding=\"async\" src=\"https:\/\/anma.fr\/wp-content\/uploads\/2020\/07\/5-ANMA-Macdonald-\u00a9MarwanHarmouche-_M7A1089.jpg\" alt=\"ANMA Paris Logements McDonald\" title=\"ANMA Paris Logements McDonald\" \/><\/span>\n\t\t\t<\/div><div class=\"et_pb_module et_pb_text et_pb_text_3 carrousel-cell  et_pb_text_align_left et_pb_bg_layout_light\">\n\t\t\t\t\n\t\t\t\t\n\t\t\t\t\n\t\t\t\t\n\t\t\t\t<div class=\"et_pb_text_inner\"><h2><b>des vues directes<br \/><\/b>sur paris<\/h2>\n<p>&nbsp;<\/p>\n<p style=\"vertical-align: baseline; margin: 0cm 0cm 15.75pt 0cm;\"><span>L\u2019immeuble S1 est constitu\u00e9 de 52 logements accessibles depuis la fa\u00e7ade sud de l\u2019entrep\u00f4t bord\u00e9 par la ligne de tramway. Le projet se pose sur un socle commun avec le lot S2 sur les deux premiers niveaux, renvoyant directement \u00e0 l\u2019existant pr\u00e9serv\u00e9 de la fa\u00e7ade nord avec son cadre en b\u00e9ton.<\/span><\/p>\n<p style=\"margin: 0cm; margin-bottom: .0001pt; vertical-align: baseline;\"><span>Le b\u00e2timent est orient\u00e9 nord\/sud avec des fa\u00e7ades est et ouest en vues principales mais en vis-\u00e0-vis directs avec les lots O1 et S2. Les atouts thermiques et lumineux de l\u2019orientation sud sont ici renforc\u00e9s par les vues offertes sur la ville de Paris. Le projet propose ainsi une orientation sud avec vue sur la ville au plus grand nombre de logements. <\/span><\/p><\/div>\n\t\t\t<\/div><div class=\"et_pb_with_border et_pb_module et_pb_image et_pb_image_4 carrousel-cell\">\n\t\t\t\t\n\t\t\t\t\n\t\t\t\t\n\t\t\t\t\n\t\t\t\t<span class=\"et_pb_image_wrap \"><img decoding=\"async\" width=\"810\" height=\"1080\" src=\"https:\/\/anma.fr\/wp-content\/uploads\/2020\/07\/wec1509_macdo_ANMA_0965-copy.jpg\" alt=\"ANMA Paris Logements McDonald\" title=\"ANMA Paris Logements McDonald\" srcset=\"https:\/\/anma.fr\/wp-content\/uploads\/2020\/07\/wec1509_macdo_ANMA_0965-copy.jpg 810w, https:\/\/anma.fr\/wp-content\/uploads\/2020\/07\/wec1509_macdo_ANMA_0965-copy-480x640.jpg 480w\" sizes=\"(min-width: 0px) and (max-width: 480px) 480px, (min-width: 481px) 810px, 100vw\" class=\"wp-image-233604\" \/><\/span>\n\t\t\t<\/div><div class=\"et_pb_module et_pb_text et_pb_text_4 carrousel-cell  et_pb_text_align_left et_pb_bg_layout_light\">\n\t\t\t\t\n\t\t\t\t\n\t\t\t\t\n\t\t\t\t\n\t\t\t\t<div class=\"et_pb_text_inner\"><h2><b>s\u00e9jours <\/b>en angle<\/h2>\n<p>&nbsp;<\/p>\n<p style=\"margin: 0cm; margin-bottom: .0001pt; vertical-align: baseline;\"><span>Par un syst\u00e8me de redans successifs, chaque logement est compos\u00e9 d\u2019un s\u00e9jour en angle venant chercher la lumi\u00e8re du sud et profiter des vues lointaines. <\/span><\/p>\n<p style=\"margin: 0cm; margin-bottom: .0001pt; vertical-align: baseline;\"><span>Ils permettent \u00e9galement d\u2019offrir des balcons \u00e0 chaque logement sans vis-\u00e0-vis les uns les autres. Cette typologie de logements \u00e0 redans produit une volum\u00e9trie particuli\u00e8re, directement issue du parti pris du projet \u00e0 l\u2019\u00e9chelle du logement.<\/span><\/p><\/div>\n\t\t\t<\/div><div class=\"et_pb_with_border et_pb_module et_pb_image et_pb_image_5 carrousel-cell\">\n\t\t\t\t\n\t\t\t\t\n\t\t\t\t\n\t\t\t\t\n\t\t\t\t<span class=\"et_pb_image_wrap \"><img decoding=\"async\" width=\"810\" height=\"1080\" src=\"https:\/\/anma.fr\/wp-content\/uploads\/2020\/07\/wec1509_macdo_ANMA_1045-copy.jpg\" alt=\"ANMA Paris Logements McDonald\" title=\"ANMA Paris Logements McDonald\" srcset=\"https:\/\/anma.fr\/wp-content\/uploads\/2020\/07\/wec1509_macdo_ANMA_1045-copy.jpg 810w, https:\/\/anma.fr\/wp-content\/uploads\/2020\/07\/wec1509_macdo_ANMA_1045-copy-480x640.jpg 480w\" sizes=\"(min-width: 0px) and (max-width: 480px) 480px, (min-width: 481px) 810px, 100vw\" class=\"wp-image-233605\" \/><\/span>\n\t\t\t<\/div><div class=\"et_pb_module et_pb_text et_pb_text_5 carrousel-cell  et_pb_text_align_left et_pb_bg_layout_light\">\n\t\t\t\t\n\t\t\t\t\n\t\t\t\t\n\t\t\t\t\n\t\t\t\t<div class=\"et_pb_text_inner\"><h2><strong>\u00c9QUIPES<\/strong> PROJET<\/h2>\n<p>&nbsp;<\/p>\n<p><strong>MA\u00ceTRISE<\/strong>\u00a0<b>D\u2019\u0152UVRE<\/b><br \/>Architecte : ANMA<br \/>Architectes coordinateurs : XDGA, FAA<br \/>HQE : Alto<br \/>Structure, fluides, coordination : Setec<br \/>Fa\u00e7ade : DVVD<\/p>\n<p><strong style=\"font-size: 15px;\">\u00c9TUDES<br \/><\/strong>Val\u00e9rie Dubois<br \/>Mickael Papin<br \/>Camille Gravellier<\/p>\n<p><strong>CHANTIER<br \/><\/strong>Etienne Challet-Hayard<br \/>Jacqueline lee<\/p>\n<p><strong>PERSPECTIVISTE<br \/><\/strong>Artefactory<\/p><\/div>\n\t\t\t<\/div><div class=\"et_pb_with_border et_pb_module et_pb_image et_pb_image_6 carrousel-cell\">\n\t\t\t\t\n\t\t\t\t\n\t\t\t\t\n\t\t\t\t\n\t\t\t\t<span class=\"et_pb_image_wrap \"><img decoding=\"async\" width=\"810\" height=\"1080\" src=\"https:\/\/anma.fr\/wp-content\/uploads\/2020\/07\/wec1509_macdo_ANMA_07118-copy.jpg\" alt=\"ANMA Paris Logements McDonald\" title=\"ANMA Paris Logements McDonald\" srcset=\"https:\/\/anma.fr\/wp-content\/uploads\/2020\/07\/wec1509_macdo_ANMA_07118-copy.jpg 810w, https:\/\/anma.fr\/wp-content\/uploads\/2020\/07\/wec1509_macdo_ANMA_07118-copy-480x640.jpg 480w\" sizes=\"(min-width: 0px) and (max-width: 480px) 480px, (min-width: 481px) 810px, 100vw\" class=\"wp-image-233608\" \/><\/span>\n\t\t\t<\/div><div class=\"et_pb_module et_pb_text et_pb_text_6 carrousel-cell  et_pb_text_align_left et_pb_bg_layout_light\">\n\t\t\t\t\n\t\t\t\t\n\t\t\t\t\n\t\t\t\t\n\t\t\t\t<div class=\"et_pb_text_inner\"><h2><strong>FICHE<\/strong> TECHNIQUE<\/h2>\n<p>&nbsp;<\/p>\n<p><strong>STATUT <\/strong>R\u00e9alis\u00e9<strong>\u00a0<\/strong><\/p>\n<p><strong>MA\u00ceTRE<\/strong>\u00a0<b>D\u2019OUVRAGE <\/b>Icade<\/p>\n<p><strong>AM\u00c9NAGEURS <\/strong>SEMAVIP, Paris Nord Est<\/p>\n<p><strong>CALENDRIER <\/strong>2015<\/p>\n<p><strong>SURFACE <\/strong>11 050 m\u00b2 SHON<\/p>\n<p><strong>TRAVAUX <\/strong>18 M\u20ac HT<\/p>\n<p><b>CERTIFICATIONS<\/b> H&amp;E, BBC<\/p>\n<p><strong> PHOTOGRAPHIE <\/strong>Cyrille Weiner, Marwan Harmouche<\/p>\n<p>&nbsp;<\/p>\n<p><strong>VOIR +<br \/><\/strong><a href=\"https:\/\/anma.fr\/projets\/halle-aux-farines\/\">Paris, Halle aux Farines<\/a><br \/><a href=\"https:\/\/anma.fr\/projets\/maison-de-lile-de-france\/\">Paris, Maison de l&rsquo;\u00cele-de-France<\/a><br \/><a href=\"https:\/\/anma.fr\/projets\/ministere-de-la-defense\/\">Paris, Minist\u00e8re de la D\u00e9fense<\/a><\/p><\/div>\n\t\t\t<\/div>\n\t\t\t<\/div>\n\t\t\t\t\n\t\t\t\t\n\t\t\t\t\n\t\t\t\t\n\t\t\t<\/div>\n\t\t\t\t\n\t\t\t\t\n\t\t\t<\/div>\t\t<\/div>\n\t<\/div>\n\t","protected":false},"excerpt":{"rendered":"<p>reconvertir des entrep\u00f4ts mcdonald &nbsp; Ce projet de logements s\u2019ins\u00e8re dans le projet global de reconversion des entrep\u00f4ts Macdonald pour lequel ANMA assure la maitrise d\u2019\u0153uvre architecturale de deux lots de logements. Le lot N2 est situ\u00e9 le long du boulevard Macdonald dans la partie ouest du b\u00e2timent. Le lot S1 est situ\u00e9 le long [&hellip;]<\/p>\n","protected":false},"author":1,"featured_media":233596,"parent":0,"comment_status":"open","ping_status":"closed","template":"","meta":{"_acf_changed":false,"_et_pb_use_builder":"on","_et_pb_old_content":"","_et_gb_content_width":"","footnotes":""},"project_category":[],"project_tag":[],"metier":[18],"ville":[121],"prog":[82],"statut":[39],"annee":[97],"intervention":[79],"class_list":["post-251974","project","type-project","status-publish","has-post-thumbnail","hentry"],"acf":{"choix_de_la_couleur_du_titre":"#ffffff"},"_links":{"self":[{"href":"https:\/\/anma.fr\/fr\/wp-json\/wp\/v2\/project\/251974","targetHints":{"allow":["GET"]}}],"collection":[{"href":"https:\/\/anma.fr\/fr\/wp-json\/wp\/v2\/project"}],"about":[{"href":"https:\/\/anma.fr\/fr\/wp-json\/wp\/v2\/types\/project"}],"author":[{"embeddable":true,"href":"https:\/\/anma.fr\/fr\/wp-json\/wp\/v2\/users\/1"}],"replies":[{"embeddable":true,"href":"https:\/\/anma.fr\/fr\/wp-json\/wp\/v2\/comments?post=251974"}],"version-history":[{"count":1,"href":"https:\/\/anma.fr\/fr\/wp-json\/wp\/v2\/project\/251974\/revisions"}],"predecessor-version":[{"id":258463,"href":"https:\/\/anma.fr\/fr\/wp-json\/wp\/v2\/project\/251974\/revisions\/258463"}],"wp:featuredmedia":[{"embeddable":true,"href":"https:\/\/anma.fr\/fr\/wp-json\/wp\/v2\/media\/233596"}],"wp:attachment":[{"href":"https:\/\/anma.fr\/fr\/wp-json\/wp\/v2\/media?parent=251974"}],"wp:term":[{"taxonomy":"project_category","embeddable":true,"href":"https:\/\/anma.fr\/fr\/wp-json\/wp\/v2\/project_category?post=251974"},{"taxonomy":"project_tag","embeddable":true,"href":"https:\/\/anma.fr\/fr\/wp-json\/wp\/v2\/project_tag?post=251974"},{"taxonomy":"metier","embeddable":true,"href":"https:\/\/anma.fr\/fr\/wp-json\/wp\/v2\/metier?post=251974"},{"taxonomy":"ville","embeddable":true,"href":"https:\/\/anma.fr\/fr\/wp-json\/wp\/v2\/ville?post=251974"},{"taxonomy":"prog","embeddable":true,"href":"https:\/\/anma.fr\/fr\/wp-json\/wp\/v2\/prog?post=251974"},{"taxonomy":"statut","embeddable":true,"href":"https:\/\/anma.fr\/fr\/wp-json\/wp\/v2\/statut?post=251974"},{"taxonomy":"annee","embeddable":true,"href":"https:\/\/anma.fr\/fr\/wp-json\/wp\/v2\/annee?post=251974"},{"taxonomy":"intervention","embeddable":true,"href":"https:\/\/anma.fr\/fr\/wp-json\/wp\/v2\/intervention?post=251974"}],"curies":[{"name":"wp","href":"https:\/\/api.w.org\/{rel}","templated":true}]}}