{"id":251977,"date":"2020-07-29T12:39:42","date_gmt":"2020-07-29T10:39:42","guid":{"rendered":"https:\/\/encours.studiottt.com\/anma21\/projects\/halle-sernam\/"},"modified":"2024-06-27T16:08:40","modified_gmt":"2024-06-27T14:08:40","slug":"halle-sernam","status":"publish","type":"project","link":"https:\/\/anma.fr\/fr\/projets\/halle-sernam\/","title":{"rendered":"Halle Sernam"},"content":{"rendered":"<div class=\"et-l et-l--post\">\n\t\t\t<div class=\"et_builder_inner_content et_pb_gutters3\"><div id=\"fiche-projet\" class=\"et_pb_section et_pb_section_0 et_section_regular\" >\n\t\t\t\t\n\t\t\t\t\n\t\t\t\t\n\t\t\t\t\n\t\t\t\t\n\t\t\t\t\n\t\t\t\t<div class=\"et_pb_row et_pb_row_0\">\n\t\t\t\t<div class=\"et_pb_column et_pb_column_4_4 et_pb_column_0 carousel-container  et_pb_css_mix_blend_mode_passthrough et-last-child\">\n\t\t\t\t\n\t\t\t\t\n\t\t\t\t\n\t\t\t\t\n\t\t\t\t<div class=\"et_pb_with_border et_pb_module et_pb_image et_pb_image_0 carrousel-cell\">\n\t\t\t\t\n\t\t\t\t\n\t\t\t\t\n\t\t\t\t\n\t\t\t\t<span class=\"et_pb_image_wrap \"><img decoding=\"async\" width=\"1620\" height=\"870\" src=\"https:\/\/anma.fr\/wp-content\/uploads\/2020\/07\/PHS-PC-Pau-Jour-e1627980259177.jpg\" alt=\"ANMA Pau Halle Sernam\" title=\"ANMA Pau Halle Sernam\" srcset=\"https:\/\/anma.fr\/wp-content\/uploads\/2020\/07\/PHS-PC-Pau-Jour-e1627980259177.jpg 1620w, https:\/\/anma.fr\/wp-content\/uploads\/2020\/07\/PHS-PC-Pau-Jour-e1627980259177-1280x720.jpg 1280w, https:\/\/anma.fr\/wp-content\/uploads\/2020\/07\/PHS-PC-Pau-Jour-e1627980259177-980x551.jpg 980w, https:\/\/anma.fr\/wp-content\/uploads\/2020\/07\/PHS-PC-Pau-Jour-e1627980259177-480x270.jpg 480w\" sizes=\"(min-width: 0px) and (max-width: 480px) 480px, (min-width: 481px) and (max-width: 980px) 980px, (min-width: 981px) and (max-width: 1280px) 1280px, (min-width: 1281px) 1620px, 100vw\" class=\"wp-image-247314\" \/><\/span>\n\t\t\t<\/div><div id=\"5\" class=\"et_pb_module et_pb_text et_pb_text_0 carrousel-cell  et_pb_text_align_left et_pb_bg_layout_light\">\n\t\t\t\t\n\t\t\t\t\n\t\t\t\t\n\t\t\t\t\n\t\t\t\t<div class=\"et_pb_text_inner\"><h2><b>reconvertir <\/b>le patrimoine b\u00e2ti<\/h2>\n<p>&nbsp;<\/p>\n<p style=\"vertical-align: baseline; margin: 0cm 0cm 15.75pt 0cm;\"><span>Situ\u00e9e en contrebas de la ville de Pau, bordant les voies ferr\u00e9es dans le prolongement de la gare, la halle Sernam est un b\u00e2timent identitaire qui ouvre sur un site exceptionnel en devenir\u00a0: les rives du Gave. D\u00e9voilant les horizons palois, un paysage-patrimoine de vues sur les Pyr\u00e9n\u00e9es et le ripisylve de la confluence de l\u2019Ousse et du Gave, le site accueillait historiquement des activit\u00e9s industrielles et prendra la forme demain d\u2019un nouveau quartier de mixit\u00e9 de programmatique. <\/span><\/p>\n<p style=\"vertical-align: baseline; margin: 0cm 0cm 15.75pt 0cm;\"><span>La halle Sernam, transform\u00e9e en tiers-lieu, sera la porte d\u2019entr\u00e9e d\u2019une longue promenade urbaine qui pourrait relier le centre historique de la ville haute au stade des Eaux Vives par l\u2019ancien site industriel.<\/span><\/p><\/div>\n\t\t\t<\/div><div class=\"et_pb_with_border et_pb_module et_pb_image et_pb_image_1 carrousel-cell\">\n\t\t\t\t\n\t\t\t\t\n\t\t\t\t\n\t\t\t\t\n\t\t\t\t<span class=\"et_pb_image_wrap \"><img decoding=\"async\" width=\"1800\" height=\"1080\" src=\"https:\/\/anma.fr\/wp-content\/uploads\/2020\/07\/PHS-PC-Parvis-restaurant.jpg\" alt=\"ANMA Pau Halle Sernam\" title=\"ANMA Pau Halle Sernam\" srcset=\"https:\/\/anma.fr\/wp-content\/uploads\/2020\/07\/PHS-PC-Parvis-restaurant.jpg 1800w, https:\/\/anma.fr\/wp-content\/uploads\/2020\/07\/PHS-PC-Parvis-restaurant-1280x768.jpg 1280w, https:\/\/anma.fr\/wp-content\/uploads\/2020\/07\/PHS-PC-Parvis-restaurant-980x588.jpg 980w, https:\/\/anma.fr\/wp-content\/uploads\/2020\/07\/PHS-PC-Parvis-restaurant-480x288.jpg 480w\" sizes=\"(min-width: 0px) and (max-width: 480px) 480px, (min-width: 481px) and (max-width: 980px) 980px, (min-width: 981px) and (max-width: 1280px) 1280px, (min-width: 1281px) 1800px, 100vw\" class=\"wp-image-247312\" \/><\/span>\n\t\t\t<\/div><div id=\"5\" class=\"et_pb_module et_pb_text et_pb_text_1 carrousel-cell  et_pb_text_align_left et_pb_bg_layout_light\">\n\t\t\t\t\n\t\t\t\t\n\t\t\t\t\n\t\t\t\t\n\t\t\t\t<div class=\"et_pb_text_inner\"><h2><b>une r\u00e9habilitation <\/b>modulaire<\/h2>\n<p>&nbsp;<\/p>\n<p style=\"vertical-align: baseline; margin: 0cm 0cm 15.75pt 0cm;\"><span>Ce projet de r\u00e9habilitation est celui du travail de la finesse structurelle et du cloisonnement modulaire. Ainsi, aucune nouvelle charge structurelle n\u2019est apport\u00e9e \u00e0 la structure existante et les volumes r\u00e9alis\u00e9s sous la vo\u00fbte en sont totalement d\u00e9solidaris\u00e9s. Sous le volume vo\u00fbt\u00e9, un dialogue est \u00e9tabli entre la courbe des arcs b\u00e9ton et un jeu d\u2019insertion de \u00ab\u00a0bo\u00eetes\u00a0\u00bb selon de longues lignes sinuso\u00efdales. Tous les puits z\u00e9nithaux sont conserv\u00e9s et les nouveaux volumes sont largement vitr\u00e9s, prot\u00e9g\u00e9s par des brise-soleils et prolong\u00e9s par une marquise en lame de verre.<\/span><\/p>\n<p style=\"vertical-align: baseline; margin: 0cm 0cm 15.75pt 0cm;\"><span>Le projet propose quatre grandes typologies d\u2019espaces\u00a0&#8211; un p\u00f4le \u00e9conomies cr\u00e9atives, un restaurant, un espace \u00e9v\u00e9nementiel et un skate-park \u2013 reli\u00e9s en RDC et R+1 par un mail cr\u00e9atif, parcours d\u2019\u00e9changes et de rencontres s\u2019\u00e9largissant sous les vo\u00fbtes en terrasses modulables. A l\u2019\u00e9tage, les espaces sont cloisonn\u00e9s avec des panneaux facilement d\u00e9montables qui garantissent souplesse d\u2019utilisation et modularit\u00e9 du projet.<\/span><\/p><\/div>\n\t\t\t<\/div><div class=\"et_pb_with_border et_pb_module et_pb_image et_pb_image_2 carrousel-cell\">\n\t\t\t\t\n\t\t\t\t\n\t\t\t\t\n\t\t\t\t\n\t\t\t\t<span class=\"et_pb_image_wrap \"><img decoding=\"async\" width=\"1697\" height=\"1080\" src=\"https:\/\/anma.fr\/wp-content\/uploads\/2020\/07\/PHS-PC-Restaurant.jpg\" alt=\"ANMA Pau Halle Sernam\" title=\"ANMA Pau Halle Sernam\" srcset=\"https:\/\/anma.fr\/wp-content\/uploads\/2020\/07\/PHS-PC-Restaurant.jpg 1697w, https:\/\/anma.fr\/wp-content\/uploads\/2020\/07\/PHS-PC-Restaurant-1280x815.jpg 1280w, https:\/\/anma.fr\/wp-content\/uploads\/2020\/07\/PHS-PC-Restaurant-980x624.jpg 980w, https:\/\/anma.fr\/wp-content\/uploads\/2020\/07\/PHS-PC-Restaurant-480x305.jpg 480w\" sizes=\"(min-width: 0px) and (max-width: 480px) 480px, (min-width: 481px) and (max-width: 980px) 980px, (min-width: 981px) and (max-width: 1280px) 1280px, (min-width: 1281px) 1697px, 100vw\" class=\"wp-image-247320\" \/><\/span>\n\t\t\t<\/div><div id=\"5\" class=\"et_pb_module et_pb_text et_pb_text_2 carrousel-cell  et_pb_text_align_left et_pb_bg_layout_light\">\n\t\t\t\t\n\t\t\t\t\n\t\t\t\t\n\t\t\t\t\n\t\t\t\t<div class=\"et_pb_text_inner\"><h2><b>rafra\u00eechissement naturel <\/b>par l&rsquo;Ousse<\/h2>\n<p>&nbsp;<\/p>\n<p style=\"margin: 0cm; margin-bottom: .0001pt; vertical-align: baseline;\"><span>L\u2019int\u00e9gration des bo\u00eetes isol\u00e9es sous la structure de la vo\u00fbte b\u00e9ton existante permet la r\u00e9alisation au centre d\u2019un espace interclimatique en ventilation naturelle. Elle est assur\u00e9e par la circulation d\u2019air des bureaux en RDC et R+1 vers des lanterneaux \u00e0 soufflets en toiture et compl\u00e9t\u00e9e par des poutres froides passives fonctionnant par convection naturelle. En \u00e9t\u00e9, celles-ci sont rafra\u00eechies par un syst\u00e8me adiabatique d\u2019\u00e9changeur en plaque au niveau du ruisseau de l\u2019Ousse\u00a0: une solution 100% naturelle et \u00e9conomique qui garantit un air sain et confortable.<\/span><\/p><\/div>\n\t\t\t<\/div><div class=\"et_pb_with_border et_pb_module et_pb_image et_pb_image_3 carrousel-cell\">\n\t\t\t\t\n\t\t\t\t\n\t\t\t\t\n\t\t\t\t\n\t\t\t\t<span class=\"et_pb_image_wrap \"><img decoding=\"async\" src=\"https:\/\/anma.fr\/wp-content\/uploads\/2020\/07\/\u252c\u00aecyrilgarrabos2022_10-scaled.jpg\" alt=\"Pau Halle Sernam\" title=\"\" \/><\/span>\n\t\t\t<\/div><div class=\"et_pb_module et_pb_text et_pb_text_3 carrousel-cell  et_pb_text_align_left et_pb_bg_layout_light\">\n\t\t\t\t\n\t\t\t\t\n\t\t\t\t\n\t\t\t\t\n\t\t\t\t<div class=\"et_pb_text_inner\"><h2><strong>\u00c9QUIPES<\/strong> PROJET<\/h2>\n<p>&nbsp;<\/p>\n<p><strong>MA\u00ceTRISE<\/strong> <strong>D&rsquo;OEUVRE<br \/><\/strong>Architecte, paysagiste, \u00e9conomiste : ANMA<br \/>Structure, fluides, thermiques, \u00e9lectricit\u00e9 : Betom<br \/>Acoustique : Emacoustic<br \/>Consultant pathologies du b\u00e9ton : Stern Ing\u00e9nierie<br \/>Cuisiniste : Cuisinorme<br \/>CSSI : CSD &amp; Associ\u00e9s<br \/>OPC : Cabinet Alain Biasi<\/p>\n<p><strong>CONCOURS<br \/><\/strong>Bruno Isambert<br \/>Elise Marc<\/p>\n<p><strong>\u00c9TUDES<br \/><\/strong>Camille Gravellier<\/p><\/div>\n\t\t\t<\/div><div class=\"et_pb_with_border et_pb_module et_pb_image et_pb_image_4 carrousel-cell\">\n\t\t\t\t\n\t\t\t\t\n\t\t\t\t\n\t\t\t\t\n\t\t\t\t<span class=\"et_pb_image_wrap \"><img decoding=\"async\" src=\"https:\/\/anma.fr\/wp-content\/uploads\/2020\/07\/\u252c\u00aecyrilgarrabos2022_15-scaled.jpg\" alt=\"Pau Halle Sernam\" title=\"\u252c\u00aecyrilgarrabos2022_15\" \/><\/span>\n\t\t\t<\/div><div class=\"et_pb_module et_pb_text et_pb_text_4 carrousel-cell  et_pb_text_align_left et_pb_bg_layout_light\">\n\t\t\t\t\n\t\t\t\t\n\t\t\t\t\n\t\t\t\t\n\t\t\t\t<div class=\"et_pb_text_inner\"><h2><strong>FICHE<\/strong> TECHNIQUE<\/h2>\n<p>&nbsp;<\/p>\n<p><strong>STATUT <\/strong>Chantier en cours<\/p>\n<p><strong>MA\u00ceTRISE D&rsquo;OUVRAGE <\/strong>Ville de Pau<\/p>\n<p><strong>LIVRAISON <\/strong>2026<\/p>\n<p><strong>SURFACE <\/strong>4 750 m\u00b2 SP<\/p>\n<p><strong>PERSPECTIVES <\/strong>Ida+<\/p>\n<p><strong>PHOTOGRAPHIE<\/strong> Cyril Garrabos<\/p>\n<p>&nbsp;<\/p>\n<p><strong>VOIR +<br \/><\/strong><a href=\"https:\/\/anma.fr\/projets\/halle-boca\/\">Bordeaux, Halle Boca<\/a><br \/><a href=\"https:\/\/anma.fr\/projets\/ilo23\/\">Clermont-Ferrand, Ilo23<\/a><br \/><a href=\"https:\/\/anma.fr\/projets\/agence-de-leau\/\">Rouen, Agence de l&rsquo;Eau<\/a><\/p><\/div>\n\t\t\t<\/div>\n\t\t\t<\/div>\n\t\t\t\t\n\t\t\t\t\n\t\t\t\t\n\t\t\t\t\n\t\t\t<\/div>\n\t\t\t\t\n\t\t\t\t\n\t\t\t<\/div>\t\t<\/div>\n\t<\/div>\n\t","protected":false},"excerpt":{"rendered":"<p>reconvertir le patrimoine b\u00e2ti &nbsp; Situ\u00e9e en contrebas de la ville de Pau, bordant les voies ferr\u00e9es dans le prolongement de la gare, la halle Sernam est un b\u00e2timent identitaire qui ouvre sur un site exceptionnel en devenir\u00a0: les rives du Gave. D\u00e9voilant les horizons palois, un paysage-patrimoine de vues sur les Pyr\u00e9n\u00e9es et le [&hellip;]<\/p>\n","protected":false},"author":1,"featured_media":233685,"parent":0,"comment_status":"open","ping_status":"closed","template":"","meta":{"_acf_changed":false,"_et_pb_use_builder":"on","_et_pb_old_content":"","_et_gb_content_width":"","footnotes":""},"project_category":[],"project_tag":[],"metier":[18],"ville":[35],"prog":[83,23],"statut":[36],"annee":[364],"intervention":[79,81],"class_list":["post-251977","project","type-project","status-publish","has-post-thumbnail","hentry"],"acf":{"choix_de_la_couleur_du_titre":"#ffffff"},"_links":{"self":[{"href":"https:\/\/anma.fr\/fr\/wp-json\/wp\/v2\/project\/251977","targetHints":{"allow":["GET"]}}],"collection":[{"href":"https:\/\/anma.fr\/fr\/wp-json\/wp\/v2\/project"}],"about":[{"href":"https:\/\/anma.fr\/fr\/wp-json\/wp\/v2\/types\/project"}],"author":[{"embeddable":true,"href":"https:\/\/anma.fr\/fr\/wp-json\/wp\/v2\/users\/1"}],"replies":[{"embeddable":true,"href":"https:\/\/anma.fr\/fr\/wp-json\/wp\/v2\/comments?post=251977"}],"version-history":[{"count":0,"href":"https:\/\/anma.fr\/fr\/wp-json\/wp\/v2\/project\/251977\/revisions"}],"wp:featuredmedia":[{"embeddable":true,"href":"https:\/\/anma.fr\/fr\/wp-json\/wp\/v2\/media\/233685"}],"wp:attachment":[{"href":"https:\/\/anma.fr\/fr\/wp-json\/wp\/v2\/media?parent=251977"}],"wp:term":[{"taxonomy":"project_category","embeddable":true,"href":"https:\/\/anma.fr\/fr\/wp-json\/wp\/v2\/project_category?post=251977"},{"taxonomy":"project_tag","embeddable":true,"href":"https:\/\/anma.fr\/fr\/wp-json\/wp\/v2\/project_tag?post=251977"},{"taxonomy":"metier","embeddable":true,"href":"https:\/\/anma.fr\/fr\/wp-json\/wp\/v2\/metier?post=251977"},{"taxonomy":"ville","embeddable":true,"href":"https:\/\/anma.fr\/fr\/wp-json\/wp\/v2\/ville?post=251977"},{"taxonomy":"prog","embeddable":true,"href":"https:\/\/anma.fr\/fr\/wp-json\/wp\/v2\/prog?post=251977"},{"taxonomy":"statut","embeddable":true,"href":"https:\/\/anma.fr\/fr\/wp-json\/wp\/v2\/statut?post=251977"},{"taxonomy":"annee","embeddable":true,"href":"https:\/\/anma.fr\/fr\/wp-json\/wp\/v2\/annee?post=251977"},{"taxonomy":"intervention","embeddable":true,"href":"https:\/\/anma.fr\/fr\/wp-json\/wp\/v2\/intervention?post=251977"}],"curies":[{"name":"wp","href":"https:\/\/api.w.org\/{rel}","templated":true}]}}