{"id":251984,"date":"2020-07-30T09:46:19","date_gmt":"2020-07-30T07:46:19","guid":{"rendered":"https:\/\/encours.studiottt.com\/anma21\/projects\/gratte-ciel-nord\/"},"modified":"2024-09-26T15:46:05","modified_gmt":"2024-09-26T13:46:05","slug":"gratte-ciel-nord","status":"publish","type":"project","link":"https:\/\/anma.fr\/fr\/projets\/gratte-ciel-nord\/","title":{"rendered":"Gratte-Ciel Nord"},"content":{"rendered":"<div class=\"et-l et-l--post\">\n\t\t\t<div class=\"et_builder_inner_content et_pb_gutters3\"><div id=\"fiche-projet\" class=\"et_pb_section et_pb_section_0 et_section_regular\" >\n\t\t\t\t\n\t\t\t\t\n\t\t\t\t\n\t\t\t\t\n\t\t\t\t\n\t\t\t\t\n\t\t\t\t<div class=\"et_pb_row et_pb_row_0\">\n\t\t\t\t<div class=\"et_pb_column et_pb_column_4_4 et_pb_column_0 carousel-container  et_pb_css_mix_blend_mode_passthrough et-last-child\">\n\t\t\t\t\n\t\t\t\t\n\t\t\t\t\n\t\t\t\t\n\t\t\t\t<div class=\"et_pb_with_border et_pb_module et_pb_image et_pb_image_0 carrousel-cell\">\n\t\t\t\t\n\t\t\t\t\n\t\t\t\t\n\t\t\t\t\n\t\t\t\t<span class=\"et_pb_image_wrap \"><img decoding=\"async\" width=\"1685\" height=\"1080\" src=\"https:\/\/anma.fr\/wp-content\/uploads\/2020\/07\/200203-nexad4.jpg\" alt=\"ANMA Villeurbanne Gratte-Ciel Nord\" title=\"ANMA Villeurbanne Gratte-Ciel Nord\" srcset=\"https:\/\/anma.fr\/wp-content\/uploads\/2020\/07\/200203-nexad4.jpg 1685w, https:\/\/anma.fr\/wp-content\/uploads\/2020\/07\/200203-nexad4-1280x820.jpg 1280w, https:\/\/anma.fr\/wp-content\/uploads\/2020\/07\/200203-nexad4-980x628.jpg 980w, https:\/\/anma.fr\/wp-content\/uploads\/2020\/07\/200203-nexad4-480x308.jpg 480w\" sizes=\"(min-width: 0px) and (max-width: 480px) 480px, (min-width: 481px) and (max-width: 980px) 980px, (min-width: 981px) and (max-width: 1280px) 1280px, (min-width: 1281px) 1685px, 100vw\" class=\"wp-image-233950\" \/><\/span>\n\t\t\t<\/div><div class=\"et_pb_module et_pb_text et_pb_text_0 carrousel-cell  et_pb_text_align_left et_pb_bg_layout_light\">\n\t\t\t\t\n\t\t\t\t\n\t\t\t\t\n\t\t\t\t\n\t\t\t\t<div class=\"et_pb_text_inner\"><h2><b>extension d&rsquo;un<br \/><\/b>quartier patrimonial<\/h2>\n<p>&nbsp;<\/p>\n<p>En doublant sa superficie, le centre-ville de Villeurbanne \u2013 2\u00e8me ville de l&rsquo;agglom\u00e9ration lyonnaise par sa population \u2013 prend au sein de la m\u00e9tropole lyonnaise un nouveau statut de \u00ab\u00a0c\u0153ur d&rsquo;agglom\u00e9ration\u00a0\u00bb. Cette op\u00e9ration de renouvellement urbain dans le prolongement d&rsquo;un quartier patrimonial des ann\u00e9es 30 est aujourd&rsquo;hui sans \u00e9quivalent en France. La r\u00e9flexion d&rsquo;extension du centre-ville est engag\u00e9e depuis 12 ans au sein de la m\u00e9tropole.<\/p><\/div>\n\t\t\t<\/div><div class=\"et_pb_with_border et_pb_module et_pb_image et_pb_image_1 carrousel-cell\">\n\t\t\t\t\n\t\t\t\t\n\t\t\t\t\n\t\t\t\t\n\t\t\t\t<span class=\"et_pb_image_wrap \"><img decoding=\"async\" width=\"1920\" height=\"1080\" src=\"https:\/\/anma.fr\/wp-content\/uploads\/2020\/07\/SRL-VGN-220915-VUE-8.jpg\" alt=\"pers maj VGN\" title=\"SRL-VGN-220915-VUE-8\" srcset=\"https:\/\/anma.fr\/wp-content\/uploads\/2020\/07\/SRL-VGN-220915-VUE-8.jpg 1920w, https:\/\/anma.fr\/wp-content\/uploads\/2020\/07\/SRL-VGN-220915-VUE-8-1280x720.jpg 1280w, https:\/\/anma.fr\/wp-content\/uploads\/2020\/07\/SRL-VGN-220915-VUE-8-980x551.jpg 980w, https:\/\/anma.fr\/wp-content\/uploads\/2020\/07\/SRL-VGN-220915-VUE-8-480x270.jpg 480w\" sizes=\"(min-width: 0px) and (max-width: 480px) 480px, (min-width: 481px) and (max-width: 980px) 980px, (min-width: 981px) and (max-width: 1280px) 1280px, (min-width: 1281px) 1920px, 100vw\" class=\"wp-image-258329\" \/><\/span>\n\t\t\t<\/div><div class=\"et_pb_module et_pb_text et_pb_text_1 carrousel-cell  et_pb_text_align_left et_pb_bg_layout_light\">\n\t\t\t\t\n\t\t\t\t\n\t\t\t\t\n\t\t\t\t\n\t\t\t\t<div class=\"et_pb_text_inner\"><h2><b>un nouveau centre <\/b>attractif et apais\u00e9<\/h2>\n<p>&nbsp;<\/p>\n<p>Quatre objectifs sont affich\u00e9s par la collectivit\u00e9 :<\/p>\n<p>&#8211; Constituer un grand centre-ville attractif et un p\u00f4le d&rsquo;agglom\u00e9ration en d\u00e9veloppant une programmation ambitieuse,<\/p>\n<p>&#8211; Construire une op\u00e9ration dans une exigence de qualit\u00e9 impos\u00e9e par la proximit\u00e9 du patrimoine embl\u00e9matique des Gratte-ciel existants,<\/p>\n<p>&#8211; Pacifier le centre-ville en privil\u00e9giant les modes doux et les transports en communs,<\/p>\n<p>&#8211; Promouvoir une ambition forte de d\u00e9veloppement durable, en optant notamment pour des choix architecturaux et partis d&rsquo;am\u00e9nagement qui r\u00e9pondent aux exigences de haute qualit\u00e9 environnementale.<\/p><\/div>\n\t\t\t<\/div><div class=\"et_pb_with_border et_pb_module et_pb_image et_pb_image_2 carrousel-cell\">\n\t\t\t\t\n\t\t\t\t\n\t\t\t\t\n\t\t\t\t\n\t\t\t\t<span class=\"et_pb_image_wrap \"><img decoding=\"async\" width=\"1920\" height=\"1080\" src=\"https:\/\/anma.fr\/wp-content\/uploads\/2020\/07\/SRL-VGN-221102-VUE-7.jpg\" alt=\"pers maj VGN\" title=\"SRL-VGN-221102-VUE-7\" srcset=\"https:\/\/anma.fr\/wp-content\/uploads\/2020\/07\/SRL-VGN-221102-VUE-7.jpg 1920w, https:\/\/anma.fr\/wp-content\/uploads\/2020\/07\/SRL-VGN-221102-VUE-7-1280x720.jpg 1280w, https:\/\/anma.fr\/wp-content\/uploads\/2020\/07\/SRL-VGN-221102-VUE-7-980x551.jpg 980w, https:\/\/anma.fr\/wp-content\/uploads\/2020\/07\/SRL-VGN-221102-VUE-7-480x270.jpg 480w\" sizes=\"(min-width: 0px) and (max-width: 480px) 480px, (min-width: 481px) and (max-width: 980px) 980px, (min-width: 981px) and (max-width: 1280px) 1280px, (min-width: 1281px) 1920px, 100vw\" class=\"wp-image-258331\" \/><\/span>\n\t\t\t<\/div><div class=\"et_pb_module et_pb_text et_pb_text_2 carrousel-cell  et_pb_text_align_left et_pb_bg_layout_light\">\n\t\t\t\t\n\t\t\t\t\n\t\t\t\t\n\t\t\t\t\n\t\t\t\t<div class=\"et_pb_text_inner\"><h2><b>invariants <\/b>1-3<\/h2>\n<p>&nbsp;<\/p>\n<p>La ZAC Gratte-Ciel Nord de 7ha vient dans la continuit\u00e9 d&rsquo;une op\u00e9ration monumentale r\u00e9alis\u00e9e par l&rsquo;architecte Morice Leroux en 1934. Afin de s&rsquo;harmoniser avec le \u00ab d\u00e9j\u00e0 l\u00e0 \u00bb, le projet s&rsquo;organise autour de plusieurs invariants :<\/p>\n<p>&#8211; Prolonger l&rsquo;axe de l&rsquo;avenue Henri Barbusse jusqu\u2019au parc du centre, sur une largeur de 20 m\u00e8tres ;<\/p>\n<p>&#8211; Cr\u00e9er une place publique perpendiculairement \u00e0 l\u2019avenue Henri Barbusse prolong\u00e9e afin de favoriser les travers\u00e9es pi\u00e9tonnes d&rsquo;est en ouest ;<\/p>\n<p>&#8211; S&rsquo;appuyer sur l&rsquo;existant pour d\u00e9finir les principes d&rsquo;\u00e9pannelage du projet en fonction des diff\u00e9rents secteurs de projet.<\/p><\/div>\n\t\t\t<\/div><div class=\"et_pb_with_border et_pb_module et_pb_image et_pb_image_3 carrousel-cell\">\n\t\t\t\t\n\t\t\t\t\n\t\t\t\t\n\t\t\t\t\n\t\t\t\t<span class=\"et_pb_image_wrap \"><img decoding=\"async\" width=\"1920\" height=\"1080\" src=\"https:\/\/anma.fr\/wp-content\/uploads\/2020\/07\/SRL-VGN-220915-VUE-2.jpg\" alt=\"pers maj VGN\" title=\"SRL-VGN-220915-VUE-2\" srcset=\"https:\/\/anma.fr\/wp-content\/uploads\/2020\/07\/SRL-VGN-220915-VUE-2.jpg 1920w, https:\/\/anma.fr\/wp-content\/uploads\/2020\/07\/SRL-VGN-220915-VUE-2-1280x720.jpg 1280w, https:\/\/anma.fr\/wp-content\/uploads\/2020\/07\/SRL-VGN-220915-VUE-2-980x551.jpg 980w, https:\/\/anma.fr\/wp-content\/uploads\/2020\/07\/SRL-VGN-220915-VUE-2-480x270.jpg 480w\" sizes=\"(min-width: 0px) and (max-width: 480px) 480px, (min-width: 481px) and (max-width: 980px) 980px, (min-width: 981px) and (max-width: 1280px) 1280px, (min-width: 1281px) 1920px, 100vw\" class=\"wp-image-258333\" \/><\/span>\n\t\t\t<\/div><div class=\"et_pb_module et_pb_text et_pb_text_3 carrousel-cell  et_pb_text_align_left et_pb_bg_layout_light\">\n\t\t\t\t\n\t\t\t\t\n\t\t\t\t\n\t\t\t\t\n\t\t\t\t<div class=\"et_pb_text_inner\"><h2><b>invariants <\/b>4-8<\/h2>\n<p>&nbsp;<\/p>\n<p>&#8211; Respecter une implantation \u00e0 l&rsquo;alignement sur l&rsquo;ensemble du site, en r\u00e9interpr\u00e9tant les enseignements de Morice Leroux ;<\/p>\n<p>&#8211; Mettre en place un espace commercial sur deux niveaux maintenant une \u00e9chelle domestique gr\u00e2ce \u00e0 un jeu de terrasses et de jardins suspendus ;<\/p>\n<p>&#8211; R\u00e9aliser une architecture gradin\u00e9e sur l\u2019ensemble du site avec plusieurs typologies d\u2019immeubles ;<\/p>\n<p>&#8211; R\u00e9aliser un parking silo c\u00f4t\u00e9 rue Francis de Pressens\u00e9 int\u00e9gr\u00e9 aux constructions du lot B afin de r\u00e9unir l&rsquo;ensemble des places li\u00e9es aux commerces et aux services sur la m\u00eame unit\u00e9 fonci\u00e8re.<\/p>\n<p>&#8211; Habiter les toitures en privil\u00e9giant au dernier \u00e9tage un usage d\u00e9di\u00e9 aux habitants. Cette terrasse dite \u00ab\u00a0belv\u00e9d\u00e8re\u00a0\u00bb pourra \u00eatre accessible \u00e0 l&rsquo;ensemble des usagers de l&rsquo;immeuble ou pourra appartenir directement aux logements.<\/p><\/div>\n\t\t\t<\/div><div class=\"et_pb_with_border et_pb_module et_pb_image et_pb_image_4 carrousel-cell\">\n\t\t\t\t\n\t\t\t\t\n\t\t\t\t\n\t\t\t\t\n\t\t\t\t<span class=\"et_pb_image_wrap \"><img decoding=\"async\" width=\"1521\" height=\"1080\" src=\"https:\/\/anma.fr\/wp-content\/uploads\/2020\/07\/200203-nexad.jpg\" alt=\"ANMA Villeurbanne Gratte-Ciel Nord\" title=\"ANMA Villeurbanne Gratte-Ciel Nord\" srcset=\"https:\/\/anma.fr\/wp-content\/uploads\/2020\/07\/200203-nexad.jpg 1521w, https:\/\/anma.fr\/wp-content\/uploads\/2020\/07\/200203-nexad-1280x909.jpg 1280w, https:\/\/anma.fr\/wp-content\/uploads\/2020\/07\/200203-nexad-980x696.jpg 980w, https:\/\/anma.fr\/wp-content\/uploads\/2020\/07\/200203-nexad-480x341.jpg 480w\" sizes=\"(min-width: 0px) and (max-width: 480px) 480px, (min-width: 481px) and (max-width: 980px) 980px, (min-width: 981px) and (max-width: 1280px) 1280px, (min-width: 1281px) 1521px, 100vw\" class=\"wp-image-233948\" \/><\/span>\n\t\t\t<\/div><div class=\"et_pb_module et_pb_text et_pb_text_4 carrousel-cell  et_pb_text_align_left et_pb_bg_layout_light\">\n\t\t\t\t\n\t\t\t\t\n\t\t\t\t\n\t\t\t\t\n\t\t\t\t<div class=\"et_pb_text_inner\"><h2><b>am\u00e9nager <\/b>de nouveaux espaces publics<\/h2>\n<p>&nbsp;<\/p>\n<p>L&rsquo;enjeu du projet est de venir compl\u00e9ter le maillage existant \u00e0 travers l&rsquo;am\u00e9nagement de nouveaux espaces publics. Le centre-ville est \u00e0 lui seul une v\u00e9ritable pi\u00e8ce urbaine pouvant par sa morphologie exclure certains quartiers limitrophes. Il s&rsquo;agit d&rsquo;ouvrir le nouveau quartier tout en att\u00e9nuant les d\u00e9s\u00e9quilibres, deux axes majeurs structurent le projet :<\/p>\n<p>&#8211; L&rsquo;axe pi\u00e9ton nord\/sud dans le prolongement de l&rsquo;avenue Henri Barbusse qui affirme la perspective initiale de la marie \u00e0 l\u2019esplanade Genevi\u00e8ve Anthonioz-de-Gaulle. Il vient faire le lien avec les Gratte-ciel existants de Morice Leroux ;<\/p>\n<p>&#8211; L&rsquo;axe pi\u00e9ton est\/ouest, ponctu\u00e9 par les \u00e9quipements \u2013 cin\u00e9ma, p\u00f4le jeunesse, lyc\u00e9e, gymnase \u2013 int\u00e9gr\u00e9s \u00e0 la morphologie des ilots.<\/p><\/div>\n\t\t\t<\/div><div class=\"et_pb_with_border et_pb_module et_pb_image et_pb_image_5 carrousel-cell\">\n\t\t\t\t\n\t\t\t\t\n\t\t\t\t\n\t\t\t\t\n\t\t\t\t<span class=\"et_pb_image_wrap \"><img decoding=\"async\" width=\"1621\" height=\"1080\" src=\"https:\/\/anma.fr\/wp-content\/uploads\/2020\/07\/CL_SE_OP-6.jpg\" alt=\"Occupation temporaire\" title=\"CL_SE_OP-6\" srcset=\"https:\/\/anma.fr\/wp-content\/uploads\/2020\/07\/CL_SE_OP-6.jpg 1621w, https:\/\/anma.fr\/wp-content\/uploads\/2020\/07\/CL_SE_OP-6-1280x853.jpg 1280w, https:\/\/anma.fr\/wp-content\/uploads\/2020\/07\/CL_SE_OP-6-980x653.jpg 980w, https:\/\/anma.fr\/wp-content\/uploads\/2020\/07\/CL_SE_OP-6-480x320.jpg 480w\" sizes=\"(min-width: 0px) and (max-width: 480px) 480px, (min-width: 481px) and (max-width: 980px) 980px, (min-width: 981px) and (max-width: 1280px) 1280px, (min-width: 1281px) 1621px, 100vw\" class=\"wp-image-256144\" \/><\/span>\n\t\t\t<\/div><div class=\"et_pb_module et_pb_text et_pb_text_5 carrousel-cell  et_pb_text_align_left et_pb_bg_layout_light\">\n\t\t\t\t\n\t\t\t\t\n\t\t\t\t\n\t\t\t\t\n\t\t\t\t<div class=\"et_pb_text_inner\"><h2><strong>\u00c9QUIPES<\/strong> PROJET<\/h2>\n<p>&nbsp;<\/p>\n<p><strong>MA\u00ceTRISE<\/strong> <strong>D&rsquo;OEUVRE<br \/><\/strong>Urbaniste : ANMA<br \/>Structure : Berim<br \/>Conception Lumi\u00e8re : Atelier Roland Jeol<br \/>AMO Environnement : Vizea<\/p>\n<p><strong>PR\u00c9-OP\u00c9RATIONNEL<br \/><\/strong>Thomas Hermann<br \/>Nicolas Saug\u00e8re<br \/>Sophie Morgenthaler<br \/>Julien Minou<\/p>\n<p><strong>OP\u00c9RATIONNEL<br \/><\/strong>Nicolas Saug\u00e8re<br \/>Mathilde Lecomte<\/p><\/div>\n\t\t\t<\/div><div class=\"et_pb_with_border et_pb_module et_pb_image et_pb_image_6 carrousel-cell\">\n\t\t\t\t\n\t\t\t\t\n\t\t\t\t\n\t\t\t\t\n\t\t\t\t<span class=\"et_pb_image_wrap \"><img decoding=\"async\" width=\"1623\" height=\"1080\" src=\"https:\/\/anma.fr\/wp-content\/uploads\/2020\/07\/CL_SE_OP-15.jpg\" alt=\"ANMA Villeurbanne Gratte-Ciel Nord\" title=\"CL_SE_OP-15\" srcset=\"https:\/\/anma.fr\/wp-content\/uploads\/2020\/07\/CL_SE_OP-15.jpg 1623w, https:\/\/anma.fr\/wp-content\/uploads\/2020\/07\/CL_SE_OP-15-1280x852.jpg 1280w, https:\/\/anma.fr\/wp-content\/uploads\/2020\/07\/CL_SE_OP-15-980x652.jpg 980w, https:\/\/anma.fr\/wp-content\/uploads\/2020\/07\/CL_SE_OP-15-480x319.jpg 480w\" sizes=\"(min-width: 0px) and (max-width: 480px) 480px, (min-width: 481px) and (max-width: 980px) 980px, (min-width: 981px) and (max-width: 1280px) 1280px, (min-width: 1281px) 1623px, 100vw\" class=\"wp-image-256146\" \/><\/span>\n\t\t\t<\/div><div class=\"et_pb_module et_pb_text et_pb_text_6 carrousel-cell  et_pb_text_align_left et_pb_bg_layout_light\">\n\t\t\t\t\n\t\t\t\t\n\t\t\t\t\n\t\t\t\t\n\t\t\t\t<div class=\"et_pb_text_inner\"><h2><strong>FICHE<\/strong> TECHNIQUE<\/h2>\n<p>&nbsp;<\/p>\n<p><strong>STATUT <\/strong>Phase Op\u00e9rationnelle<\/p>\n<p><strong>MA\u00ceTRISE D&rsquo;OUVRAGE<br \/><\/strong>Soci\u00e9t\u00e9 d&rsquo;\u00c9quipement du Rh\u00f4ne et de Lyon<\/p>\n<p><strong>CALENDRIER <\/strong>2030<\/p>\n<p><strong>SURFACE <\/strong>Site 7 ha &#8211; 111 000 m\u00b2 SP<\/p>\n<p><strong>PERSPECTIVES <\/strong>SERL <b>\u00a9<\/b>Plasticine<\/p>\n<p><strong>PHOTOGRAPHIE <\/strong>occupation temporaire : Christophe Lecardronnel<\/p>\n<p><strong>VOIR +<br \/><\/strong><a href=\"https:\/\/anma.fr\/projets\/bassins-a-flot\/\">Bordeaux, Bassins \u00e0 Flot<\/a><br \/><a href=\"https:\/\/anma.fr\/projets\/ecoquartier-grand-est\/#Donnees\">Dijon, \u00c9coquartier Grand Est<\/a><br \/><a href=\"https:\/\/anma.fr\/projets\/marianne-republique\/\">Montpellier, Marianne R\u00e9publique<\/a><\/p><\/div>\n\t\t\t<\/div>\n\t\t\t<\/div>\n\t\t\t\t\n\t\t\t\t\n\t\t\t\t\n\t\t\t\t\n\t\t\t<\/div>\n\t\t\t\t\n\t\t\t\t\n\t\t\t<\/div>\t\t<\/div>\n\t<\/div>\n\t","protected":false},"excerpt":{"rendered":"<p>extension d&rsquo;unquartier patrimonial &nbsp; En doublant sa superficie, le centre-ville de Villeurbanne \u2013 2\u00e8me ville de l&rsquo;agglom\u00e9ration lyonnaise par sa population \u2013 prend au sein de la m\u00e9tropole lyonnaise un nouveau statut de \u00ab\u00a0c\u0153ur d&rsquo;agglom\u00e9ration\u00a0\u00bb. Cette op\u00e9ration de renouvellement urbain dans le prolongement d&rsquo;un quartier patrimonial des ann\u00e9es 30 est aujourd&rsquo;hui sans \u00e9quivalent en France. [&hellip;]<\/p>\n","protected":false},"author":1,"featured_media":233946,"parent":0,"comment_status":"open","ping_status":"closed","template":"","meta":{"_acf_changed":false,"_et_pb_use_builder":"on","_et_pb_old_content":"","_et_gb_content_width":"","footnotes":""},"project_category":[],"project_tag":[],"metier":[19],"ville":[41],"prog":[82,83,23],"statut":[37],"annee":[372],"intervention":[622,78],"class_list":["post-251984","project","type-project","status-publish","has-post-thumbnail","hentry"],"acf":{"choix_de_la_couleur_du_titre":"#ffffff"},"_links":{"self":[{"href":"https:\/\/anma.fr\/fr\/wp-json\/wp\/v2\/project\/251984","targetHints":{"allow":["GET"]}}],"collection":[{"href":"https:\/\/anma.fr\/fr\/wp-json\/wp\/v2\/project"}],"about":[{"href":"https:\/\/anma.fr\/fr\/wp-json\/wp\/v2\/types\/project"}],"author":[{"embeddable":true,"href":"https:\/\/anma.fr\/fr\/wp-json\/wp\/v2\/users\/1"}],"replies":[{"embeddable":true,"href":"https:\/\/anma.fr\/fr\/wp-json\/wp\/v2\/comments?post=251984"}],"version-history":[{"count":2,"href":"https:\/\/anma.fr\/fr\/wp-json\/wp\/v2\/project\/251984\/revisions"}],"predecessor-version":[{"id":258339,"href":"https:\/\/anma.fr\/fr\/wp-json\/wp\/v2\/project\/251984\/revisions\/258339"}],"wp:featuredmedia":[{"embeddable":true,"href":"https:\/\/anma.fr\/fr\/wp-json\/wp\/v2\/media\/233946"}],"wp:attachment":[{"href":"https:\/\/anma.fr\/fr\/wp-json\/wp\/v2\/media?parent=251984"}],"wp:term":[{"taxonomy":"project_category","embeddable":true,"href":"https:\/\/anma.fr\/fr\/wp-json\/wp\/v2\/project_category?post=251984"},{"taxonomy":"project_tag","embeddable":true,"href":"https:\/\/anma.fr\/fr\/wp-json\/wp\/v2\/project_tag?post=251984"},{"taxonomy":"metier","embeddable":true,"href":"https:\/\/anma.fr\/fr\/wp-json\/wp\/v2\/metier?post=251984"},{"taxonomy":"ville","embeddable":true,"href":"https:\/\/anma.fr\/fr\/wp-json\/wp\/v2\/ville?post=251984"},{"taxonomy":"prog","embeddable":true,"href":"https:\/\/anma.fr\/fr\/wp-json\/wp\/v2\/prog?post=251984"},{"taxonomy":"statut","embeddable":true,"href":"https:\/\/anma.fr\/fr\/wp-json\/wp\/v2\/statut?post=251984"},{"taxonomy":"annee","embeddable":true,"href":"https:\/\/anma.fr\/fr\/wp-json\/wp\/v2\/annee?post=251984"},{"taxonomy":"intervention","embeddable":true,"href":"https:\/\/anma.fr\/fr\/wp-json\/wp\/v2\/intervention?post=251984"}],"curies":[{"name":"wp","href":"https:\/\/api.w.org\/{rel}","templated":true}]}}