{"id":255203,"date":"2023-02-20T16:07:36","date_gmt":"2023-02-20T15:07:36","guid":{"rendered":"https:\/\/anma.fr\/?post_type=project&#038;p=255203"},"modified":"2024-03-15T16:31:15","modified_gmt":"2024-03-15T15:31:15","slug":"parc-dactivites","status":"publish","type":"project","link":"https:\/\/anma.fr\/fr\/projets\/parc-dactivites\/","title":{"rendered":"Parc d&rsquo;activit\u00e9s"},"content":{"rendered":"<div class=\"et-l et-l--post\">\n\t\t\t<div class=\"et_builder_inner_content et_pb_gutters3\"><div id=\"fiche-projet\" class=\"et_pb_section et_pb_section_0 et_section_regular\" >\n\t\t\t\t\n\t\t\t\t\n\t\t\t\t\n\t\t\t\t\n\t\t\t\t\n\t\t\t\t\n\t\t\t\t<div class=\"et_pb_row et_pb_row_0\">\n\t\t\t\t<div class=\"et_pb_column et_pb_column_4_4 et_pb_column_0 carousel-container  et_pb_css_mix_blend_mode_passthrough et-last-child\">\n\t\t\t\t\n\t\t\t\t\n\t\t\t\t\n\t\t\t\t\n\t\t\t\t<div class=\"et_pb_with_border et_pb_module et_pb_image et_pb_image_0 carrousel-cell\">\n\t\t\t\t\n\t\t\t\t\n\t\t\t\t\n\t\t\t\t\n\t\t\t\t<span class=\"et_pb_image_wrap \"><img decoding=\"async\" width=\"1621\" height=\"1080\" src=\"https:\/\/anma.fr\/wp-content\/uploads\/2023\/01\/0069_Drone_GPSEO.jpg\" alt=\"ANMA La D\u00e9fense P\u00f4le L\u00e9onard de Vinci\" title=\"Drone_GPSEO\" srcset=\"https:\/\/anma.fr\/wp-content\/uploads\/2023\/01\/0069_Drone_GPSEO.jpg 1621w, https:\/\/anma.fr\/wp-content\/uploads\/2023\/01\/0069_Drone_GPSEO-1280x853.jpg 1280w, https:\/\/anma.fr\/wp-content\/uploads\/2023\/01\/0069_Drone_GPSEO-980x653.jpg 980w, https:\/\/anma.fr\/wp-content\/uploads\/2023\/01\/0069_Drone_GPSEO-480x320.jpg 480w\" sizes=\"(min-width: 0px) and (max-width: 480px) 480px, (min-width: 481px) and (max-width: 980px) 980px, (min-width: 981px) and (max-width: 1280px) 1280px, (min-width: 1281px) 1621px, 100vw\" class=\"wp-image-255246\" \/><\/span>\n\t\t\t<\/div><div class=\"et_pb_module et_pb_text et_pb_text_0 carrousel-cell  et_pb_text_align_left et_pb_bg_layout_light\">\n\t\t\t\t\n\t\t\t\t\n\t\t\t\t\n\t\t\t\t\n\t\t\t\t<div class=\"et_pb_text_inner\"><h2><b>strat\u00e9gie urbaine<br \/><\/b>\u00e9chelle du territoire<\/h2>\n<p>&nbsp;<\/p>\n<p>Au c\u0153ur du p\u00f4le d\u2019Activit\u00e9s Economiques de Limay-Porcheville dans les Yvelines, ANMA assure pour Grand Paris Seine et Oise (GPSEO) une \u00e9tude portant sur la restructuration et la revitalisation d\u2019un territoire industriel fragment\u00e9 de 450 hectares. Sur ce p\u00e9rim\u00e8tre \u00e0 l\u2019\u00e9chelle XXL, du site de la Vaucouleurs de Mantes-la-Ville aux Coteaux du Vexin, l\u2019agence m\u00e8ne une double r\u00e9flexion : penser le r\u00e9am\u00e9nagement des infrastructures existantes et articuler 70 hectares d\u2019activit\u00e9s \u00e9conomiques de renouvellement urbain.<\/p>\n<p>Situ\u00e9e le long de la Vall\u00e9e de la Seine et appartenant au r\u00e9seau des ports industriels en activit\u00e9 du Havre, de Rouen et de Paris (ports Haropa), cette zone industrielle strat\u00e9giquement situ\u00e9e s\u2019est construite au fil des ann\u00e9es sans pr\u00e9occupation urbaine et paysag\u00e8re d\u2019ensemble.<\/p><\/div>\n\t\t\t<\/div><div class=\"et_pb_with_border et_pb_module et_pb_image et_pb_image_1 carrousel-cell\">\n\t\t\t\t\n\t\t\t\t\n\t\t\t\t\n\t\t\t\t\n\t\t\t\t<span class=\"et_pb_image_wrap \"><img decoding=\"async\" width=\"1529\" height=\"1080\" src=\"https:\/\/anma.fr\/wp-content\/uploads\/2023\/02\/LPR-PG_SYNTHESE_sans-titre.jpg\" alt=\"plan guide Limay\" title=\"LPR-PG_SYNTHESE_sans-titre\" srcset=\"https:\/\/anma.fr\/wp-content\/uploads\/2023\/02\/LPR-PG_SYNTHESE_sans-titre.jpg 1529w, https:\/\/anma.fr\/wp-content\/uploads\/2023\/02\/LPR-PG_SYNTHESE_sans-titre-1280x904.jpg 1280w, https:\/\/anma.fr\/wp-content\/uploads\/2023\/02\/LPR-PG_SYNTHESE_sans-titre-980x692.jpg 980w, https:\/\/anma.fr\/wp-content\/uploads\/2023\/02\/LPR-PG_SYNTHESE_sans-titre-480x339.jpg 480w\" sizes=\"(min-width: 0px) and (max-width: 480px) 480px, (min-width: 481px) and (max-width: 980px) 980px, (min-width: 981px) and (max-width: 1280px) 1280px, (min-width: 1281px) 1529px, 100vw\" class=\"wp-image-257418\" \/><\/span>\n\t\t\t<\/div><div class=\"et_pb_module et_pb_text et_pb_text_1 carrousel-cell  et_pb_text_align_left et_pb_bg_layout_light\">\n\t\t\t\t\n\t\t\t\t\n\t\t\t\t\n\t\t\t\t\n\t\t\t\t<div class=\"et_pb_text_inner\"><h2><b>un territoire<br \/><\/b>attractif<\/h2>\n<p>&nbsp;<\/p>\n<p>Alors que la zone d\u2019activit\u00e9s pr\u00e9sente un fort potentiel de d\u00e9veloppement li\u00e9 au renforcement de son attractivit\u00e9 et \u00e0 l\u2019\u00e9volution de son accessibilit\u00e9 \u00e0 venir, avec notamment l\u2019arriv\u00e9e du RER E \u00e0 l\u2019horizon 2024 \u2013 GPSEO a pour ambition de redynamiser, requalifier et apporter une nouvelle identit\u00e9 au secteur en s\u2019appuyant sur ses forces vives\u00a0: la pr\u00e9sence du parc R\u00e9gional du Vexin, les bords de Seine, plus de 200 entreprises en activit\u00e9, un tissu r\u00e9sidentiel constitu\u00e9, un lyc\u00e9e et un port industriel actif.<\/p>\n<p>&nbsp;<\/p><\/div>\n\t\t\t<\/div><div class=\"et_pb_with_border et_pb_module et_pb_image et_pb_image_2 carrousel-cell\">\n\t\t\t\t\n\t\t\t\t\n\t\t\t\t\n\t\t\t\t\n\t\t\t\t<span class=\"et_pb_image_wrap \"><img decoding=\"async\" width=\"1440\" height=\"1440\" src=\"https:\/\/anma.fr\/wp-content\/uploads\/2023\/02\/croquis-carre-2.jpg\" alt=\"limay croquis 2\" title=\"croquis carr\u00e9 2\" srcset=\"https:\/\/anma.fr\/wp-content\/uploads\/2023\/02\/croquis-carre-2.jpg 1440w, https:\/\/anma.fr\/wp-content\/uploads\/2023\/02\/croquis-carre-2-1280x1280.jpg 1280w, https:\/\/anma.fr\/wp-content\/uploads\/2023\/02\/croquis-carre-2-980x980.jpg 980w, https:\/\/anma.fr\/wp-content\/uploads\/2023\/02\/croquis-carre-2-480x480.jpg 480w\" sizes=\"(min-width: 0px) and (max-width: 480px) 480px, (min-width: 481px) and (max-width: 980px) 980px, (min-width: 981px) and (max-width: 1280px) 1280px, (min-width: 1281px) 1440px, 100vw\" class=\"wp-image-255408\" \/><\/span>\n\t\t\t<\/div><div class=\"et_pb_module et_pb_text et_pb_text_2 carrousel-cell  et_pb_text_align_left et_pb_bg_layout_light\">\n\t\t\t\t\n\t\t\t\t\n\t\t\t\t\n\t\t\t\t\n\t\t\t\t<div class=\"et_pb_text_inner\"><h2><b>requalifier<br \/><\/b>et r\u00e9parer<\/h2>\n<p>&nbsp;<\/p>\n<p>Pour cette op\u00e9ration, ANMA pose un regard \u00e0 la fois strat\u00e9gique et r\u00e9parateur sur le territoire,\u00a0et oriente ses prescriptions urbaines selon trois axes forts :<\/p>\n<ul>\n<li>Optimiser l\u2019urbanisation du secteur par une strat\u00e9gie de densit\u00e9, ne plus s\u2019\u00e9tendre et (re)construire sur l\u2019existant.<\/li>\n<li>R\u00e9introduire l\u2019\u00e9chelle humaine et le confort des usagers, notamment par la r\u00e9duction des voiries et la valorisation des modes doux et actifs de d\u00e9placement.<\/li>\n<li>R\u00e9introduire une nature p\u00e9renne, v\u00e9cue et durable dans ce secteur d\u2019industrie lourde\u00a0en retrouvant notamment le chemin de l\u2019eau et celui des corridors \u00e9cologiques.<\/li>\n<\/ul>\n<p>&nbsp;<\/p><\/div>\n\t\t\t<\/div><div class=\"et_pb_with_border et_pb_module et_pb_image et_pb_image_3 carrousel-cell\">\n\t\t\t\t\n\t\t\t\t\n\t\t\t\t\n\t\t\t\t\n\t\t\t\t<span class=\"et_pb_image_wrap \"><img decoding=\"async\" width=\"2560\" height=\"2150\" src=\"https:\/\/anma.fr\/wp-content\/uploads\/2023\/02\/montage-1-scaled.jpg\" alt=\"ANMA La D\u00e9fense P\u00f4le L\u00e9onard de Vinci\" title=\"enjeux LPR\" srcset=\"https:\/\/anma.fr\/wp-content\/uploads\/2023\/02\/montage-1-scaled.jpg 2560w, https:\/\/anma.fr\/wp-content\/uploads\/2023\/02\/montage-1-1280x1075.jpg 1280w, https:\/\/anma.fr\/wp-content\/uploads\/2023\/02\/montage-1-980x823.jpg 980w, https:\/\/anma.fr\/wp-content\/uploads\/2023\/02\/montage-1-480x403.jpg 480w\" sizes=\"(min-width: 0px) and (max-width: 480px) 480px, (min-width: 481px) and (max-width: 980px) 980px, (min-width: 981px) and (max-width: 1280px) 1280px, (min-width: 1281px) 2560px, 100vw\" class=\"wp-image-255270\" \/><\/span>\n\t\t\t<\/div><div class=\"et_pb_module et_pb_text et_pb_text_3 carrousel-cell  et_pb_text_align_left et_pb_bg_layout_light\">\n\t\t\t\t\n\t\t\t\t\n\t\t\t\t\n\t\t\t\t\n\t\t\t\t<div class=\"et_pb_text_inner\"><h2><b>collaboration\u00a0<\/b><br \/>et co-construction<\/h2>\n<p>&nbsp;<\/p>\n<p>Afin de s\u2019appuyer sur des connaissances et besoins r\u00e9els, selon un curseur d\u2019ambitions partag\u00e9es accord\u00e9 \u00e0 la transformation de ce territoire, le projet s\u2019inscrit dans une d\u00e9marche de co-construction ch\u00e8re \u00e0 ANMA, au travers d\u2019ateliers collaboratifs avec les diff\u00e9rents services de GPSEO, les villes de Limay, Porcheville, Mantes-la-Ville et Guitrancourt, Haropa, le d\u00e9partement, et par le biais d\u2019entretiens avec les entreprises remarquables existantes.<\/p><\/div>\n\t\t\t<\/div><div class=\"et_pb_with_border et_pb_module et_pb_image et_pb_image_4 carrousel-cell\">\n\t\t\t\t\n\t\t\t\t\n\t\t\t\t\n\t\t\t\t\n\t\t\t\t<span class=\"et_pb_image_wrap \"><img decoding=\"async\" width=\"1440\" height=\"1440\" src=\"https:\/\/anma.fr\/wp-content\/uploads\/2023\/02\/croquis-carre.jpg\" alt=\"Limay croquis\" title=\"croquis carr\u00e9\" srcset=\"https:\/\/anma.fr\/wp-content\/uploads\/2023\/02\/croquis-carre.jpg 1440w, https:\/\/anma.fr\/wp-content\/uploads\/2023\/02\/croquis-carre-1280x1280.jpg 1280w, https:\/\/anma.fr\/wp-content\/uploads\/2023\/02\/croquis-carre-980x980.jpg 980w, https:\/\/anma.fr\/wp-content\/uploads\/2023\/02\/croquis-carre-480x480.jpg 480w\" sizes=\"(min-width: 0px) and (max-width: 480px) 480px, (min-width: 481px) and (max-width: 980px) 980px, (min-width: 981px) and (max-width: 1280px) 1280px, (min-width: 1281px) 1440px, 100vw\" class=\"wp-image-255389\" \/><\/span>\n\t\t\t<\/div><div class=\"et_pb_module et_pb_text et_pb_text_4 carrousel-cell  et_pb_text_align_left et_pb_bg_layout_light\">\n\t\t\t\t\n\t\t\t\t\n\t\t\t\t\n\t\t\t\t\n\t\t\t\t<div class=\"et_pb_text_inner\"><h2><strong>\u00c9QUIPES<\/strong> PROJET<\/h2>\n<p>&nbsp;<\/p>\n<p><strong>MA\u00ceTRISE D&rsquo;OEUVRE<br \/><\/strong>ANMA : Urbaniste<br \/>Objectif Ville : Programmation Urbaine<br \/>MAGEO : Gestion hydraulique<br \/>RRA : Mobilit\u00e9s<br \/>INDDIGO : D\u00e9veloppement durable<br \/>SEGAT : Strat\u00e9gie fonci\u00e8re<\/p>\n<p><strong>\u00c9TUDES<br \/><\/strong>Mathilde Lecomte<br \/>L\u00e9o Moreau<br \/>Lena Ciss\u00e9<\/p>\n<p><strong>MISSION<br \/><\/strong>\u00c9tude de renouvellement urbain en zone industrielle<\/p><\/div>\n\t\t\t<\/div><div class=\"et_pb_module et_pb_text et_pb_text_5 carrousel-cell  et_pb_text_align_left et_pb_bg_layout_light\">\n\t\t\t\t\n\t\t\t\t\n\t\t\t\t\n\t\t\t\t\n\t\t\t\t<div class=\"et_pb_text_inner\"><h2><strong>FICHE<\/strong> TECHNIQUE<\/h2>\n<p>&nbsp;<\/p>\n<p><strong>STATUT <\/strong>Phase pr\u00e9-op\u00e9rationnelle<\/p>\n<p><strong>MA\u00ceTRISE D&rsquo;OUVRAGE <\/strong>GPSEO<\/p>\n<p><strong>CALENDRIER <\/strong>2020-2022<\/p>\n<p><strong>SURFACE <\/strong>450 ha<\/p>\n<p><strong>PHOTOGRAPHIES <\/strong>GPSEO<\/p>\n<p><strong>CROQUIS <\/strong>Mathilde Lecomte<\/p>\n<p>&nbsp;<\/p>\n<p><strong>VOIR +<br \/><\/strong><a href=\"https:\/\/anma.fr\/fr\/projets\/nouvelle-centralite\/\">Carri\u00e8res-sous-Poissy, Nouvelle centralit\u00e9<\/a><br \/><a href=\"https:\/\/anma.fr\/fr\/projets\/zac-ecocite\/\">Bobigny, ZAC \u00c9cocit\u00e9<\/a><br \/><a href=\"https:\/\/anma.fr\/fr\/projets\/quartier-gare\/\">Mantes, Quartier Gare<\/a><\/p><\/div>\n\t\t\t<\/div>\n\t\t\t<\/div>\n\t\t\t\t\n\t\t\t\t\n\t\t\t\t\n\t\t\t\t\n\t\t\t<\/div>\n\t\t\t\t\n\t\t\t\t\n\t\t\t<\/div>\t\t<\/div>\n\t<\/div>\n\t","protected":false},"excerpt":{"rendered":"<p>strat\u00e9gie urbaine\u00e9chelle du territoire &nbsp; Au c\u0153ur du p\u00f4le d\u2019Activit\u00e9s Economiques de Limay-Porcheville dans les Yvelines, ANMA assure pour Grand Paris Seine et Oise (GPSEO) une \u00e9tude portant sur la restructuration et la revitalisation d\u2019un territoire industriel fragment\u00e9 de 450 hectares. Sur ce p\u00e9rim\u00e8tre \u00e0 l\u2019\u00e9chelle XXL, du site de la Vaucouleurs de Mantes-la-Ville aux [&hellip;]<\/p>\n","protected":false},"author":9,"featured_media":255239,"parent":0,"comment_status":"closed","ping_status":"closed","template":"","meta":{"_acf_changed":false,"_et_pb_use_builder":"on","_et_pb_old_content":"","_et_gb_content_width":"","footnotes":""},"project_category":[],"project_tag":[],"metier":[72,19],"ville":[666],"prog":[84,82,23],"statut":[36],"annee":[62],"intervention":[78],"class_list":["post-255203","project","type-project","status-publish","has-post-thumbnail","hentry"],"acf":{"choix_de_la_couleur_du_titre":"#ffffff"},"_links":{"self":[{"href":"https:\/\/anma.fr\/fr\/wp-json\/wp\/v2\/project\/255203","targetHints":{"allow":["GET"]}}],"collection":[{"href":"https:\/\/anma.fr\/fr\/wp-json\/wp\/v2\/project"}],"about":[{"href":"https:\/\/anma.fr\/fr\/wp-json\/wp\/v2\/types\/project"}],"author":[{"embeddable":true,"href":"https:\/\/anma.fr\/fr\/wp-json\/wp\/v2\/users\/9"}],"replies":[{"embeddable":true,"href":"https:\/\/anma.fr\/fr\/wp-json\/wp\/v2\/comments?post=255203"}],"version-history":[{"count":0,"href":"https:\/\/anma.fr\/fr\/wp-json\/wp\/v2\/project\/255203\/revisions"}],"wp:featuredmedia":[{"embeddable":true,"href":"https:\/\/anma.fr\/fr\/wp-json\/wp\/v2\/media\/255239"}],"wp:attachment":[{"href":"https:\/\/anma.fr\/fr\/wp-json\/wp\/v2\/media?parent=255203"}],"wp:term":[{"taxonomy":"project_category","embeddable":true,"href":"https:\/\/anma.fr\/fr\/wp-json\/wp\/v2\/project_category?post=255203"},{"taxonomy":"project_tag","embeddable":true,"href":"https:\/\/anma.fr\/fr\/wp-json\/wp\/v2\/project_tag?post=255203"},{"taxonomy":"metier","embeddable":true,"href":"https:\/\/anma.fr\/fr\/wp-json\/wp\/v2\/metier?post=255203"},{"taxonomy":"ville","embeddable":true,"href":"https:\/\/anma.fr\/fr\/wp-json\/wp\/v2\/ville?post=255203"},{"taxonomy":"prog","embeddable":true,"href":"https:\/\/anma.fr\/fr\/wp-json\/wp\/v2\/prog?post=255203"},{"taxonomy":"statut","embeddable":true,"href":"https:\/\/anma.fr\/fr\/wp-json\/wp\/v2\/statut?post=255203"},{"taxonomy":"annee","embeddable":true,"href":"https:\/\/anma.fr\/fr\/wp-json\/wp\/v2\/annee?post=255203"},{"taxonomy":"intervention","embeddable":true,"href":"https:\/\/anma.fr\/fr\/wp-json\/wp\/v2\/intervention?post=255203"}],"curies":[{"name":"wp","href":"https:\/\/api.w.org\/{rel}","templated":true}]}}